{"version":"1.0","provider_name":"LEAF","provider_url":"https:\/\/www.leaf.ca\/fr\/","author_name":"Jen Gammad","author_url":"https:\/\/www.leaf.ca\/fr\/author\/jen\/","title":"Appel de propositions \u2013 Renforcer la capacit\u00e9 communautaire - LEAF","type":"rich","width":600,"height":338,"html":"<blockquote class=\"wp-embedded-content\" data-secret=\"sfg90RJCWB\"><a href=\"https:\/\/www.leaf.ca\/fr\/news\/appel-de-propositions-renforcer-la-capacite-communautaire\/\">Appel de propositions \u2013 Renforcer la capacit\u00e9 communautaire<\/a><\/blockquote><iframe sandbox=\"allow-scripts\" security=\"restricted\" src=\"https:\/\/www.leaf.ca\/fr\/news\/appel-de-propositions-renforcer-la-capacite-communautaire\/embed\/#?secret=sfg90RJCWB\" width=\"600\" height=\"338\" title=\"\u00ab\u00a0Appel de propositions \u2013 Renforcer la capacit\u00e9 communautaire\u00a0\u00bb &#8212; LEAF\" data-secret=\"sfg90RJCWB\" frameborder=\"0\" marginwidth=\"0\" marginheight=\"0\" scrolling=\"no\" class=\"wp-embedded-content\"><\/iframe><script>\n\/*! This file is auto-generated *\/\n!function(d,l){\"use strict\";l.querySelector&&d.addEventListener&&\"undefined\"!=typeof URL&&(d.wp=d.wp||{},d.wp.receiveEmbedMessage||(d.wp.receiveEmbedMessage=function(e){var t=e.data;if((t||t.secret||t.message||t.value)&&!\/[^a-zA-Z0-9]\/.test(t.secret)){for(var s,r,n,a=l.querySelectorAll('iframe[data-secret=\"'+t.secret+'\"]'),o=l.querySelectorAll('blockquote[data-secret=\"'+t.secret+'\"]'),c=new RegExp(\"^https?:$\",\"i\"),i=0;i<o.length;i++)o[i].style.display=\"none\";for(i=0;i<a.length;i++)s=a[i],e.source===s.contentWindow&&(s.removeAttribute(\"style\"),\"height\"===t.message?(1e3<(r=parseInt(t.value,10))?r=1e3:~~r<200&&(r=200),s.height=r):\"link\"===t.message&&(r=new URL(s.getAttribute(\"src\")),n=new URL(t.value),c.test(n.protocol))&&n.host===r.host&&l.activeElement===s&&(d.top.location.href=t.value))}},d.addEventListener(\"message\",d.wp.receiveEmbedMessage,!1),l.addEventListener(\"DOMContentLoaded\",function(){for(var e,t,s=l.querySelectorAll(\"iframe.wp-embedded-content\"),r=0;r<s.length;r++)(t=(e=s[r]).getAttribute(\"data-secret\"))||(t=Math.random().toString(36).substring(2,12),e.src+=\"#?secret=\"+t,e.setAttribute(\"data-secret\",t)),e.contentWindow.postMessage({message:\"ready\",secret:t},\"*\")},!1)))}(window,document);\n\/\/# sourceURL=https:\/\/www.leaf.ca\/wp-includes\/js\/wp-embed.min.js\n<\/script>\n","description":"Le Fonds d\u2019action et d\u2019\u00e9ducation juridique pour les femmes (FAEJ) est un organisme national \u00e0 but non&nbsp;lucratif qui travaille \u00e0 faire progresser l\u2019\u00e9galit\u00e9 r\u00e9elle des femmes, des filles et des personnes transgenres et non binaires au Canada, au moyen de litiges, de r\u00e9formes juridiques et de l\u2019\u00e9ducation juridique du public.&nbsp; Nous finan\u00e7ons une analyse de [&hellip;]"}