{"id":21597,"date":"2020-10-27T20:18:00","date_gmt":"2020-10-28T00:18:00","guid":{"rendered":"https:\/\/www.leaf.ca\/?post_type=case_summary&#038;p=21597"},"modified":"2022-06-23T15:42:13","modified_gmt":"2022-06-23T19:42:13","slug":"r-c-sharma","status":"publish","type":"case_summary","link":"https:\/\/www.leaf.ca\/fr\/case_summary\/r-c-sharma\/","title":{"rendered":"R. c. Sharma (2020)"},"content":{"rendered":"\n<p>Cette affaire concernait la sur-incarc\u00e9ration de femmes autochtones.<\/p>\n\n\n\n<p>Le FAEJ, en partenariat avec le David Asper Centre for Constitutional Rights (le Centre Asper), est intervenu devant la Cour d&rsquo;appel de l&rsquo;Ontario.<\/p>\n\n\n\n<p>Le FAEJ va intervenir devant la Cour supr\u00eame du Canada.<\/p>\n\n\n\n<h2 class=\"wp-block-heading\" id=\"faits\">Faits<\/h2>\n\n\n\n<p>Cheyenne Sharma est une jeune femme autochtone, une survivante interg\u00e9n\u00e9rationnelle des pensionnats indiens et une m\u00e8re monoparentale. Faisant face \u00e0 des difficult\u00e9s financi\u00e8res et au potentiel d&rsquo;expulsion de son logement pour elle et sa fille de deux ans, Mme Sharma a agi comme passeuse de drogue et a import\u00e9 2 kg de coca\u00efne au Canada. Elle a \u00e9t\u00e9 reconnue coupable d&rsquo;importation de drogue.<\/p>\n\n\n\n<p>En tant qu&rsquo;autochtone, Mme Sharma a droit \u00e0 l&rsquo;utilisation du cadre <em>Gladue<\/em> dans sa d\u00e9termination de la peine. Ce cadre individualis\u00e9 et contextualis\u00e9 oblige les juges \u00e0 envisager des solutions de rechange \u00e0 l&rsquo;incarc\u00e9ration lors de la d\u00e9termination de la peine des d\u00e9linquants autochtones. Une de ces alternatives est une peine avec sursis, une alternative communautaire \u00e0 une peine privative de libert\u00e9. Cependant, comme M me Sharma a \u00e9t\u00e9 reconnue coupable d\u2019importation de drogues, une infraction passible d\u2019une peine maximale de 14 ans, elle n\u2019\u00e9tait pas admissible \u00e0 une peine avec sursis.<\/p>\n\n\n\n<p>Le juge charg\u00e9 de la d\u00e9termination de la peine a reconnu qu&rsquo;avant la promulgation en 2012 des dispositions du Code criminel limitant la possibilit\u00e9 des peines avec sursis, Mme Sharma aurait \u00e9t\u00e9 admissible et aurait re\u00e7u une peine avec sursis. Il n\u2019a cependant pas admis que les dispositions lui interdisant d\u2019imposer une telle peine enfreignaient les droits de Mme Sharma. En vertu des articles <a href=\"https:\/\/www.canada.ca\/en\/canadian-heritage\/services\/how-rights-protected\/guide-canadian-charter-rights-freedoms.html#a2e1\">7<\/a> ou <a href=\"https:\/\/www.canada.ca\/en\/canadian-heritage\/services\/how-rights-protected\/guide-canadian-charter-rights-freedoms.html#a2f\">15\u00a0<\/a><em> de la Charte<\/em>.<\/p>\n\n\n\n<h2 class=\"wp-block-heading\" id=\"argumentation\">Argumentation<\/h2>\n\n\n\n<p>Le FAEJ et le Centre Asper ont soulign\u00e9 comment les syst\u00e8mes de discrimination fond\u00e9e sur le genre, la race, le statut socio-\u00e9conomique et le colonialisme fa\u00e7onnent les exp\u00e9riences des femmes autochtones criminalis\u00e9es dans le syst\u00e8me de justice p\u00e9nale canadien. En amplifiant les injustices m\u00eames que le cadre <em>Gladue<\/em> vise \u00e0 corriger, les dispositions du <em>Code criminel<\/em> violent l&rsquo;imp\u00e9ratif constitutionnel de l&rsquo;\u00e9galit\u00e9 r\u00e9elle garantie par l\u2019art. <a href=\"https:\/\/www.canada.ca\/en\/canadian-heritage\/services\/how-rights-protected\/guide-canadian-charter-rights-freedoms.html#a2f\"><em>15 de la Charte<\/em><\/a>.\u00a0<\/p>\n\n\n\n<p>En emp\u00eachant les peuples autochtones d&rsquo;acc\u00e9der \u00e0 des peines avec sursis comme solution de rechange aux peines d&#8217;emprisonnement, les dispositions du <em>Code criminel<\/em> privent les d\u00e9linquants autochtones du plein avantage du cadre <em>Gladue<\/em>. Cela aggrave la discrimination \u00e0 laquelle sont confront\u00e9s les peuples autochtones dans l&rsquo;administration de la justice p\u00e9nale. Elle a un impact particuli\u00e8rement pr\u00e9judiciable sur les femmes autochtones, qui sont syst\u00e9matiquement d\u00e9savantag\u00e9es \u00e0 tous les stades du continuum victimisation-criminalisation. Le continuum victimisation-criminalisation est un concept f\u00e9ministe qui comprend les exp\u00e9riences de criminalisation et de victimisation des femmes comme \u00e9tant inextricablement li\u00e9es et se renfor\u00e7ant mutuellement.<\/p>\n\n\n\n<h2 class=\"wp-block-heading\" id=\"resultats\">R\u00e9sultats<\/h2>\n\n\n\n<p>La d\u00e9cision majoritaire de la Cour d&rsquo;appel de l&rsquo;Ontario permettra d\u00e9sormais aux juges de premi\u00e8re instance d&rsquo;envisager des peines avec sursis lors de la d\u00e9termination de la peine des d\u00e9linquants autochtones pour une grande vari\u00e9t\u00e9 d&rsquo;infractions, \u00e0 condition que d&rsquo;autres conditions soient \u00e9galement remplies (notamment que la peine soit inf\u00e9rieure \u00e0 deux ans, et purger la peine dans la communaut\u00e9 ne mettra pas la communaut\u00e9 en danger).<\/p>\n\n\n\n<p>Le FAEJ est reconnaissant \u00e0 Jessica Orkin et Adriel Weaver, avocates dans cette affaire devant la Cour d&rsquo;appel de l&rsquo;Ontario, et \u00e0 Alisa Lombard et Aubrey Charette, avocates dans cette affair devant la Cour supr\u00eame du Canada.<\/p>\n\n\n\n<p>Les interventions du FAEJ sont toutes guid\u00e9es, \u00e9clair\u00e9es et soutenues par un comit\u00e9 de cas compos\u00e9 d\u2019universitaires et de praticiens ayant une expertise dans les questions pertinentes. Le FAEJ remercie chaleureusement leurs contributions \u00e0 l&rsquo;argumentation dans ce m\u00e9moire.<\/p>\n\n\n\n<p>Les membres du comit\u00e9 de cas pour l&rsquo;intervention devant la Cour d&rsquo;appel de l&rsquo;Ontario \u00e9taient Gillian Balfour, Emma Cunliffe, Mary Eberts, Emily Hill, Naiomi Metallic, Ren\u00e9e Pelletier, Rakhi Ruparelia, Martha Shaffer et Kim Stanton.<\/p>\n\n\n\n<p> Les membres du comit\u00e9 de cas pour l&rsquo;intervention devant la Cour supr\u00eame du Canada sont: Gillian Balfour, Maria Dugas, Mary Eberts, Koren Lightning-Earle, Naiomi Metallic, and Maggie Wente.<\/p>\n\n\n\n<p>T\u00e9l\u00e9chargez le m\u00e9moire du FAEJ et de l\u2019Asper Centre <a href=\"https:\/\/www.leaf.ca\/wp-content\/uploads\/2020\/10\/R-v-Sharma-Court-File-No-C66390-Factum-of-the-Interveners-LEAF-and-the-Asper-Centre-01328633x7A7FA.pdf\" target=\"_blank\" rel=\"noreferrer noopener\">ici<\/a>.<\/p>\n\n\n\n<p>T\u00e9l\u00e9chargez le m\u00e9moire du FAEJ de l&rsquo;intervention devant la Cour supr\u00eame du Canada <a href=\"https:\/\/www.leaf.ca\/wp-content\/uploads\/2022\/03\/SCC-39346-Factum-of-the-Intervener-LEAF-suitable-for-posting.pdf\" target=\"_blank\" rel=\"noreferrer noopener\">ici<\/a>.<\/p>\n\n\n\n<p>Lisez la d\u00e9cision de la Cour d\u2019appel de l\u2019Ontario <a href=\"https:\/\/www.canlii.org\/en\/on\/onca\/doc\/2020\/2020onca478\/2020onca478.html?autocompleteStr=r%20v%20sharma&amp;autocompletePos=4\" target=\"_blank\" rel=\"noreferrer noopener\">ici<\/a>.<\/p>\n","protected":false},"featured_media":0,"template":"","meta":{"_acf_changed":false},"categories":[],"tags":[],"class_list":["post-21597","case_summary","type-case_summary","status-publish","hentry"],"acf":[],"yoast_head":"<!-- This site is optimized with the Yoast SEO plugin v27.4 - https:\/\/yoast.com\/product\/yoast-seo-wordpress\/ -->\n<title>R. c. Sharma (2020) - LEAF<\/title>\n<meta name=\"robots\" content=\"index, follow, max-snippet:-1, max-image-preview:large, max-video-preview:-1\" \/>\n<link rel=\"canonical\" href=\"https:\/\/www.leaf.ca\/fr\/case_summary\/r-c-sharma\/\" \/>\n<meta property=\"og:locale\" content=\"fr_FR\" \/>\n<meta property=\"og:type\" content=\"article\" \/>\n<meta property=\"og:title\" content=\"R. c. Sharma (2020) - LEAF\" \/>\n<meta property=\"og:description\" content=\"Cette affaire concernait la sur-incarc\u00e9ration de femmes autochtones. Le FAEJ, en partenariat avec le David Asper Centre for Constitutional Rights (le Centre Asper), est intervenu devant la Cour d&rsquo;appel de l&rsquo;Ontario. Le FAEJ va intervenir devant la Cour supr\u00eame du Canada. Faits Cheyenne Sharma est une jeune femme autochtone, une survivante interg\u00e9n\u00e9rationnelle des pensionnats indiens [&hellip;]\" \/>\n<meta property=\"og:url\" content=\"https:\/\/www.leaf.ca\/fr\/case_summary\/r-c-sharma\/\" \/>\n<meta property=\"og:site_name\" content=\"LEAF\" \/>\n<meta property=\"article:modified_time\" content=\"2022-06-23T19:42:13+00:00\" \/>\n<meta name=\"twitter:card\" content=\"summary_large_image\" \/>\n<meta name=\"twitter:label1\" content=\"Dur\u00e9e de lecture estim\u00e9e\" \/>\n\t<meta name=\"twitter:data1\" content=\"3 minutes\" \/>\n<script type=\"application\/ld+json\" class=\"yoast-schema-graph\">{\"@context\":\"https:\\\/\\\/schema.org\",\"@graph\":[{\"@type\":\"WebPage\",\"@id\":\"https:\\\/\\\/www.leaf.ca\\\/fr\\\/case_summary\\\/r-c-sharma\\\/\",\"url\":\"https:\\\/\\\/www.leaf.ca\\\/fr\\\/case_summary\\\/r-c-sharma\\\/\",\"name\":\"R. c. Sharma (2020) - LEAF\",\"isPartOf\":{\"@id\":\"https:\\\/\\\/www.leaf.ca\\\/fr\\\/#website\"},\"datePublished\":\"2020-10-28T00:18:00+00:00\",\"dateModified\":\"2022-06-23T19:42:13+00:00\",\"breadcrumb\":{\"@id\":\"https:\\\/\\\/www.leaf.ca\\\/fr\\\/case_summary\\\/r-c-sharma\\\/#breadcrumb\"},\"inLanguage\":\"fr-FR\",\"potentialAction\":[{\"@type\":\"ReadAction\",\"target\":[\"https:\\\/\\\/www.leaf.ca\\\/fr\\\/case_summary\\\/r-c-sharma\\\/\"]}]},{\"@type\":\"BreadcrumbList\",\"@id\":\"https:\\\/\\\/www.leaf.ca\\\/fr\\\/case_summary\\\/r-c-sharma\\\/#breadcrumb\",\"itemListElement\":[{\"@type\":\"ListItem\",\"position\":1,\"name\":\"Home\",\"item\":\"https:\\\/\\\/www.leaf.ca\\\/fr\\\/\"},{\"@type\":\"ListItem\",\"position\":2,\"name\":\"R\u00e9sum\u00e9s de d\u00e9cisions\",\"item\":\"https:\\\/\\\/www.leaf.ca\\\/fr\\\/case_summary\\\/\"},{\"@type\":\"ListItem\",\"position\":3,\"name\":\"R. c. Sharma (2020)\"}]},{\"@type\":\"WebSite\",\"@id\":\"https:\\\/\\\/www.leaf.ca\\\/fr\\\/#website\",\"url\":\"https:\\\/\\\/www.leaf.ca\\\/fr\\\/\",\"name\":\"LEAF\",\"description\":\"Women&#039;s Legal Education and Action Fund\",\"publisher\":{\"@id\":\"https:\\\/\\\/www.leaf.ca\\\/fr\\\/#organization\"},\"potentialAction\":[{\"@type\":\"SearchAction\",\"target\":{\"@type\":\"EntryPoint\",\"urlTemplate\":\"https:\\\/\\\/www.leaf.ca\\\/fr\\\/?s={search_term_string}\"},\"query-input\":{\"@type\":\"PropertyValueSpecification\",\"valueRequired\":true,\"valueName\":\"search_term_string\"}}],\"inLanguage\":\"fr-FR\"},{\"@type\":\"Organization\",\"@id\":\"https:\\\/\\\/www.leaf.ca\\\/fr\\\/#organization\",\"name\":\"LEAF\",\"url\":\"https:\\\/\\\/www.leaf.ca\\\/fr\\\/\",\"logo\":{\"@type\":\"ImageObject\",\"inLanguage\":\"fr-FR\",\"@id\":\"https:\\\/\\\/www.leaf.ca\\\/fr\\\/#\\\/schema\\\/logo\\\/image\\\/\",\"url\":\"https:\\\/\\\/www.leaf.ca\\\/wp-content\\\/uploads\\\/2020\\\/09\\\/LEAF_FAEJ_hz_names_colour_rgb.svg\",\"contentUrl\":\"https:\\\/\\\/www.leaf.ca\\\/wp-content\\\/uploads\\\/2020\\\/09\\\/LEAF_FAEJ_hz_names_colour_rgb.svg\",\"width\":612,\"height\":110,\"caption\":\"LEAF\"},\"image\":{\"@id\":\"https:\\\/\\\/www.leaf.ca\\\/fr\\\/#\\\/schema\\\/logo\\\/image\\\/\"}}]}<\/script>\n<!-- \/ Yoast SEO plugin. -->","yoast_head_json":{"title":"R. c. Sharma (2020) - LEAF","robots":{"index":"index","follow":"follow","max-snippet":"max-snippet:-1","max-image-preview":"max-image-preview:large","max-video-preview":"max-video-preview:-1"},"canonical":"https:\/\/www.leaf.ca\/fr\/case_summary\/r-c-sharma\/","og_locale":"fr_FR","og_type":"article","og_title":"R. c. Sharma (2020) - LEAF","og_description":"Cette affaire concernait la sur-incarc\u00e9ration de femmes autochtones. Le FAEJ, en partenariat avec le David Asper Centre for Constitutional Rights (le Centre Asper), est intervenu devant la Cour d&rsquo;appel de l&rsquo;Ontario. Le FAEJ va intervenir devant la Cour supr\u00eame du Canada. Faits Cheyenne Sharma est une jeune femme autochtone, une survivante interg\u00e9n\u00e9rationnelle des pensionnats indiens [&hellip;]","og_url":"https:\/\/www.leaf.ca\/fr\/case_summary\/r-c-sharma\/","og_site_name":"LEAF","article_modified_time":"2022-06-23T19:42:13+00:00","twitter_card":"summary_large_image","twitter_misc":{"Dur\u00e9e de lecture estim\u00e9e":"3 minutes"},"schema":{"@context":"https:\/\/schema.org","@graph":[{"@type":"WebPage","@id":"https:\/\/www.leaf.ca\/fr\/case_summary\/r-c-sharma\/","url":"https:\/\/www.leaf.ca\/fr\/case_summary\/r-c-sharma\/","name":"R. c. Sharma (2020) - LEAF","isPartOf":{"@id":"https:\/\/www.leaf.ca\/fr\/#website"},"datePublished":"2020-10-28T00:18:00+00:00","dateModified":"2022-06-23T19:42:13+00:00","breadcrumb":{"@id":"https:\/\/www.leaf.ca\/fr\/case_summary\/r-c-sharma\/#breadcrumb"},"inLanguage":"fr-FR","potentialAction":[{"@type":"ReadAction","target":["https:\/\/www.leaf.ca\/fr\/case_summary\/r-c-sharma\/"]}]},{"@type":"BreadcrumbList","@id":"https:\/\/www.leaf.ca\/fr\/case_summary\/r-c-sharma\/#breadcrumb","itemListElement":[{"@type":"ListItem","position":1,"name":"Home","item":"https:\/\/www.leaf.ca\/fr\/"},{"@type":"ListItem","position":2,"name":"R\u00e9sum\u00e9s de d\u00e9cisions","item":"https:\/\/www.leaf.ca\/fr\/case_summary\/"},{"@type":"ListItem","position":3,"name":"R. c. Sharma (2020)"}]},{"@type":"WebSite","@id":"https:\/\/www.leaf.ca\/fr\/#website","url":"https:\/\/www.leaf.ca\/fr\/","name":"LEAF","description":"Women&#039;s Legal Education and Action Fund","publisher":{"@id":"https:\/\/www.leaf.ca\/fr\/#organization"},"potentialAction":[{"@type":"SearchAction","target":{"@type":"EntryPoint","urlTemplate":"https:\/\/www.leaf.ca\/fr\/?s={search_term_string}"},"query-input":{"@type":"PropertyValueSpecification","valueRequired":true,"valueName":"search_term_string"}}],"inLanguage":"fr-FR"},{"@type":"Organization","@id":"https:\/\/www.leaf.ca\/fr\/#organization","name":"LEAF","url":"https:\/\/www.leaf.ca\/fr\/","logo":{"@type":"ImageObject","inLanguage":"fr-FR","@id":"https:\/\/www.leaf.ca\/fr\/#\/schema\/logo\/image\/","url":"https:\/\/www.leaf.ca\/wp-content\/uploads\/2020\/09\/LEAF_FAEJ_hz_names_colour_rgb.svg","contentUrl":"https:\/\/www.leaf.ca\/wp-content\/uploads\/2020\/09\/LEAF_FAEJ_hz_names_colour_rgb.svg","width":612,"height":110,"caption":"LEAF"},"image":{"@id":"https:\/\/www.leaf.ca\/fr\/#\/schema\/logo\/image\/"}}]}},"_links":{"self":[{"href":"https:\/\/www.leaf.ca\/fr\/wp-json\/wp\/v2\/case_summary\/21597","targetHints":{"allow":["GET"]}}],"collection":[{"href":"https:\/\/www.leaf.ca\/fr\/wp-json\/wp\/v2\/case_summary"}],"about":[{"href":"https:\/\/www.leaf.ca\/fr\/wp-json\/wp\/v2\/types\/case_summary"}],"wp:attachment":[{"href":"https:\/\/www.leaf.ca\/fr\/wp-json\/wp\/v2\/media?parent=21597"}],"wp:term":[{"taxonomy":"category","embeddable":true,"href":"https:\/\/www.leaf.ca\/fr\/wp-json\/wp\/v2\/categories?post=21597"},{"taxonomy":"post_tag","embeddable":true,"href":"https:\/\/www.leaf.ca\/fr\/wp-json\/wp\/v2\/tags?post=21597"}],"curies":[{"name":"wp","href":"https:\/\/api.w.org\/{rel}","templated":true}]}}