{"id":18670,"date":"2020-09-21T00:47:46","date_gmt":"2020-09-21T04:47:46","guid":{"rendered":"https:\/\/www.leaf.ca\/our-story\/"},"modified":"2026-04-24T13:19:16","modified_gmt":"2026-04-24T17:19:16","slug":"our-story","status":"publish","type":"page","link":"https:\/\/www.leaf.ca\/fr\/our-story\/","title":{"rendered":"Notre Histoire"},"content":{"rendered":"\n<p>Le FAEJ est un organisme national de bienfaisance \u00e0 but non\u202flucratif qui \u0153uvre \u00e0 l\u2019avancement&nbsp;de l\u2019\u00e9galit\u00e9 des&nbsp;genres&nbsp;par le biais du droit.&nbsp;Nous prot\u00e9geons et renfor\u00e7ons&nbsp;les droits des femmes, des filles&nbsp;et&nbsp;des personnes transgenres et non\u202fbinaires au&nbsp;Canada gr\u00e2ce \u00e0 des actions de&nbsp;<a href=\"https:\/\/www.leaf.ca\/fr\/search-cases-submissions\/?post_types=case_summary\" target=\"_blank\" rel=\"noreferrer noopener\">contentieux<\/a>,&nbsp;\u00e0 des&nbsp;<a href=\"https:\/\/www.leaf.ca\/fr\/search-cases-submissions\/?post_types=submission\" target=\"_blank\" rel=\"noreferrer noopener\">r\u00e9formes l\u00e9gislatives<\/a>&nbsp;et \u00e0&nbsp;des initiatives d\u2019<a href=\"https:\/\/www.leaf.ca\/fr\/overview-public-education\/\" target=\"_blank\" rel=\"noreferrer noopener\">\u00e9ducation juridique du public<\/a>.&nbsp;<\/p>\n\n\n\n<p><a href=\"https:\/\/www.leaf.ca\/fr\/our-story\/historique-du-plaidoyer\/\">Depuis sa cr\u00e9ation en 1985<\/a>, le FAEJ est intervenu dans plus de 145\u202faffaires&nbsp;en justice&nbsp;qui ont fait avancer l\u2019\u00e9galit\u00e9 des genres au Canada.&nbsp;Ce travail a permis des victoires historiques sur plusieurs&nbsp;fronts\u202f: discrimination, droit du consentement, droits reproductifs, prestations parentales, pension alimentaire pour&nbsp;conjoint\u00b7e, prestations de retraite, \u00e9quit\u00e9 salariale, violences sexuelles, \u00e9galit\u00e9 des&nbsp;personnes survivantes, droits des personnes\u202f2ELGBTQIA+ et droits&nbsp;en milieu de travail.&nbsp;<\/p>\n\n\n\n<p><strong><a href=\"https:\/\/www.leaf.ca\/fr\/our-story\/historique-du-plaidoyer\/\">CONSULTEZ LA CHRONOLOGIE DE NOS&nbsp;AVANC\u00c9ES&nbsp;ICI<\/a><\/strong><\/p>\n\n\n\n<p>Nous vous invitons \u00e0&nbsp;prendre connaissance de&nbsp;<a href=\"https:\/\/www.leaf.ca\/fr\/our-work\/\" target=\"_blank\" rel=\"noreferrer noopener\">notre travail<\/a>.&nbsp;Dans ses efforts pour l\u2019avancement de&nbsp;l\u2019\u00e9galit\u00e9 des&nbsp;genres,&nbsp;le FAEJ cherche&nbsp;constamment&nbsp;\u00e0&nbsp;faire entendre les&nbsp;perspectives&nbsp;des personnesmarginalis\u00e9es et confront\u00e9es \u00e0 des discriminations&nbsp;crois\u00e9es.&nbsp;<\/p>\n\n\n\n<p>Pour toute question, n\u2019h\u00e9sitez pas \u00e0&nbsp;<a href=\"https:\/\/www.leaf.ca\/fr\/contact\/\" target=\"_blank\" rel=\"noreferrer noopener\">nous contacter<\/a>.&nbsp;<\/p>\n\n\n\n<h2 class=\"wp-block-heading\"><strong>LES FONDATRICES DU FAEJ&nbsp;<\/strong>&nbsp;<\/h2>\n\n\n\n<p>En 1985, les fondatrices du&nbsp;FAEJ&nbsp;ont&nbsp;r\u00e9alis\u00e9&nbsp;que l\u2019inscription de la disposition&nbsp;d\u2019\u00e9galit\u00e9 dans la&nbsp;<em>Charte<\/em>&nbsp;n\u2019\u00e9tait qu\u2019une premi\u00e8re \u00e9tape&nbsp;vers&nbsp;l\u2019\u00e9galit\u00e9&nbsp;des genres.&nbsp;L\u2019application, l\u2019interpr\u00e9tation et la d\u00e9fense des droits \u00e0 l\u2019\u00e9galit\u00e9&nbsp;allaient n\u00e9cessiter&nbsp;de continuels efforts&nbsp;de plaidoyer. C\u2019est pr\u00e9cis\u00e9ment dans ce but que&nbsp;le&nbsp;FAEJ&nbsp;a vu le jour, sous l\u2019impulsion de f\u00e9ministes profond\u00e9ment engag\u00e9es qui ont non seulement lanc\u00e9 cette initiative, mais aussi fait avancer ce travail\u202f:&nbsp;<\/p>\n\n\n\n<div class=\"wp-block-columns is-layout-flex wp-container-core-columns-is-layout-28f84493 wp-block-columns-is-layout-flex\">\n<div class=\"wp-block-column is-layout-flow wp-block-column-is-layout-flow\">\n<p>Jennie Abell\u00a0<br>Denise Arsenault\u00a0<br>Beth Atcheson\u00a0<br>Flora Buchan\u00a0<br>Patricia Cooper\u00a0<br>Daphne Dumont\u00a0<br>Mary Eberts\u00a0<\/p>\n<\/div>\n\n\n\n<div class=\"wp-block-column is-layout-flow wp-block-column-is-layout-flow\">\n<p>Halyna Freeland\u00a0<br>Dale Gibson\u00a0<br>Nancy Ruth\u00a0<br>Helene LeBel\u00a0<br>Gayle MacDonald\u00a0<br>Shauna MacKenzie\u00a0<br>Marilou McPhedran\u00a0<\/p>\n<\/div>\n\n\n\n<div class=\"wp-block-column is-layout-flow wp-block-column-is-layout-flow\">\n<p>Sylvia Neschokat<br>Brigid O\u2019Reilly<br>Yvonne Peters<br>Eve Roberts<br>Loretta Scott<br>Magda Seydegart<br>Lynn Smith<\/p>\n<\/div>\n\n\n\n<div class=\"wp-block-column is-layout-flow wp-block-column-is-layout-flow\">\n<p>Eloise Spitzer\u00a0<br>Donna Stephania\u00a0<br>Beth Symes\u00a0<br>Susan Tanner<\/p>\n<\/div>\n<\/div>\n\n\n\n<p><a href=\"https:\/\/www.leaf.ca\/fr\/our-mission-vision\/\"><strong>LISEZ SUR NOTRE MISSION ET NOTRE VISION<\/strong><\/a><\/p>\n\n\n\n<p><\/p>\n\n\n\n<h2 class=\"wp-block-heading\"><strong>RECONNAISSANCE DES TERRES<\/strong><\/h2>\n\n\n\n<p>Le bureau du FAEJ est situ\u00e9 \u00e0 Tkar\u00f3n:to, qui est un mot mohawk qui signifie \u00ab l\u2019endroit dans l\u2019eau o\u00f9 se dressent les arbres \u00bb. Cette terre est r\u00e9gie par le Pacte de la ceinture wampum faisant r\u00e9f\u00e9rence au concept du \u00ab bol \u00e0 une seule cuill\u00e8re \u00bb, un accord de paix de nation \u00e0 nation entre les Anishinaabes les Haudenosaunees les Wendats et d\u2019autres nations alli\u00e9es. Nous tous qui partageons ce territoire partageons la responsabilit\u00e9 de prendre soin de la terre et des cr\u00e9atures avec lesquelles nous vivons. Il faut aussi travailler pour que le plat ne soit jamais vide, et garder la paix.<\/p>\n\n\n\n<p>Reconna\u00eetre l\u2019histoire de la terre nous oblige \u00e9galement \u00e0 r\u00e9fl\u00e9chir sur la position du FAEJ en tant qu\u2019organisation \u0153uvrant pour la justice de genre dans le contexte d\u2019un syst\u00e8me juridique fond\u00e9 sur le colonialisme et la supr\u00e9matie blanche. Ce syst\u00e8me faisait partie des efforts visant \u00e0 effacer et \u00e0 \u00e9liminer les peuples autochtones et leurs cultures. Les lois et politiques coloniales continuent de soumettre les personnes autochtones, en particulier les femmes, les filles et les individus 2ELGBTQQIA, \u00e0 des niveaux disproportionn\u00e9s de violence et de pauvret\u00e9.<\/p>\n\n\n\n<p>Le FAEJ reconna\u00eet \u00e9galement la r\u00e9silience et la force des personnes et des communaut\u00e9s autochtones, qui se sont battues et continuent de se battre contre ces syst\u00e8mes d\u2019oppression. Nous devons faire davantage pour centrer les voix de ceux qui sont confront\u00e9s \u00e0 la marginalisation, reconna\u00eetre notre complicit\u00e9 dans ce syst\u00e8me et repousser non seulement le patriarcat, mais aussi le colonialisme, la supr\u00e9matie blanche et le racisme. Ce n\u2019est qu\u2019ainsi que nous pourrons v\u00e9ritablement \u0153uvrer \u00e0 la justice de genre et \u00e0 la justice pour tous.<\/p>\n\n\n\n<p><\/p>\n","protected":false},"excerpt":{"rendered":"<p>Le FAEJ est un organisme national de bienfaisance \u00e0 but non\u202flucratif qui \u0153uvre \u00e0 l\u2019avancement&nbsp;de l\u2019\u00e9galit\u00e9 des&nbsp;genres&nbsp;par le biais du droit.&nbsp;Nous prot\u00e9geons et renfor\u00e7ons&nbsp;les droits des femmes, des filles&nbsp;et&nbsp;des personnes transgenres et non\u202fbinaires au&nbsp;Canada gr\u00e2ce \u00e0 des actions de&nbsp;contentieux,&nbsp;\u00e0 des&nbsp;r\u00e9formes l\u00e9gislatives&nbsp;et \u00e0&nbsp;des initiatives d\u2019\u00e9ducation juridique du public.&nbsp; Depuis sa cr\u00e9ation en 1985, le FAEJ est [&hellip;]<\/p>\n","protected":false},"author":101018,"featured_media":25470,"parent":0,"menu_order":0,"comment_status":"closed","ping_status":"closed","template":"","meta":{"_acf_changed":false,"footnotes":""},"class_list":["post-18670","page","type-page","status-publish","has-post-thumbnail","hentry"],"acf":[],"yoast_head":"<!-- This site is optimized with the Yoast SEO plugin v27.4 - https:\/\/yoast.com\/product\/yoast-seo-wordpress\/ -->\n<title>Notre Histoire - LEAF<\/title>\n<meta name=\"description\" content=\"Le FAEJ est un organisme national de bienfaisance \u00e0 but non\u202flucratif qui \u0153uvre \u00e0 l\u2019avancement\u00a0de l\u2019\u00e9galit\u00e9 des\u00a0genres\u00a0par le biais du droit.\" \/>\n<meta name=\"robots\" content=\"index, follow, max-snippet:-1, max-image-preview:large, max-video-preview:-1\" \/>\n<link rel=\"canonical\" href=\"https:\/\/www.leaf.ca\/fr\/our-story\/\" \/>\n<meta property=\"og:locale\" content=\"fr_FR\" \/>\n<meta property=\"og:type\" content=\"article\" \/>\n<meta property=\"og:title\" content=\"Notre Histoire - LEAF\" \/>\n<meta property=\"og:description\" content=\"Le FAEJ est un organisme national de bienfaisance \u00e0 but non\u202flucratif qui \u0153uvre \u00e0 l\u2019avancement\u00a0de l\u2019\u00e9galit\u00e9 des\u00a0genres\u00a0par le biais du droit.\" \/>\n<meta property=\"og:url\" content=\"https:\/\/www.leaf.ca\/fr\/our-story\/\" \/>\n<meta property=\"og:site_name\" content=\"LEAF\" \/>\n<meta property=\"article:modified_time\" content=\"2026-04-24T17:19:16+00:00\" \/>\n<meta property=\"og:image\" content=\"https:\/\/www.leaf.ca\/wp-content\/uploads\/2025\/05\/Our-Story_LEAF-620x388.png\" \/>\n<meta name=\"twitter:card\" content=\"summary_large_image\" \/>\n<meta name=\"twitter:label1\" content=\"Dur\u00e9e de lecture estim\u00e9e\" \/>\n\t<meta name=\"twitter:data1\" content=\"3 minutes\" \/>\n<script type=\"application\/ld+json\" class=\"yoast-schema-graph\">{\"@context\":\"https:\\\/\\\/schema.org\",\"@graph\":[{\"@type\":\"WebPage\",\"@id\":\"https:\\\/\\\/www.leaf.ca\\\/fr\\\/our-story\\\/\",\"url\":\"https:\\\/\\\/www.leaf.ca\\\/fr\\\/our-story\\\/\",\"name\":\"Notre Histoire - LEAF\",\"isPartOf\":{\"@id\":\"https:\\\/\\\/www.leaf.ca\\\/fr\\\/#website\"},\"primaryImageOfPage\":{\"@id\":\"https:\\\/\\\/www.leaf.ca\\\/fr\\\/our-story\\\/#primaryimage\"},\"image\":{\"@id\":\"https:\\\/\\\/www.leaf.ca\\\/fr\\\/our-story\\\/#primaryimage\"},\"thumbnailUrl\":\"https:\\\/\\\/www.leaf.ca\\\/wp-content\\\/uploads\\\/2025\\\/05\\\/Our-Work_LEAF-2.png\",\"datePublished\":\"2020-09-21T04:47:46+00:00\",\"dateModified\":\"2026-04-24T17:19:16+00:00\",\"description\":\"Le FAEJ est un organisme national de bienfaisance \u00e0 but non\u202flucratif qui \u0153uvre \u00e0 l\u2019avancement\u00a0de l\u2019\u00e9galit\u00e9 des\u00a0genres\u00a0par le biais du droit.\",\"breadcrumb\":{\"@id\":\"https:\\\/\\\/www.leaf.ca\\\/fr\\\/our-story\\\/#breadcrumb\"},\"inLanguage\":\"fr-FR\",\"potentialAction\":[{\"@type\":\"ReadAction\",\"target\":[\"https:\\\/\\\/www.leaf.ca\\\/fr\\\/our-story\\\/\"]}]},{\"@type\":\"ImageObject\",\"inLanguage\":\"fr-FR\",\"@id\":\"https:\\\/\\\/www.leaf.ca\\\/fr\\\/our-story\\\/#primaryimage\",\"url\":\"https:\\\/\\\/www.leaf.ca\\\/wp-content\\\/uploads\\\/2025\\\/05\\\/Our-Work_LEAF-2.png\",\"contentUrl\":\"https:\\\/\\\/www.leaf.ca\\\/wp-content\\\/uploads\\\/2025\\\/05\\\/Our-Work_LEAF-2.png\",\"width\":2560,\"height\":1600},{\"@type\":\"BreadcrumbList\",\"@id\":\"https:\\\/\\\/www.leaf.ca\\\/fr\\\/our-story\\\/#breadcrumb\",\"itemListElement\":[{\"@type\":\"ListItem\",\"position\":1,\"name\":\"Home\",\"item\":\"https:\\\/\\\/www.leaf.ca\\\/fr\\\/\"},{\"@type\":\"ListItem\",\"position\":2,\"name\":\"Notre Histoire\"}]},{\"@type\":\"WebSite\",\"@id\":\"https:\\\/\\\/www.leaf.ca\\\/fr\\\/#website\",\"url\":\"https:\\\/\\\/www.leaf.ca\\\/fr\\\/\",\"name\":\"LEAF\",\"description\":\"Women&#039;s Legal Education and Action Fund\",\"publisher\":{\"@id\":\"https:\\\/\\\/www.leaf.ca\\\/fr\\\/#organization\"},\"potentialAction\":[{\"@type\":\"SearchAction\",\"target\":{\"@type\":\"EntryPoint\",\"urlTemplate\":\"https:\\\/\\\/www.leaf.ca\\\/fr\\\/?s={search_term_string}\"},\"query-input\":{\"@type\":\"PropertyValueSpecification\",\"valueRequired\":true,\"valueName\":\"search_term_string\"}}],\"inLanguage\":\"fr-FR\"},{\"@type\":\"Organization\",\"@id\":\"https:\\\/\\\/www.leaf.ca\\\/fr\\\/#organization\",\"name\":\"LEAF\",\"url\":\"https:\\\/\\\/www.leaf.ca\\\/fr\\\/\",\"logo\":{\"@type\":\"ImageObject\",\"inLanguage\":\"fr-FR\",\"@id\":\"https:\\\/\\\/www.leaf.ca\\\/fr\\\/#\\\/schema\\\/logo\\\/image\\\/\",\"url\":\"https:\\\/\\\/www.leaf.ca\\\/wp-content\\\/uploads\\\/2020\\\/09\\\/LEAF_FAEJ_hz_names_colour_rgb.svg\",\"contentUrl\":\"https:\\\/\\\/www.leaf.ca\\\/wp-content\\\/uploads\\\/2020\\\/09\\\/LEAF_FAEJ_hz_names_colour_rgb.svg\",\"width\":612,\"height\":110,\"caption\":\"LEAF\"},\"image\":{\"@id\":\"https:\\\/\\\/www.leaf.ca\\\/fr\\\/#\\\/schema\\\/logo\\\/image\\\/\"}}]}<\/script>\n<!-- \/ Yoast SEO plugin. -->","yoast_head_json":{"title":"Notre Histoire - LEAF","description":"Le FAEJ est un organisme national de bienfaisance \u00e0 but non\u202flucratif qui \u0153uvre \u00e0 l\u2019avancement\u00a0de l\u2019\u00e9galit\u00e9 des\u00a0genres\u00a0par le biais du droit.","robots":{"index":"index","follow":"follow","max-snippet":"max-snippet:-1","max-image-preview":"max-image-preview:large","max-video-preview":"max-video-preview:-1"},"canonical":"https:\/\/www.leaf.ca\/fr\/our-story\/","og_locale":"fr_FR","og_type":"article","og_title":"Notre Histoire - LEAF","og_description":"Le FAEJ est un organisme national de bienfaisance \u00e0 but non\u202flucratif qui \u0153uvre \u00e0 l\u2019avancement\u00a0de l\u2019\u00e9galit\u00e9 des\u00a0genres\u00a0par le biais du droit.","og_url":"https:\/\/www.leaf.ca\/fr\/our-story\/","og_site_name":"LEAF","article_modified_time":"2026-04-24T17:19:16+00:00","og_image":[{"url":"https:\/\/www.leaf.ca\/wp-content\/uploads\/2025\/05\/Our-Story_LEAF-620x388.png","type":"","width":"","height":""}],"twitter_card":"summary_large_image","twitter_misc":{"Dur\u00e9e de lecture estim\u00e9e":"3 minutes"},"schema":{"@context":"https:\/\/schema.org","@graph":[{"@type":"WebPage","@id":"https:\/\/www.leaf.ca\/fr\/our-story\/","url":"https:\/\/www.leaf.ca\/fr\/our-story\/","name":"Notre Histoire - LEAF","isPartOf":{"@id":"https:\/\/www.leaf.ca\/fr\/#website"},"primaryImageOfPage":{"@id":"https:\/\/www.leaf.ca\/fr\/our-story\/#primaryimage"},"image":{"@id":"https:\/\/www.leaf.ca\/fr\/our-story\/#primaryimage"},"thumbnailUrl":"https:\/\/www.leaf.ca\/wp-content\/uploads\/2025\/05\/Our-Work_LEAF-2.png","datePublished":"2020-09-21T04:47:46+00:00","dateModified":"2026-04-24T17:19:16+00:00","description":"Le FAEJ est un organisme national de bienfaisance \u00e0 but non\u202flucratif qui \u0153uvre \u00e0 l\u2019avancement\u00a0de l\u2019\u00e9galit\u00e9 des\u00a0genres\u00a0par le biais du droit.","breadcrumb":{"@id":"https:\/\/www.leaf.ca\/fr\/our-story\/#breadcrumb"},"inLanguage":"fr-FR","potentialAction":[{"@type":"ReadAction","target":["https:\/\/www.leaf.ca\/fr\/our-story\/"]}]},{"@type":"ImageObject","inLanguage":"fr-FR","@id":"https:\/\/www.leaf.ca\/fr\/our-story\/#primaryimage","url":"https:\/\/www.leaf.ca\/wp-content\/uploads\/2025\/05\/Our-Work_LEAF-2.png","contentUrl":"https:\/\/www.leaf.ca\/wp-content\/uploads\/2025\/05\/Our-Work_LEAF-2.png","width":2560,"height":1600},{"@type":"BreadcrumbList","@id":"https:\/\/www.leaf.ca\/fr\/our-story\/#breadcrumb","itemListElement":[{"@type":"ListItem","position":1,"name":"Home","item":"https:\/\/www.leaf.ca\/fr\/"},{"@type":"ListItem","position":2,"name":"Notre Histoire"}]},{"@type":"WebSite","@id":"https:\/\/www.leaf.ca\/fr\/#website","url":"https:\/\/www.leaf.ca\/fr\/","name":"LEAF","description":"Women&#039;s Legal Education and Action Fund","publisher":{"@id":"https:\/\/www.leaf.ca\/fr\/#organization"},"potentialAction":[{"@type":"SearchAction","target":{"@type":"EntryPoint","urlTemplate":"https:\/\/www.leaf.ca\/fr\/?s={search_term_string}"},"query-input":{"@type":"PropertyValueSpecification","valueRequired":true,"valueName":"search_term_string"}}],"inLanguage":"fr-FR"},{"@type":"Organization","@id":"https:\/\/www.leaf.ca\/fr\/#organization","name":"LEAF","url":"https:\/\/www.leaf.ca\/fr\/","logo":{"@type":"ImageObject","inLanguage":"fr-FR","@id":"https:\/\/www.leaf.ca\/fr\/#\/schema\/logo\/image\/","url":"https:\/\/www.leaf.ca\/wp-content\/uploads\/2020\/09\/LEAF_FAEJ_hz_names_colour_rgb.svg","contentUrl":"https:\/\/www.leaf.ca\/wp-content\/uploads\/2020\/09\/LEAF_FAEJ_hz_names_colour_rgb.svg","width":612,"height":110,"caption":"LEAF"},"image":{"@id":"https:\/\/www.leaf.ca\/fr\/#\/schema\/logo\/image\/"}}]}},"_links":{"self":[{"href":"https:\/\/www.leaf.ca\/fr\/wp-json\/wp\/v2\/pages\/18670","targetHints":{"allow":["GET"]}}],"collection":[{"href":"https:\/\/www.leaf.ca\/fr\/wp-json\/wp\/v2\/pages"}],"about":[{"href":"https:\/\/www.leaf.ca\/fr\/wp-json\/wp\/v2\/types\/page"}],"author":[{"embeddable":true,"href":"https:\/\/www.leaf.ca\/fr\/wp-json\/wp\/v2\/users\/101018"}],"replies":[{"embeddable":true,"href":"https:\/\/www.leaf.ca\/fr\/wp-json\/wp\/v2\/comments?post=18670"}],"version-history":[{"count":19,"href":"https:\/\/www.leaf.ca\/fr\/wp-json\/wp\/v2\/pages\/18670\/revisions"}],"predecessor-version":[{"id":27280,"href":"https:\/\/www.leaf.ca\/fr\/wp-json\/wp\/v2\/pages\/18670\/revisions\/27280"}],"wp:featuredmedia":[{"embeddable":true,"href":"https:\/\/www.leaf.ca\/fr\/wp-json\/wp\/v2\/media\/25470"}],"wp:attachment":[{"href":"https:\/\/www.leaf.ca\/fr\/wp-json\/wp\/v2\/media?parent=18670"}],"curies":[{"name":"wp","href":"https:\/\/api.w.org\/{rel}","templated":true}]}}