{"id":25098,"date":"2025-04-09T12:34:37","date_gmt":"2025-04-09T16:34:37","guid":{"rendered":"https:\/\/www.leaf.ca\/?page_id=25098"},"modified":"2026-04-24T12:48:14","modified_gmt":"2026-04-24T16:48:14","slug":"historique-du-plaidoyer","status":"publish","type":"page","link":"https:\/\/www.leaf.ca\/fr\/our-story\/historique-du-plaidoyer\/","title":{"rendered":"\u00c0 l\u2019avant-plan du f\u00e9minisme : notre plaidoyer d\u2019hier \u00e0 aujourd\u2019hui"},"content":{"rendered":"\t\t<div data-elementor-type=\"landing-page\" data-elementor-id=\"25098\" class=\"elementor elementor-25098 elementor-24899\" data-elementor-post-type=\"page\">\n\t\t\t\t<div class=\"has_ae_slider elementor-element elementor-element-1f82c50 e-flex e-con-boxed ae-bg-gallery-type-default e-con e-parent\" data-id=\"1f82c50\" data-element_type=\"container\" data-e-type=\"container\">\n\t\t\t\t\t<div class=\"e-con-inner\">\n\t\t\t\t<div class=\"elementor-element elementor-element-a1784a7 elementor-widget elementor-widget-text-editor\" data-id=\"a1784a7\" data-element_type=\"widget\" data-e-type=\"widget\" data-widget_type=\"text-editor.default\">\n\t\t\t\t<div class=\"elementor-widget-container\">\n\t\t\t\t\t\t\t\t\t<h4>NOTRE HISTOIRE<\/h4>\t\t\t\t\t\t\t\t<\/div>\n\t\t\t\t<\/div>\n\t\t\t\t<div class=\"elementor-element elementor-element-f91947b elementor-widget elementor-widget-ae-post-title\" data-id=\"f91947b\" data-element_type=\"widget\" data-e-type=\"widget\" data-widget_type=\"ae-post-title.default\">\n\t\t\t\t<div class=\"elementor-widget-container\">\n\t\t\t\t\t<a  href=\"https:\/\/www.leaf.ca\/fr\/our-story\/historique-du-plaidoyer\/\"><h1 itemprop=\"name\" class=\"ae-element-post-title\">\u00c0 l\u2019avant-plan du f\u00e9minisme : notre plaidoyer d\u2019hier \u00e0 aujourd\u2019hui<\/h1><\/a>\t\t\t\t<\/div>\n\t\t\t\t<\/div>\n\t\t\t\t<div class=\"elementor-element elementor-element-9ccf99e elementor-widget elementor-widget-text-editor\" data-id=\"9ccf99e\" data-element_type=\"widget\" data-e-type=\"widget\" data-widget_type=\"text-editor.default\">\n\t\t\t\t<div class=\"elementor-widget-container\">\n\t\t\t\t\t\t\t\t\t<p><span lang=\"FR-CA\" style=\"font-size: 12pt; -webkit-user-drag: none; margin: 0px; padding: 0px; -webkit-user-select: text; caret-color: rgba(0, 0, 0, 0.847); color: rgba(0, 0, 0, 0.847); line-height: 19.425px; font-family: Aptos, Aptos_EmbeddedFont, Aptos_MSFontService, sans-serif; font-variant-ligatures: none !important; -webkit-nbsp-mode: normal !important;\" xml:lang=\"FR-CA\" data-contrast=\"auto\"><span style=\"-webkit-user-drag: none; margin: 0px; padding: 0px; -webkit-user-select: text; -webkit-nbsp-mode: normal !important;\" data-ccp-parastyle=\"Normal (Web)\">En 1985, les fondatrices d<\/span><span style=\"-webkit-user-drag: none; margin: 0px; padding: 0px; -webkit-user-select: text; -webkit-nbsp-mode: normal !important;\" data-ccp-parastyle=\"Normal (Web)\">u<\/span><span style=\"-webkit-user-drag: none; margin: 0px; padding: 0px; -webkit-user-select: text; -webkit-nbsp-mode: normal !important;\" data-ccp-parastyle=\"Normal (Web)\">\u00a0<\/span><span style=\"-webkit-user-drag: none; margin: 0px; padding: 0px; -webkit-user-select: text; -webkit-nbsp-mode: normal !important;\" data-ccp-parastyle=\"Normal (Web)\">FAEJ<\/span><span style=\"-webkit-user-drag: none; margin: 0px; padding: 0px; -webkit-user-select: text; -webkit-nbsp-mode: normal !important;\" data-ccp-parastyle=\"Normal (Web)\">\u00a0ont\u00a0<\/span><span style=\"-webkit-user-drag: none; margin: 0px; padding: 0px; -webkit-user-select: text; -webkit-nbsp-mode: normal !important;\" data-ccp-parastyle=\"Normal (Web)\">r\u00e9alis\u00e9\u00a0<\/span><span style=\"-webkit-user-drag: none; margin: 0px; padding: 0px; -webkit-user-select: text; -webkit-nbsp-mode: normal !important;\" data-ccp-parastyle=\"Normal (Web)\">que l\u2019inscription de la disposition\u00a0<\/span><span style=\"-webkit-user-drag: none; margin: 0px; padding: 0px; -webkit-user-select: text; -webkit-nbsp-mode: normal !important;\" data-ccp-parastyle=\"Normal (Web)\">d<\/span><span style=\"-webkit-user-drag: none; margin: 0px; padding: 0px; -webkit-user-select: text; -webkit-nbsp-mode: normal !important;\" data-ccp-parastyle=\"Normal (Web)\">\u2019\u00e9galit\u00e9 dans la\u00a0<\/span><\/span><span lang=\"FR-CA\" style=\"font-size: 12pt; -webkit-user-drag: none; margin: 0px; padding: 0px; -webkit-user-select: text; caret-color: rgba(0, 0, 0, 0.847); color: rgba(0, 0, 0, 0.847); font-style: italic; line-height: 19.425px; font-family: Aptos, Aptos_EmbeddedFont, Aptos_MSFontService, sans-serif; font-variant-ligatures: none !important; -webkit-nbsp-mode: normal !important;\" xml:lang=\"FR-CA\" data-contrast=\"auto\"><span style=\"-webkit-user-drag: none; margin: 0px; padding: 0px; -webkit-user-select: text; -webkit-nbsp-mode: normal !important;\" data-ccp-parastyle=\"Normal (Web)\">Charte<\/span><\/span><span lang=\"FR-CA\" style=\"font-size: 12pt; -webkit-user-drag: none; margin: 0px; padding: 0px; -webkit-user-select: text; caret-color: rgba(0, 0, 0, 0.847); color: rgba(0, 0, 0, 0.847); line-height: 19.425px; font-family: Aptos, Aptos_EmbeddedFont, Aptos_MSFontService, sans-serif; font-variant-ligatures: none !important; -webkit-nbsp-mode: normal !important;\" xml:lang=\"FR-CA\" data-contrast=\"auto\"><span style=\"-webkit-user-drag: none; margin: 0px; padding: 0px; -webkit-user-select: text; -webkit-nbsp-mode: normal !important;\" data-ccp-parastyle=\"Normal (Web)\">\u00a0n<\/span><span style=\"-webkit-user-drag: none; margin: 0px; padding: 0px; -webkit-user-select: text; -webkit-nbsp-mode: normal !important;\" data-ccp-parastyle=\"Normal (Web)\">\u2019\u00e9t<\/span><span style=\"-webkit-user-drag: none; margin: 0px; padding: 0px; -webkit-user-select: text; -webkit-nbsp-mode: normal !important;\" data-ccp-parastyle=\"Normal (Web)\">ait qu\u2019une premi\u00e8re \u00e9tape\u00a0<\/span><span style=\"-webkit-user-drag: none; margin: 0px; padding: 0px; -webkit-user-select: text; -webkit-nbsp-mode: normal !important;\" data-ccp-parastyle=\"Normal (Web)\">vers\u00a0<\/span><span style=\"-webkit-user-drag: none; margin: 0px; padding: 0px; -webkit-user-select: text; -webkit-nbsp-mode: normal !important;\" data-ccp-parastyle=\"Normal (Web)\">l\u2019\u00e9galit\u00e9\u00a0<\/span><span style=\"-webkit-user-drag: none; margin: 0px; padding: 0px; -webkit-user-select: text; -webkit-nbsp-mode: normal !important;\" data-ccp-parastyle=\"Normal (Web)\">des genres<\/span><span style=\"-webkit-user-drag: none; margin: 0px; padding: 0px; -webkit-user-select: text; -webkit-nbsp-mode: normal !important;\" data-ccp-parastyle=\"Normal (Web)\">.\u00a0<\/span><span style=\"-webkit-user-drag: none; margin: 0px; padding: 0px; -webkit-user-select: text; -webkit-nbsp-mode: normal !important;\" data-ccp-parastyle=\"Normal (Web)\">L\u2019application<\/span><span style=\"-webkit-user-drag: none; margin: 0px; padding: 0px; -webkit-user-select: text; -webkit-nbsp-mode: normal !important;\" data-ccp-parastyle=\"Normal (Web)\">, l\u2019interpr\u00e9tation et la d\u00e9fense des droits \u00e0 l\u2019\u00e9galit\u00e9\u00a0<\/span><span style=\"-webkit-user-drag: none; margin: 0px; padding: 0px; -webkit-user-select: text; -webkit-nbsp-mode: normal !important;\" data-ccp-parastyle=\"Normal (Web)\">allaient n\u00e9cessiter<\/span><span style=\"-webkit-user-drag: none; margin: 0px; padding: 0px; -webkit-user-select: text; -webkit-nbsp-mode: normal !important;\" data-ccp-parastyle=\"Normal (Web)\">\u00a0<\/span><span style=\"-webkit-user-drag: none; margin: 0px; padding: 0px; -webkit-user-select: text; -webkit-nbsp-mode: normal !important;\" data-ccp-parastyle=\"Normal (Web)\">de continuels efforts\u00a0<\/span><span style=\"-webkit-user-drag: none; margin: 0px; padding: 0px; -webkit-user-select: text; -webkit-nbsp-mode: normal !important;\" data-ccp-parastyle=\"Normal (Web)\">de plaidoyer. C\u2019est pr\u00e9cis\u00e9ment dans ce but que\u00a0<\/span><span style=\"-webkit-user-drag: none; margin: 0px; padding: 0px; -webkit-user-select: text; -webkit-nbsp-mode: normal !important;\" data-ccp-parastyle=\"Normal (Web)\">l<\/span><span style=\"-webkit-user-drag: none; margin: 0px; padding: 0px; -webkit-user-select: text; -webkit-nbsp-mode: normal !important;\" data-ccp-parastyle=\"Normal (Web)\">e<\/span><span style=\"-webkit-user-drag: none; margin: 0px; padding: 0px; -webkit-user-select: text; -webkit-nbsp-mode: normal !important;\" data-ccp-parastyle=\"Normal (Web)\">\u00a0<\/span><span style=\"-webkit-user-drag: none; margin: 0px; padding: 0px; -webkit-user-select: text; -webkit-nbsp-mode: normal !important;\" data-ccp-parastyle=\"Normal (Web)\">FAEJ<\/span><span style=\"-webkit-user-drag: none; margin: 0px; padding: 0px; -webkit-user-select: text; -webkit-nbsp-mode: normal !important;\" data-ccp-parastyle=\"Normal (Web)\">\u00a0a vu le jour, sous l\u2019impulsion de f\u00e9ministes profond\u00e9ment engag\u00e9es qui ont non seulement lanc\u00e9 cette initiative, mais aussi fait avancer ce travail.<\/span><\/span><\/p><p><span lang=\"FR-CA\" style=\"font-size: 12pt; -webkit-user-drag: none; margin: 0px; padding: 0px; -webkit-user-select: text; caret-color: rgba(0, 0, 0, 0.847); color: rgba(0, 0, 0, 0.847); line-height: 19.425px; font-family: Aptos, Aptos_EmbeddedFont, Aptos_MSFontService, sans-serif; font-weight: bold; font-variant-ligatures: none !important; -webkit-nbsp-mode: normal !important;\" xml:lang=\"FR-CA\" data-contrast=\"auto\"><span style=\"-webkit-user-drag: none; margin: 0px; padding: 0px; -webkit-user-select: text; -webkit-nbsp-mode: normal !important;\" data-ccp-parastyle=\"Normal (Web)\">LES FONDATRICES DU FAEJ<\/span><\/span><\/p>\t\t\t\t\t\t\t\t<\/div>\n\t\t\t\t<\/div>\n\t\t\t\t<div class=\"elementor-element elementor-element-8850f32 elementor-widget elementor-widget-text-editor\" data-id=\"8850f32\" data-element_type=\"widget\" data-e-type=\"widget\" data-widget_type=\"text-editor.default\">\n\t\t\t\t<div class=\"elementor-widget-container\">\n\t\t\t\t\t\t\t\t\t<p><span class=\"TextRun Highlight SCXW14301415 BCX4\" lang=\"EN-US\" xml:lang=\"EN-US\" data-contrast=\"auto\"><span class=\"NormalTextRun CommentStart CommentHighlightPipeHovered CommentHighlightHovered SCXW14301415 BCX4\">Jennie Abell<\/span><\/span><span class=\"LineBreakBlob BlobObject DragDrop CommentBlobHighlightHovered SCXW14301415 BCX4\"><span class=\"SCXW14301415 BCX4\">\u00a0<\/span><br class=\"SCXW14301415 BCX4\" \/><\/span><span class=\"TextRun Highlight SCXW14301415 BCX4\" lang=\"EN-US\" xml:lang=\"EN-US\" data-contrast=\"auto\"><span class=\"NormalTextRun CommentHighlightHovered SCXW14301415 BCX4\">Denise Arsenault<\/span><\/span><span class=\"LineBreakBlob BlobObject DragDrop CommentBlobHighlightHovered SCXW14301415 BCX4\"><span class=\"SCXW14301415 BCX4\">\u00a0<\/span><br class=\"SCXW14301415 BCX4\" \/><\/span><span class=\"TextRun Highlight SCXW14301415 BCX4\" lang=\"EN-US\" xml:lang=\"EN-US\" data-contrast=\"auto\"><span class=\"NormalTextRun CommentHighlightHovered SCXW14301415 BCX4\">Beth Atcheson<\/span><\/span><span class=\"LineBreakBlob BlobObject DragDrop CommentBlobHighlightHovered SCXW14301415 BCX4\"><span class=\"SCXW14301415 BCX4\">\u00a0<\/span><br class=\"SCXW14301415 BCX4\" \/><\/span><span class=\"TextRun Highlight SCXW14301415 BCX4\" lang=\"EN-US\" xml:lang=\"EN-US\" data-contrast=\"auto\"><span class=\"NormalTextRun CommentHighlightHovered SCXW14301415 BCX4\">Flora Buchan<\/span><\/span><span class=\"LineBreakBlob BlobObject DragDrop CommentBlobHighlightHovered SCXW14301415 BCX4\"><span class=\"SCXW14301415 BCX4\">\u00a0<\/span><br class=\"SCXW14301415 BCX4\" \/><\/span><span class=\"TextRun Highlight SCXW14301415 BCX4\" lang=\"EN-US\" xml:lang=\"EN-US\" data-contrast=\"auto\"><span class=\"NormalTextRun CommentHighlightHovered SCXW14301415 BCX4\">Patricia Cooper<\/span><\/span><span class=\"LineBreakBlob BlobObject DragDrop CommentBlobHighlightHovered SCXW14301415 BCX4\"><span class=\"SCXW14301415 BCX4\">\u00a0<\/span><br class=\"SCXW14301415 BCX4\" \/><\/span><span class=\"TextRun Highlight SCXW14301415 BCX4\" lang=\"EN-US\" xml:lang=\"EN-US\" data-contrast=\"auto\"><span class=\"NormalTextRun CommentHighlightHovered SCXW14301415 BCX4\">Daphne Dumont<\/span><\/span><span class=\"LineBreakBlob BlobObject DragDrop CommentBlobHighlightHovered SCXW14301415 BCX4\"><span class=\"SCXW14301415 BCX4\">\u00a0<\/span><br class=\"SCXW14301415 BCX4\" \/><\/span><span class=\"TextRun Highlight SCXW14301415 BCX4\" lang=\"EN-US\" xml:lang=\"EN-US\" data-contrast=\"auto\"><span class=\"NormalTextRun CommentHighlightHovered SCXW14301415 BCX4\">Mary Eberts<\/span><\/span><span class=\"LineBreakBlob BlobObject DragDrop CommentBlobHighlightHovered SCXW14301415 BCX4\"><span class=\"SCXW14301415 BCX4\">\u00a0<\/span><br class=\"SCXW14301415 BCX4\" \/><\/span><span class=\"TextRun Highlight SCXW14301415 BCX4\" lang=\"EN-US\" xml:lang=\"EN-US\" data-contrast=\"auto\"><span class=\"NormalTextRun CommentHighlightHovered SCXW14301415 BCX4\">Halyna Freeland<\/span><\/span><span class=\"LineBreakBlob BlobObject DragDrop CommentBlobHighlightHovered SCXW14301415 BCX4\"><span class=\"SCXW14301415 BCX4\">\u00a0<\/span><br class=\"SCXW14301415 BCX4\" \/><\/span><span class=\"TextRun Highlight SCXW14301415 BCX4\" lang=\"EN-US\" xml:lang=\"EN-US\" data-contrast=\"auto\"><span class=\"NormalTextRun CommentHighlightHovered SCXW14301415 BCX4\">Dale Gibson<\/span><\/span><span class=\"LineBreakBlob BlobObject DragDrop CommentBlobHighlightHovered SCXW14301415 BCX4\"><span class=\"SCXW14301415 BCX4\">\u00a0<\/span><br class=\"SCXW14301415 BCX4\" \/><\/span><span class=\"TextRun Highlight SCXW14301415 BCX4\" lang=\"EN-US\" xml:lang=\"EN-US\" data-contrast=\"auto\"><span class=\"NormalTextRun CommentHighlightHovered SCXW14301415 BCX4\">Nancy Ruth<\/span><\/span><span class=\"LineBreakBlob BlobObject DragDrop CommentBlobHighlightHovered SCXW14301415 BCX4\"><span class=\"SCXW14301415 BCX4\">\u00a0<\/span><br class=\"SCXW14301415 BCX4\" \/><\/span><span class=\"TextRun Highlight SCXW14301415 BCX4\" lang=\"EN-US\" xml:lang=\"EN-US\" data-contrast=\"auto\"><span class=\"NormalTextRun CommentHighlightHovered SCXW14301415 BCX4\">Helene LeBel<\/span><\/span><span class=\"LineBreakBlob BlobObject DragDrop CommentBlobHighlightHovered SCXW14301415 BCX4\"><span class=\"SCXW14301415 BCX4\">\u00a0<\/span><br class=\"SCXW14301415 BCX4\" \/><\/span><span class=\"TextRun Highlight SCXW14301415 BCX4\" lang=\"EN-US\" xml:lang=\"EN-US\" data-contrast=\"auto\"><span class=\"NormalTextRun CommentHighlightHovered SCXW14301415 BCX4\">Gayle MacDonald<\/span><\/span><span class=\"LineBreakBlob BlobObject DragDrop CommentBlobHighlightHovered SCXW14301415 BCX4\"><span class=\"SCXW14301415 BCX4\">\u00a0<\/span><br class=\"SCXW14301415 BCX4\" \/><\/span><span class=\"TextRun Highlight SCXW14301415 BCX4\" lang=\"EN-US\" xml:lang=\"EN-US\" data-contrast=\"auto\"><span class=\"NormalTextRun CommentHighlightHovered SCXW14301415 BCX4\">Shauna MacKenzie<\/span><\/span><span class=\"LineBreakBlob BlobObject DragDrop CommentBlobHighlightHovered SCXW14301415 BCX4\"><span class=\"SCXW14301415 BCX4\">\u00a0<\/span><br class=\"SCXW14301415 BCX4\" \/><\/span><span class=\"TextRun Highlight SCXW14301415 BCX4\" lang=\"EN-US\" xml:lang=\"EN-US\" data-contrast=\"auto\"><span class=\"NormalTextRun CommentHighlightHovered SCXW14301415 BCX4\">Marilou McPhedran<\/span><\/span><span class=\"LineBreakBlob BlobObject DragDrop CommentBlobHighlightHovered SCXW14301415 BCX4\"><span class=\"SCXW14301415 BCX4\">\u00a0<\/span><br class=\"SCXW14301415 BCX4\" \/><\/span><span class=\"TextRun Highlight SCXW14301415 BCX4\" lang=\"EN-US\" xml:lang=\"EN-US\" data-contrast=\"auto\"><span class=\"NormalTextRun CommentHighlightHovered SCXW14301415 BCX4\">Sylvia Neschokat<\/span><\/span><span class=\"LineBreakBlob BlobObject DragDrop CommentBlobHighlightHovered SCXW14301415 BCX4\"><span class=\"SCXW14301415 BCX4\">\u00a0<\/span><br class=\"SCXW14301415 BCX4\" \/><\/span><span class=\"TextRun Highlight SCXW14301415 BCX4\" lang=\"EN-US\" xml:lang=\"EN-US\" data-contrast=\"auto\"><span class=\"NormalTextRun CommentHighlightHovered SCXW14301415 BCX4\">Brigid O\u2019Reilly<\/span><\/span><span class=\"LineBreakBlob BlobObject DragDrop CommentBlobHighlightHovered SCXW14301415 BCX4\"><span class=\"SCXW14301415 BCX4\">\u00a0<\/span><br class=\"SCXW14301415 BCX4\" \/><\/span><span class=\"TextRun Highlight SCXW14301415 BCX4\" lang=\"EN-US\" xml:lang=\"EN-US\" data-contrast=\"auto\"><span class=\"NormalTextRun CommentHighlightHovered SCXW14301415 BCX4\">Yvonne Peters<\/span><\/span><span class=\"LineBreakBlob BlobObject DragDrop CommentBlobHighlightHovered SCXW14301415 BCX4\"><span class=\"SCXW14301415 BCX4\">\u00a0<\/span><br class=\"SCXW14301415 BCX4\" \/><\/span><span class=\"TextRun Highlight SCXW14301415 BCX4\" lang=\"EN-US\" xml:lang=\"EN-US\" data-contrast=\"auto\"><span class=\"NormalTextRun CommentHighlightHovered SCXW14301415 BCX4\">Eve Roberts<\/span><\/span><span class=\"LineBreakBlob BlobObject DragDrop CommentBlobHighlightHovered SCXW14301415 BCX4\"><span class=\"SCXW14301415 BCX4\">\u00a0<\/span><br class=\"SCXW14301415 BCX4\" \/><\/span><span class=\"TextRun Highlight SCXW14301415 BCX4\" lang=\"EN-US\" xml:lang=\"EN-US\" data-contrast=\"auto\"><span class=\"NormalTextRun CommentHighlightHovered SCXW14301415 BCX4\">Loretta Scott<\/span><\/span><span class=\"LineBreakBlob BlobObject DragDrop CommentBlobHighlightHovered SCXW14301415 BCX4\"><span class=\"SCXW14301415 BCX4\">\u00a0<\/span><br class=\"SCXW14301415 BCX4\" \/><\/span><span class=\"TextRun Highlight SCXW14301415 BCX4\" lang=\"EN-US\" xml:lang=\"EN-US\" data-contrast=\"auto\"><span class=\"NormalTextRun CommentHighlightHovered SCXW14301415 BCX4\">Magda Seydegart<\/span><\/span><span class=\"LineBreakBlob BlobObject DragDrop CommentBlobHighlightHovered SCXW14301415 BCX4\"><span class=\"SCXW14301415 BCX4\">\u00a0<\/span><br class=\"SCXW14301415 BCX4\" \/><\/span><span class=\"TextRun Highlight SCXW14301415 BCX4\" lang=\"EN-US\" xml:lang=\"EN-US\" data-contrast=\"auto\"><span class=\"NormalTextRun CommentHighlightHovered SCXW14301415 BCX4\">Lynn Smith<\/span><\/span><span class=\"LineBreakBlob BlobObject DragDrop CommentBlobHighlightHovered SCXW14301415 BCX4\"><span class=\"SCXW14301415 BCX4\">\u00a0<\/span><br class=\"SCXW14301415 BCX4\" \/><\/span><span class=\"TextRun Highlight SCXW14301415 BCX4\" lang=\"EN-US\" xml:lang=\"EN-US\" data-contrast=\"auto\"><span class=\"NormalTextRun CommentHighlightHovered SCXW14301415 BCX4\">Eloise Spitzer<\/span><\/span><span class=\"LineBreakBlob BlobObject DragDrop CommentBlobHighlightHovered SCXW14301415 BCX4\"><span class=\"SCXW14301415 BCX4\">\u00a0<\/span><br class=\"SCXW14301415 BCX4\" \/><\/span><span class=\"TextRun Highlight SCXW14301415 BCX4\" lang=\"EN-US\" xml:lang=\"EN-US\" data-contrast=\"auto\"><span class=\"NormalTextRun CommentHighlightHovered SCXW14301415 BCX4\">Donna Stephania<\/span><\/span><span class=\"LineBreakBlob BlobObject DragDrop CommentBlobHighlightHovered SCXW14301415 BCX4\"><span class=\"SCXW14301415 BCX4\">\u00a0<\/span><br class=\"SCXW14301415 BCX4\" \/><\/span><span class=\"TextRun Highlight SCXW14301415 BCX4\" lang=\"EN-US\" xml:lang=\"EN-US\" data-contrast=\"auto\"><span class=\"NormalTextRun CommentHighlightHovered SCXW14301415 BCX4\">Beth Symes<\/span><\/span><span class=\"LineBreakBlob BlobObject DragDrop CommentBlobHighlightHovered SCXW14301415 BCX4\"><span class=\"SCXW14301415 BCX4\">\u00a0<\/span><br class=\"SCXW14301415 BCX4\" \/><\/span><span class=\"TextRun Highlight SCXW14301415 BCX4\" lang=\"EN-US\" xml:lang=\"EN-US\" data-contrast=\"auto\"><span class=\"NormalTextRun CommentHighlightHovered SCXW14301415 BCX4\">Susan Tanner<\/span><\/span><span class=\"EOP CommentHighlightPipeHovered SCXW14301415 BCX4\" data-ccp-props=\"{&quot;134233117&quot;:false,&quot;134233118&quot;:false,&quot;335559738&quot;:240,&quot;335559739&quot;:240}\">\u00a0<\/span><\/p>\t\t\t\t\t\t\t\t<\/div>\n\t\t\t\t<\/div>\n\t\t\t\t<div class=\"elementor-element elementor-element-f721a99 elementor-widget elementor-widget-text-editor\" data-id=\"f721a99\" data-element_type=\"widget\" data-e-type=\"widget\" data-widget_type=\"text-editor.default\">\n\t\t\t\t<div class=\"elementor-widget-container\">\n\t\t\t\t\t\t\t\t\t<h5>Des moments-phares de lutte du FAEJ pour la justice de genre<\/h5>\t\t\t\t\t\t\t\t<\/div>\n\t\t\t\t<\/div>\n\t\t\t\t<div class=\"elementor-element elementor-element-587aae7 elementor-widget__width-initial elementor-widget elementor-widget-ucaddon_unlimited_timeline\" data-id=\"587aae7\" data-element_type=\"widget\" data-e-type=\"widget\" data-widget_type=\"ucaddon_unlimited_timeline.default\">\n\t\t\t\t<div class=\"elementor-widget-container\">\n\t\t\t\t\t\n<!-- start Unlimited Timeline -->\n\t\t<link id='font-awesome-css' href='https:\/\/www.leaf.ca\/wp-content\/plugins\/unlimited-elements-for-elementor-premium\/assets_libraries\/font-awesome6\/fontawesome-all.min.css' type='text\/css' rel='stylesheet' >\n\t\t<link id='font-awesome-4-shim-css' href='https:\/\/www.leaf.ca\/wp-content\/plugins\/unlimited-elements-for-elementor-premium\/assets_libraries\/font-awesome6\/fontawesome-v4-shims.min.css' type='text\/css' rel='stylesheet' >\n\n<style>\/* widget: Unlimited Timeline *\/\n\n\n\n#uc_unlimited_timeline_elementor_587aae7{\n  direction:ltr;\n}\n\n#uc_unlimited_timeline_elementor_587aae7 *{\n  box-sizing:border-box;\n}\n\n#uc_unlimited_timeline_elementor_587aae7 .ue_timeline_item{\n  display:flex;\n  flex-direction:row-reverse;\n}\n\n#uc_unlimited_timeline_elementor_587aae7 .ue_timeline_item_icon{\n  display:flex;\n  flex-direction:column;\n  align-items:center;\n}\n\n#uc_unlimited_timeline_elementor_587aae7 .ue_timeline_item_icon_line{\n  flex-grow:1;\n}\n\n#uc_unlimited_timeline_elementor_587aae7 .ue_timeline_item_icon_line_offset{\n  flex-grow:0;\n  flex-shrink:0;\n}\n\n#uc_unlimited_timeline_elementor_587aae7 .ue_timeline_item_icon_holder{\n  display:flex;\n  justify-content:center;\n  align-items:center;\n  line-height:1em;\n  flex-direction:column;\n  transition: all 0.4s ease-in-out;\n  text-align: center;\n}\n\n#uc_unlimited_timeline_elementor_587aae7 .ue_timeline_item_icon_holder svg{\n  height:1em;\n  width:1em;\n}\n\n#uc_unlimited_timeline_elementor_587aae7 .ue_timeline_item_content{\n  flex:1;\n  flex-shrink:0;\n  flex-direction:row-reverse;\n}\n\n#uc_unlimited_timeline_elementor_587aae7 .ue_timeline_item_spacer{\n  flex:1;\n  flex-shrink:0;\n}\n\n#uc_unlimited_timeline_elementor_587aae7 .ue_timeline_item_content_main{\n  flex-grow:1;\n  word-break: break-word;\n  transition: all .3s;\n  position: relative;\n}\n\n#uc_unlimited_timeline_elementor_587aae7 .ue_timeline_item_content_main_link{\n  position: absolute;\n  width: 100%;\n  height: 100%;\n  left: 0;\n  top: 0;\n  display: block;\n}\n\n#uc_unlimited_timeline_elementor_587aae7 .ue_timeline_item_content{\n  display:flex;\n}\n\n#uc_unlimited_timeline_elementor_587aae7 .ue_timeline_item_pointer_spacer{\n  flex-grow:0;\n  flex-shrink:0;\n}\n\n#uc_unlimited_timeline_elementor_587aae7 .ue_timeline_item_icon{\n  flex-grow:0;\n  flex-shrink:0;\n}\n\n#uc_unlimited_timeline_elementor_587aae7 .ue_timeline_item_pointer{  \n  flex-grow:0;\n  flex-shrink:0;\n  margin-top:0px;\n  position:relative;\n}\n\n#uc_unlimited_timeline_elementor_587aae7 .ue_timeline_item .ue_timeline_item_content .ue_timeline_item_pointer .ue_timeline_item_pointer_inside{\n  position:relative;\n  clip-path: polygon(0 50%, 100% 0, 100% 100%);\n  transition: all .3s;\n}\n\n  #uc_unlimited_timeline_elementor_587aae7 .ue_timeline_item:last-child .ue_timeline_item_icon_line{\n    display:none;\n  }\n\t\n\n#uc_unlimited_timeline_elementor_587aae7 .ue_timeline_item:last-child .ue_timeline_item_content{\n  margin-bottom:0px;\n}\n\n#uc_unlimited_timeline_elementor_587aae7 .ue_timeline_item_spacer  {\n  display:none;\n}\n\n  #uc_unlimited_timeline_elementor_587aae7 .ue_timeline_item:nth-child(odd)    {\n   flex-direction:row;\n  }\n\n  #uc_unlimited_timeline_elementor_587aae7 .ue_timeline_item:nth-child(odd) .ue_timeline_item_content{\n   flex-direction:row;\n  } \n\n  #uc_unlimited_timeline_elementor_587aae7 .ue_timeline_item_spacer  {\n    display:block;\n  }\n\n  #uc_unlimited_timeline_elementor_587aae7 .ue_timeline_item:nth-child(odd) .ue_timeline_item_content .ue_timeline_item_pointer .ue_timeline_item_pointer_inside{ \n   clip-path: polygon(100% 50%, 0 0, 0 100%);\n  }\n\t\n\n#uc_unlimited_timeline_elementor_587aae7 .ue_timeline_item_button{\n\tdisplay: flex;\n  \talign-items: center;\n}\n\n#uc_unlimited_timeline_elementor_587aae7 .ue_timeline_item_link{\n\tcursor: pointer;\n  \ttransition: all .3s;\n}\n\n\n.ue_timeline_item_title{\n  font-size:21px;\n}\n\n.ue_text_one, .ue_text_two, .ue_text_three{\n  font-size:14px;\n  line-height:1.1em;\n}\n\n.ue_timeline_item_icon_line_mask, .ue_timeline_item_icon_line_offset_mask {\n  width: 100%;\n  height: 0%;\n  max-height: 100%;\n  will-change: height;\n}\n\n#uc_unlimited_timeline_elementor_587aae7 .ue_timeline_item_line_icon_holder{\n  position: relative;\n}\n\n#uc_unlimited_timeline_elementor_587aae7 .ue_timeline_item_line_floating_icon,\n#uc_unlimited_timeline_elementor_587aae7 .ue_timeline_item_line_floating_icon-offset{\n  position: absolute;\n  bottom: 0;\n  left: 50%;\n  transform: translate(-50%, 0%);\n  opacity: 0;\n  display: none;\n    display: none !important;\n  }\n\n#uc_unlimited_timeline_elementor_587aae7 .ue_timeline_floating_icon{\n  display:flex;\n  opacity: 1;\n  justify-content:center;\n  align-items:center;\n  line-height:1em;\n  flex-direction:column;\n  transition: all 0.4s ease-in-out;\n  text-align: center;\n}\n  \n#uc_unlimited_timeline_elementor_587aae7 .ue_timeline_item_image{\nobject-fit: cover;\n}\n\n#uc_unlimited_timeline_elementor_587aae7 .ue_timeline_item_content_inside{\n  position:relative;\n}\n\n#uc_unlimited_timeline_elementor_587aae7 .ue_timeline_item_content_main{\n  position:relative;\n  overflow:hidden;\n}\n\n\n@media only screen and (max-width: 768px) {\n  #uc_unlimited_timeline_elementor_587aae7 .ue_timeline_item{\n    flex-direction:row-reverse !important;\n  }\n\n  #uc_unlimited_timeline_elementor_587aae7 .ue_timeline_item .ue_timeline_item_content{\n   flex-direction:row-reverse !important;\n  }\n  \n  #uc_unlimited_timeline_elementor_587aae7 .ue_timeline_item_spacer  {\n    display:none;\n  }\n  \n  #uc_unlimited_timeline_elementor_587aae7 .ue_timeline_item .ue_timeline_item_content .ue_timeline_item_pointer .ue_timeline_item_pointer_inside  { \n   clip-path: polygon(0 50%, 100% 0, 100% 100%) !important;\n  }  \n}\n#uc_unlimited_timeline_elementor_587aae7 .ue_timeline_item_img_wrapper{\n  display: flex;\n}\n#uc_unlimited_timeline_elementor_587aae7 .ue_timeline_item:nth-child(even) .ue_timeline_item_img_wrapper{\n  justify-content: flex-end;\n}\n#uc_unlimited_timeline_elementor_587aae7 .ue_timeline_item:nth-child(odd) .ue_timeline_item_img_wrapper{\n  justify-content: flex-start;\n}\n\t\n\n\n\n\n\n\t\n\n\n\n\n\n\t\n\n\n\n\n\n\t\n\n\n\n\n\n\t\n\n\n\n\n\n\t\n\n\n\n\n\n\t\n\n\n\n\n\n\t\n\n\n\n\n\n\t\n\n\n\n\n\n\t\n\n\n\n\n\n\t\n\n\n\n\n\n\t\n\n\n\n\n\n\t\n\n\n\n\n\n\t\n\n\n\n\n\n\t\n\n\n\n\n\n\t\n\n\n\n\n\n\t\n\n\n\n\n\n\t\n\n\n\n\n\n\t\n\n\n\n\n\n\n\n<\/style>\n\n<div id=\"uc_unlimited_timeline_elementor_587aae7\" class=\"uc-items-wrapper \"  >\n  \n<div class=\"ue_timeline_item elementor-repeater-item-38738ea \" id=\"uc_unlimited_timeline_elementor_587aae7_item1\">\n    <div class=\"ue_timeline_item_content\">\n      \n      <div class=\"ue_timeline_item_content_main\">\n        \n                                <img decoding=\"async\" class=\"ue_timeline_item_image\" src=\"\" >\n                          \n        <div class=\"ue_timeline_item_content_inside\">\n                <div class=\"ue_timeline_item_title\" >La fondation du FAEJ<\/div>                <div class=\"ue_timeline_item_text\"><p>Le 17\u00a0avril 1985, est entr\u00e9 en vigueur l\u2019article\u00a015 de la <em>Charte<\/em> <em>canadienne des droits et libert\u00e9s<\/em>, la disposition garantissant le droit \u00e0 l\u2019\u00e9galit\u00e9. Avec l\u2019article\u00a028, qui garantit \u00ab\u00a0\u00e9galement aux personnes des deux sexes\u00a0\u00bb tous les droits et libert\u00e9s de la <em>Charte<\/em>, l\u2019article\u00a015 est la pierre d\u2019assise du droit \u00e0 l\u2019\u00e9galit\u00e9 des femmes inscrit dans la <em>Charte<\/em> ainsi que du droit \u00e0 l\u2019\u00e9galit\u00e9 entre les genres. Ces dispositions ont \u00e9t\u00e9 inscrites dans la <em>Charte <\/em>de notre pays gr\u00e2ce au travail inlassable de plusieurs des m\u00e8res fondatrices du FAEJ.<\/p><p>Le FAEJ a \u00e9t\u00e9 fond\u00e9 le jour m\u00eame de l\u2019entr\u00e9e en vigueur de l\u2019article\u00a015, et cette ann\u00e9e-l\u00e0, nous avons lanc\u00e9 pas moins de trois contestations judiciaires fond\u00e9es sur la <em>Charte<\/em>.<\/p><\/div>\t\n      \t          \n        <\/div>\n              <\/div>\n      \n            <div class=\"ue_timeline_item_pointer\">\n        <div class=\"ue_timeline_item_pointer_inside\"><\/div>\n      <\/div>\n            \n      <div class=\"ue_timeline_item_pointer_spacer\"><\/div>\n      \n    <\/div>\n  \n    <div class=\"ue_timeline_item_icon\">\n      <div class=\"ue_timeline_item_icon_line_offset\">\n      \t<div class=\"ue_timeline_item_icon_line_offset_mask ue_timeline_item_line_icon_holder\">\n          <div class=\"ue_timeline_item_line_floating_icon-offset ue_timeline_floating_icon\"><i class='fas fa-rocket'><\/i><\/div>\n        <\/div>\n      <\/div>\n      <div class=\"ue_timeline_item_icon_holder\">\n                                             <div class=\"ue_text_one\">1985<\/div>\n             <div class=\"ue_text_two\"><\/div>\n             <div class=\"ue_text_three\"><\/div>\n              <\/div>\n      \n      <div class=\"ue_timeline_item_icon_line\">\n      \t<div class=\"ue_timeline_item_icon_line_mask ue_timeline_item_line_icon_holder\">\n          <div class=\"ue_timeline_item_line_floating_icon ue_timeline_floating_icon\"><i class='fas fa-rocket'><\/i><\/div>\n        <\/div>\n      <\/div>\n      \n    <\/div>\n    <div class=\"ue_timeline_item_spacer\">\n            <div class=\"ue_timeline_item_img_wrapper\">\n                <img decoding=\"async\" class=\"uet_opposite_img\" src=\"https:\/\/www.leaf.ca\/wp-content\/uploads\/2025\/04\/Bertrand-Timeline-1.png\" alt=\"Bertrand Timeline\" title=\"Bertrand Timeline\">\n              <\/div>\n        \t<\/div>\n  <\/div>\n\n<div class=\"ue_timeline_item elementor-repeater-item-94bb4b8 \" id=\"uc_unlimited_timeline_elementor_587aae7_item2\">\n    <div class=\"ue_timeline_item_content\">\n      \n      <div class=\"ue_timeline_item_content_main\">\n        \n                                <img decoding=\"async\" class=\"ue_timeline_item_image\" src=\"\" >\n                          \n        <div class=\"ue_timeline_item_content_inside\">\n                <div class=\"ue_timeline_item_title\" >Lutte pour le droit des femmes mari\u00e9es de changer leur nom de famille<\/div>                <div class=\"ue_timeline_item_text\"><p>L\u2019affaire\u00a0<strong><a href=\"https:\/\/www.leaf.ca\/fr\/case_summary\/bertrand-1985\/\"><em>Bertrand c. le Commissaire du Territoire du Yukon<\/em><\/a>\u00a0<\/strong>a \u00e9t\u00e9 la premi\u00e8re action en justice parrain\u00e9e par le FAEJ. Nous y avons soutenu qu\u2019une partie de la\u00a0<em>Loi sur le changement de nom du Yukon<\/em>, qui refusait aux femmes mari\u00e9es le droit de changer de nom de famille, \u00e9tait inconstitutionnelle. La Cour supr\u00eame du Yukon nous a donn\u00e9 raison et a invalid\u00e9 cette disposition, ce qui a permis aux femmes du Yukon de garder leur nom de jeune fille apr\u00e8s s\u2019\u00eatre mari\u00e9es.<\/p><\/div>\t\n      \t          \n        <\/div>\n              <\/div>\n      \n            <div class=\"ue_timeline_item_pointer\">\n        <div class=\"ue_timeline_item_pointer_inside\"><\/div>\n      <\/div>\n            \n      <div class=\"ue_timeline_item_pointer_spacer\"><\/div>\n      \n    <\/div>\n  \n    <div class=\"ue_timeline_item_icon\">\n      <div class=\"ue_timeline_item_icon_line_offset\">\n      \t<div class=\"ue_timeline_item_icon_line_offset_mask ue_timeline_item_line_icon_holder\">\n          <div class=\"ue_timeline_item_line_floating_icon-offset ue_timeline_floating_icon\"><i class='fas fa-rocket'><\/i><\/div>\n        <\/div>\n      <\/div>\n      <div class=\"ue_timeline_item_icon_holder\">\n                                             <div class=\"ue_text_one\">1985<\/div>\n             <div class=\"ue_text_two\"><\/div>\n             <div class=\"ue_text_three\"><\/div>\n              <\/div>\n      \n      <div class=\"ue_timeline_item_icon_line\">\n      \t<div class=\"ue_timeline_item_icon_line_mask ue_timeline_item_line_icon_holder\">\n          <div class=\"ue_timeline_item_line_floating_icon ue_timeline_floating_icon\"><i class='fas fa-rocket'><\/i><\/div>\n        <\/div>\n      <\/div>\n      \n    <\/div>\n    <div class=\"ue_timeline_item_spacer\">\n            <div class=\"ue_timeline_item_img_wrapper\">\n                <img decoding=\"async\" class=\"uet_opposite_img\" src=\"https:\/\/www.leaf.ca\/wp-content\/uploads\/2025\/04\/Surnames-Timeline-e1743886733954.png\" alt=\"Surnames Timeline\" title=\"Surnames Timeline\">\n              <\/div>\n        \t<\/div>\n  <\/div>\n\n<div class=\"ue_timeline_item elementor-repeater-item-e783e49 \" id=\"uc_unlimited_timeline_elementor_587aae7_item3\">\n    <div class=\"ue_timeline_item_content\">\n      \n      <div class=\"ue_timeline_item_content_main\">\n        \n                                <img decoding=\"async\" class=\"ue_timeline_item_image\" src=\"\" >\n                          \n        <div class=\"ue_timeline_item_content_inside\">\n                <div class=\"ue_timeline_item_title\" >\u00c0 la d\u00e9fense des droits socio\u00e9conomiques des travailleur\u00b7euse\u00b7s de soins<\/div>                <div class=\"ue_timeline_item_text\"><p><strong><a href=\"https:\/\/www.leaf.ca\/fr\/case_summary\/melita-m-chittenden-1986\/\"><em>Chittenden, Villanueva, la Toronto Organization for Domestic Workers\u2019 Rights c. le Procureur g\u00e9n\u00e9ral de l\u2019Ontario<\/em><\/a><\/strong>, une autre action en justice parrain\u00e9e par le LEAF, a remis en question la constitutionnalit\u00e9 de certains articles de la\u00a0<em>Loi sur les normes d\u2019emploi de l\u2019Ontario<\/em>. Cette loi excluait les travailleuses domestiques \u2013 en forte majorit\u00e9 des femmes immigrantes \u2013 de nombreuses mesures de protection de l\u2019emploi accord\u00e9es \u00e0 d\u2019autres travailleur\u00b7euse\u00b7s.<\/p><p>\u00c0 la suite de cette contestation en justice, le gouvernement de l\u2019Ontario a \u00e9tendu aux travailleur\u00b7euse\u00b7s domestiques les protections du salaire minimum et du paiement de leurs heures de travail suppl\u00e9mentaires.<\/p><p>Notre solidarit\u00e9 avec les travailleur\u00b7euse\u00b7s de soins se prolonge aujourd\u2019hui dans le projet <strong><a href=\"https:\/\/www.leaf.ca\/fr\/project\/valoriser-leconomie-des-soins\/\">\u00ab\u00a0Valoriser l\u2019\u00e9conomie des soins\u00a0\u00bb<\/a>.<\/strong>\u00a0Ce projet proposera des moyens de rem\u00e9dier \u00e0 la sous-estimation de la valeur du travail de soins en apportant des r\u00e9formes \u00e0 nos syst\u00e8mes de protection sociale, notamment dans des domaines comme les normes du travail et leur application, l\u2019immigration et l\u2019assistance sociale.<\/p><\/div>\t\n      \t          \n        <\/div>\n              <\/div>\n      \n            <div class=\"ue_timeline_item_pointer\">\n        <div class=\"ue_timeline_item_pointer_inside\"><\/div>\n      <\/div>\n            \n      <div class=\"ue_timeline_item_pointer_spacer\"><\/div>\n      \n    <\/div>\n  \n    <div class=\"ue_timeline_item_icon\">\n      <div class=\"ue_timeline_item_icon_line_offset\">\n      \t<div class=\"ue_timeline_item_icon_line_offset_mask ue_timeline_item_line_icon_holder\">\n          <div class=\"ue_timeline_item_line_floating_icon-offset ue_timeline_floating_icon\"><i class='fas fa-rocket'><\/i><\/div>\n        <\/div>\n      <\/div>\n      <div class=\"ue_timeline_item_icon_holder\">\n                                             <div class=\"ue_text_one\">1986<\/div>\n             <div class=\"ue_text_two\"><\/div>\n             <div class=\"ue_text_three\"><\/div>\n              <\/div>\n      \n      <div class=\"ue_timeline_item_icon_line\">\n      \t<div class=\"ue_timeline_item_icon_line_mask ue_timeline_item_line_icon_holder\">\n          <div class=\"ue_timeline_item_line_floating_icon ue_timeline_floating_icon\"><i class='fas fa-rocket'><\/i><\/div>\n        <\/div>\n      <\/div>\n      \n    <\/div>\n    <div class=\"ue_timeline_item_spacer\">\n            <div class=\"ue_timeline_item_img_wrapper\">\n                <img decoding=\"async\" class=\"uet_opposite_img\" src=\"https:\/\/www.leaf.ca\/wp-content\/uploads\/2025\/03\/IWD-1990-Intercede-red.png\" alt=\"IWD-1990-Intercede-red\" title=\"IWD-1990-Intercede-red\">\n              <\/div>\n        \t<\/div>\n  <\/div>\n\n<div class=\"ue_timeline_item elementor-repeater-item-38d2f49 \" id=\"uc_unlimited_timeline_elementor_587aae7_item4\">\n    <div class=\"ue_timeline_item_content\">\n      \n      <div class=\"ue_timeline_item_content_main\">\n        \n                                <img decoding=\"async\" class=\"ue_timeline_item_image\" src=\"\" >\n                          \n        <div class=\"ue_timeline_item_content_inside\">\n                <div class=\"ue_timeline_item_title\" >La discrimination li\u00e9e \u00e0 la grossesse est une discrimination li\u00e9e au sexe<\/div>                <div class=\"ue_timeline_item_text\"><p>Lorsque l\u2019offre d\u2019emploi qu\u2019on lui avait faite a \u00e9t\u00e9 annul\u00e9e en raison de sa grossesse, Christine Davies a d\u00e9pos\u00e9 une action en mati\u00e8re de droits de la personne, pour discrimination sexuelle, et a eu gain de cause et obtenu une indemnisation. L\u2019employeur a alors d\u00e9pos\u00e9 une demande de contr\u00f4le judiciaire et le <a href=\"https:\/\/www.leaf.ca\/fr\/case_summary\/century-oils-1988\/\"><strong>FAEJ a parrain\u00e9 Mme\u00a0Davies<\/strong><\/a> devant la Cour supr\u00eame de la Colombie-Britannique. La Cour a rejet\u00e9 la demande de l\u2019employeur, rendant une d\u00e9cision qui fait jurisprudence\u00a0: la discrimination li\u00e9e \u00e0 la grossesse est une forme de discrimination sexuelle.<\/p><p>La lutte du FAEJ contre la discrimination li\u00e9e \u00e0 la grossesse ne s\u2019est pas arr\u00eat\u00e9e l\u00e0. Nous avons rapidement \u00e9t\u00e9 de retour devant les tribunaux, plaidant cette fois devant la Cour supr\u00eame du Canada dans l\u2019affaire <strong><a href=\"https:\/\/www.leaf.ca\/fr\/case_summary\/brooks-c-canada-safeway-ltee-1989\/\"><em>Brooks c. Canada Safeway Ltd<\/em>.<\/a><\/strong> Le FAEJ est encore actif dans ce domaine aujourd\u2019hui, avec sa campagne actuelle en faveur de la <strong><a href=\"https:\/\/www.leaf.ca\/fr\/submission\/la-grossesse-comme-condition-preexistante-pour-les-etudiant%c2%b7e%c2%b7s-etranger%c2%b7ere%c2%b7s-des-colleges-de-lontario\/\">couverture compl\u00e8te des soins de sant\u00e9 pour les \u00e9tudiant\u00b7e\u00b7s \u00e9tranger\u00b7\u00e8re\u00b7s enceintes en Ontario.<\/a><\/strong><\/p><\/div>\t\n      \t          \n        <\/div>\n              <\/div>\n      \n            <div class=\"ue_timeline_item_pointer\">\n        <div class=\"ue_timeline_item_pointer_inside\"><\/div>\n      <\/div>\n            \n      <div class=\"ue_timeline_item_pointer_spacer\"><\/div>\n      \n    <\/div>\n  \n    <div class=\"ue_timeline_item_icon\">\n      <div class=\"ue_timeline_item_icon_line_offset\">\n      \t<div class=\"ue_timeline_item_icon_line_offset_mask ue_timeline_item_line_icon_holder\">\n          <div class=\"ue_timeline_item_line_floating_icon-offset ue_timeline_floating_icon\"><i class='fas fa-rocket'><\/i><\/div>\n        <\/div>\n      <\/div>\n      <div class=\"ue_timeline_item_icon_holder\">\n                                             <div class=\"ue_text_one\">1988<\/div>\n             <div class=\"ue_text_two\"><\/div>\n             <div class=\"ue_text_three\"><\/div>\n              <\/div>\n      \n      <div class=\"ue_timeline_item_icon_line\">\n      \t<div class=\"ue_timeline_item_icon_line_mask ue_timeline_item_line_icon_holder\">\n          <div class=\"ue_timeline_item_line_floating_icon ue_timeline_floating_icon\"><i class='fas fa-rocket'><\/i><\/div>\n        <\/div>\n      <\/div>\n      \n    <\/div>\n    <div class=\"ue_timeline_item_spacer\">\n            <div class=\"ue_timeline_item_img_wrapper\">\n                <img decoding=\"async\" class=\"uet_opposite_img\" src=\"https:\/\/www.leaf.ca\/wp-content\/uploads\/2025\/04\/Davies-Timeline.png\" alt=\"Davies Timeline\" title=\"Davies Timeline\">\n              <\/div>\n        \t<\/div>\n  <\/div>\n\n<div class=\"ue_timeline_item elementor-repeater-item-83cdb28 \" id=\"uc_unlimited_timeline_elementor_587aae7_item5\">\n    <div class=\"ue_timeline_item_content\">\n      \n      <div class=\"ue_timeline_item_content_main\">\n        \n                                <img decoding=\"async\" class=\"ue_timeline_item_image\" src=\"\" >\n                          \n        <div class=\"ue_timeline_item_content_inside\">\n                <div class=\"ue_timeline_item_title\" >Une d\u00e9cision historique sur l'\u00e9galit\u00e9<\/div>                <div class=\"ue_timeline_item_text\"><p>Dans l\u2019affaire <strong><a href=\"https:\/\/www.leaf.ca\/fr\/case_summary\/andrews-c-law-society-of-british-columbia-1989\/\"><em>Andrews c. Law Society of British Columbia<\/em><\/a><\/strong>, le FAEJ a plaid\u00e9 en faveur d\u2019une interpr\u00e9tation large de l\u2019\u00e9galit\u00e9 qui inclut l\u2019\u00e9galit\u00e9 fondamentale. Cela a influenc\u00e9 le rejet, par la Cour supr\u00eame du Canada, du point de vue selon lequel \u00ab\u00a0les personnes qui se trouvent dans une situation identique doivent \u00eatre trait\u00e9es de fa\u00e7on identique\u00a0\u00bb, et donc la signification accord\u00e9e \u00e0 l\u2019article\u00a015 de la <em>Charte<\/em>. <strong>Cette affaire reste \u00e0 ce jour l\u2019une des d\u00e9cisions les plus importantes sur l\u2019\u00e9galit\u00e9.<\/strong><\/p><\/div>\t\n      \t          \n        <\/div>\n              <\/div>\n      \n            <div class=\"ue_timeline_item_pointer\">\n        <div class=\"ue_timeline_item_pointer_inside\"><\/div>\n      <\/div>\n            \n      <div class=\"ue_timeline_item_pointer_spacer\"><\/div>\n      \n    <\/div>\n  \n    <div class=\"ue_timeline_item_icon\">\n      <div class=\"ue_timeline_item_icon_line_offset\">\n      \t<div class=\"ue_timeline_item_icon_line_offset_mask ue_timeline_item_line_icon_holder\">\n          <div class=\"ue_timeline_item_line_floating_icon-offset ue_timeline_floating_icon\"><i class='fas fa-rocket'><\/i><\/div>\n        <\/div>\n      <\/div>\n      <div class=\"ue_timeline_item_icon_holder\">\n                                             <div class=\"ue_text_one\">1989<\/div>\n             <div class=\"ue_text_two\"><\/div>\n             <div class=\"ue_text_three\"><\/div>\n              <\/div>\n      \n      <div class=\"ue_timeline_item_icon_line\">\n      \t<div class=\"ue_timeline_item_icon_line_mask ue_timeline_item_line_icon_holder\">\n          <div class=\"ue_timeline_item_line_floating_icon ue_timeline_floating_icon\"><i class='fas fa-rocket'><\/i><\/div>\n        <\/div>\n      <\/div>\n      \n    <\/div>\n    <div class=\"ue_timeline_item_spacer\">\n            <div class=\"ue_timeline_item_img_wrapper\">\n                <img decoding=\"async\" class=\"uet_opposite_img\" src=\"https:\/\/www.leaf.ca\/wp-content\/uploads\/2025\/04\/Andrews-Timeline-768x549.png\" alt=\"Andrews Timeline\" title=\"Andrews Timeline\">\n              <\/div>\n        \t<\/div>\n  <\/div>\n\n<div class=\"ue_timeline_item elementor-repeater-item-f7e3d40 \" id=\"uc_unlimited_timeline_elementor_587aae7_item6\">\n    <div class=\"ue_timeline_item_content\">\n      \n      <div class=\"ue_timeline_item_content_main\">\n        \n                                <img decoding=\"async\" class=\"ue_timeline_item_image\" src=\"\" >\n                          \n        <div class=\"ue_timeline_item_content_inside\">\n                <div class=\"ue_timeline_item_title\" >Une victoire historique pour les droits g\u00e9n\u00e9siques<\/div>                <div class=\"ue_timeline_item_text\"><p>Un f\u0153tus est-il une personne morale qui a le droit \u00e0 la vie? Un p\u00e8re a-t-il le droit d\u2019opposer son veto aux d\u00e9cisions d\u2019une femme concernant le f\u0153tus qu\u2019elle porte? Par son intervention dans l\u2019affaire <strong><em><a href=\"https:\/\/www.leaf.ca\/fr\/case_summary\/daigle-c-tremblay-1989\/\">Daigle c. Tremblay<\/a><\/em><\/strong>, le FAEJ a fait valoir que non \u2013 et que reconna\u00eetre un f\u0153tus comme une entit\u00e9 qui a des droits juridiques porterait atteinte aux droits des femmes, avec de s\u00e9rieuses cons\u00e9quences. La Cour supr\u00eame du Canada a explicitement conclu que les droits invoqu\u00e9s d\u2019un f\u0153tus ou d\u2019un p\u00e8re en puissance n\u2019existent pas.<\/p><p><em>L\u2019intervention du FAEJ dans cette affaire a \u00e9t\u00e9 l\u2019une des nos nombreuses victoires juridiques pour le progr\u00e8s de la justice reproductive dans tout le pays. Lisez le rapport du FAEJ intitul\u00e9 <strong><a href=\"https:\/\/www.leaf.ca\/publication\/beyond-complacency-challenges-and-opportunities-for-reproductive-justice-in-canada\/\">Beyond Complacency (2022)<\/a><\/strong><\/em><em> pour en savoir plus sur les difficult\u00e9s actuelles de l\u2019avancement de la justice reproductive au Canada ainsi que sur les occasions dans ce domaine. <\/em><\/p><\/div>\t\n      \t          \n        <\/div>\n              <\/div>\n      \n            <div class=\"ue_timeline_item_pointer\">\n        <div class=\"ue_timeline_item_pointer_inside\"><\/div>\n      <\/div>\n            \n      <div class=\"ue_timeline_item_pointer_spacer\"><\/div>\n      \n    <\/div>\n  \n    <div class=\"ue_timeline_item_icon\">\n      <div class=\"ue_timeline_item_icon_line_offset\">\n      \t<div class=\"ue_timeline_item_icon_line_offset_mask ue_timeline_item_line_icon_holder\">\n          <div class=\"ue_timeline_item_line_floating_icon-offset ue_timeline_floating_icon\"><i class='fas fa-rocket'><\/i><\/div>\n        <\/div>\n      <\/div>\n      <div class=\"ue_timeline_item_icon_holder\">\n                                             <div class=\"ue_text_one\">1989<\/div>\n             <div class=\"ue_text_two\"><\/div>\n             <div class=\"ue_text_three\"><\/div>\n              <\/div>\n      \n      <div class=\"ue_timeline_item_icon_line\">\n      \t<div class=\"ue_timeline_item_icon_line_mask ue_timeline_item_line_icon_holder\">\n          <div class=\"ue_timeline_item_line_floating_icon ue_timeline_floating_icon\"><i class='fas fa-rocket'><\/i><\/div>\n        <\/div>\n      <\/div>\n      \n    <\/div>\n    <div class=\"ue_timeline_item_spacer\">\n            <div class=\"ue_timeline_item_img_wrapper\">\n                <img decoding=\"async\" class=\"uet_opposite_img\" src=\"https:\/\/www.leaf.ca\/wp-content\/uploads\/2025\/04\/Daigle-Timeline-1-768x549.png\" alt=\"Daigle Timeline\" title=\"Daigle Timeline\">\n              <\/div>\n        \t<\/div>\n  <\/div>\n\n<div class=\"ue_timeline_item elementor-repeater-item-f287048 \" id=\"uc_unlimited_timeline_elementor_587aae7_item7\">\n    <div class=\"ue_timeline_item_content\">\n      \n      <div class=\"ue_timeline_item_content_main\">\n        \n                                <img decoding=\"async\" class=\"ue_timeline_item_image\" src=\"\" >\n                          \n        <div class=\"ue_timeline_item_content_inside\">\n                <div class=\"ue_timeline_item_title\" >Le harc\u00e8lement sexuel est reconnu comme une discrimination sexuelle<\/div>                <div class=\"ue_timeline_item_text\"><p>Dans l\u2019affaire <strong><em><a href=\"https:\/\/www.leaf.ca\/fr\/case_summary\/janzen-c-platy-enterprises-ltee-1989\/\">Janzen c. Platy Enterprises<\/a><\/em><\/strong>, deux femmes avaient \u00e9t\u00e9 victimes de harc\u00e8lement sexuel et de violence verbale de la part d\u2019un autre employ\u00e9 sur leur lieu de travail. La Cour supr\u00eame du Canada a reconnu le harc\u00e8lement sexuel comme une forme de discrimination sexuelle, comme l\u2019a fait valoir le FAEJ par son intervention dans cette affaire, et a \u00e9tabli la responsabilit\u00e9 de l\u2019employeur pour de tels actes en milieu de travail.<\/p><p><em>En 2025, le FAEJ continue de d\u00e9fendre les personnes qui sont confront\u00e9es ou vuln\u00e9rables \u00e0 du harc\u00e8lement au travail. En partenariat avec des organismes et des \u00e9coles des quatre coins du pays, nous pr\u00e9sentons un <a href=\"https:\/\/www.leaf.ca\/fr\/overview-public-education\/\"><strong>atelier d\u2019information juridique<\/strong><\/a> sur la discrimination et le harc\u00e8lement au travail \u2013 FAEJ en milieu de travail \u2013 \u00e0 l\u2019intention des jeunes, des nouveaux\u00b7elles arrivant\u00b7e\u00b7s et d\u2019autres personnes \u00e0 leurs d\u00e9buts sur le march\u00e9 du travail.<\/em><\/p><\/div>\t\n      \t          \n        <\/div>\n              <\/div>\n      \n            <div class=\"ue_timeline_item_pointer\">\n        <div class=\"ue_timeline_item_pointer_inside\"><\/div>\n      <\/div>\n            \n      <div class=\"ue_timeline_item_pointer_spacer\"><\/div>\n      \n    <\/div>\n  \n    <div class=\"ue_timeline_item_icon\">\n      <div class=\"ue_timeline_item_icon_line_offset\">\n      \t<div class=\"ue_timeline_item_icon_line_offset_mask ue_timeline_item_line_icon_holder\">\n          <div class=\"ue_timeline_item_line_floating_icon-offset ue_timeline_floating_icon\"><i class='fas fa-rocket'><\/i><\/div>\n        <\/div>\n      <\/div>\n      <div class=\"ue_timeline_item_icon_holder\">\n                                             <div class=\"ue_text_one\">1989<\/div>\n             <div class=\"ue_text_two\"><\/div>\n             <div class=\"ue_text_three\"><\/div>\n              <\/div>\n      \n      <div class=\"ue_timeline_item_icon_line\">\n      \t<div class=\"ue_timeline_item_icon_line_mask ue_timeline_item_line_icon_holder\">\n          <div class=\"ue_timeline_item_line_floating_icon ue_timeline_floating_icon\"><i class='fas fa-rocket'><\/i><\/div>\n        <\/div>\n      <\/div>\n      \n    <\/div>\n    <div class=\"ue_timeline_item_spacer\">\n            <div class=\"ue_timeline_item_img_wrapper\">\n                <img decoding=\"async\" class=\"uet_opposite_img\" src=\"https:\/\/www.leaf.ca\/wp-content\/uploads\/2025\/04\/Janzen-Timeline-768x549.png\" alt=\"Janzen Timeline\" title=\"Janzen Timeline\">\n              <\/div>\n        \t<\/div>\n  <\/div>\n\n<div class=\"ue_timeline_item elementor-repeater-item-d4b7df0 \" id=\"uc_unlimited_timeline_elementor_587aae7_item8\">\n    <div class=\"ue_timeline_item_content\">\n      \n      <div class=\"ue_timeline_item_content_main\">\n        \n                                <img decoding=\"async\" class=\"ue_timeline_item_image\" src=\"\" >\n                          \n        <div class=\"ue_timeline_item_content_inside\">\n                <div class=\"ue_timeline_item_title\" >Les discours haineux ne sont pas prot\u00e9g\u00e9s par la libert\u00e9 d\u2019expression<\/div>                <div class=\"ue_timeline_item_text\"><p>L\u2019affaire <strong><em><a href=\"https:\/\/www.leaf.ca\/fr\/case_summary\/r-v-keegstra-1990\/\">R. c. Keegstra<\/a> <\/em><\/strong>concerne l\u2019interdiction de l\u2019incitation \u00e0 la haine en vertu du <em>Code criminel<\/em>. Dans son intervention, le FAEJ a soutenu que la promotion de la haine envers un groupe n\u2019est pas prot\u00e9g\u00e9e par le droit \u00e0 la libert\u00e9 d\u2019expression puisqu\u2019il s\u2019agit d\u2019une forme d\u2019expression discriminatoire et violente qui contrevient \u00e0 l\u2019objectif de l\u2019article\u00a015 de prot\u00e9ger les groupes vuln\u00e9rables et de d\u00e9fendre l\u2019\u00e9galit\u00e9. La Cour supr\u00eame du Canada a confirm\u00e9 que cette interdiction est constitutionnelle.<\/p><p>Ces r\u00e9centes ann\u00e9es, o\u00f9 la misogynie et la violence fond\u00e9e sur le genre qui fa\u00e7onnent nos r\u00e9alit\u00e9s physiques se mat\u00e9rialisent en ligne sous de nouvelles formes, le plaidoyer et l\u2019expertise du FAEJ ont \u00e9galement \u00e9volu\u00e9 pour lutter contre <strong><a href=\"https:\/\/www.leaf.ca\/fr\/issue-area\/hate-speech-and-online-hate\/\">la haine en ligne et la violence sexiste facilit\u00e9e par la technologie<\/a><\/strong>.<\/p><\/div>\t\n      \t          \n        <\/div>\n              <\/div>\n      \n            <div class=\"ue_timeline_item_pointer\">\n        <div class=\"ue_timeline_item_pointer_inside\"><\/div>\n      <\/div>\n            \n      <div class=\"ue_timeline_item_pointer_spacer\"><\/div>\n      \n    <\/div>\n  \n    <div class=\"ue_timeline_item_icon\">\n      <div class=\"ue_timeline_item_icon_line_offset\">\n      \t<div class=\"ue_timeline_item_icon_line_offset_mask ue_timeline_item_line_icon_holder\">\n          <div class=\"ue_timeline_item_line_floating_icon-offset ue_timeline_floating_icon\"><i class='fas fa-rocket'><\/i><\/div>\n        <\/div>\n      <\/div>\n      <div class=\"ue_timeline_item_icon_holder\">\n                                             <div class=\"ue_text_one\">1990<\/div>\n             <div class=\"ue_text_two\"><\/div>\n             <div class=\"ue_text_three\"><\/div>\n              <\/div>\n      \n      <div class=\"ue_timeline_item_icon_line\">\n      \t<div class=\"ue_timeline_item_icon_line_mask ue_timeline_item_line_icon_holder\">\n          <div class=\"ue_timeline_item_line_floating_icon ue_timeline_floating_icon\"><i class='fas fa-rocket'><\/i><\/div>\n        <\/div>\n      <\/div>\n      \n    <\/div>\n    <div class=\"ue_timeline_item_spacer\">\n            <div class=\"ue_timeline_item_img_wrapper\">\n                <img decoding=\"async\" class=\"uet_opposite_img\" src=\"https:\/\/www.leaf.ca\/wp-content\/uploads\/2025\/04\/Hate-Speech-Timeline-768x549.png\" alt=\"Hate Speech Timeline\" title=\"Hate Speech Timeline\">\n              <\/div>\n        \t<\/div>\n  <\/div>\n\n<div class=\"ue_timeline_item elementor-repeater-item-99aa8dd \" id=\"uc_unlimited_timeline_elementor_587aae7_item9\">\n    <div class=\"ue_timeline_item_content\">\n      \n      <div class=\"ue_timeline_item_content_main\">\n        \n                                <img decoding=\"async\" class=\"ue_timeline_item_image\" src=\"\" >\n                          \n        <div class=\"ue_timeline_item_content_inside\">\n                <div class=\"ue_timeline_item_title\" >Amplifier la voix et l\u2019expertise du secteur de la r\u00e9ponse \u00e0 la VFG devant les tribunaux<\/div>                <div class=\"ue_timeline_item_text\"><p>Lorsque des f\u00e9ministes ont critiqu\u00e9 notre intervention devant la Cour d\u2019appel de l\u2019Ontario dans l\u2019affaire <a href=\"https:\/\/www.leaf.ca\/fr\/case_summary\/r-c-seaboyer-et-r-c-gayme-1987-1991\/\"><strong><em>R. c. Seaboyer<\/em><\/strong><\/a>, une contestation constitutionnelle des lois interdisant les preuves li\u00e9es \u00e0 des ant\u00e9c\u00e9dents sexuels et \u00e0 la r\u00e9putation, dans les proc\u00e8s pour agression sexuelle, nous avons modifi\u00e9 notre approche. Nous avons tenu des consultations \u00e0 l\u2019\u00e9chelle nationale afin d\u2019ancrer nos arguments dans l\u2019expertise des divers\u00b7es intervenant\u00b7e\u00b7s de premi\u00e8re ligne et des personnes survivantes.<\/p><p>Le FAEJ est ensuite intervenu devant la Cour supr\u00eame du Canada dans le cadre d\u2019une coalition de six groupes de femmes, en faisant valoir que tout \u00e9l\u00e9ment de preuve exclu \u00e9tait non pertinent ou d\u2019une valeur limit\u00e9e, et hautement pr\u00e9judiciable.<\/p><p>La Cour a annul\u00e9 la disposition relative aux preuves d\u2019ant\u00e9c\u00e9dents sexuels, mais le gouvernement f\u00e9d\u00e9ral a travaill\u00e9 avec notre coalition pour introduire rapidement une l\u00e9gislation qui respecte les droits \u00e0 l\u2019\u00e9galit\u00e9.<\/p><p><em>Aujourd\u2019hui, nous incarnons la collaboration communautaire, par le biais d\u2019initiatives comme notre <\/em><a href=\"https:\/\/www.leaf.ca\/fr\/project\/strengthening-community-capacity-project\/\"><strong><em>Projet de renforcement de la capacit\u00e9 communautaire<\/em><\/strong><\/a><em>, en travaillant avec des organismes de r\u00e9ponse \u00e0 la violence fond\u00e9e sur le genre afin de les aider \u00e0 accro\u00eetre leur capacit\u00e9 de recours au pouvoir de la loi pour atteindre des objectifs f\u00e9ministes.<\/em><\/p><\/div>\t\n      \t          \n        <\/div>\n              <\/div>\n      \n            <div class=\"ue_timeline_item_pointer\">\n        <div class=\"ue_timeline_item_pointer_inside\"><\/div>\n      <\/div>\n            \n      <div class=\"ue_timeline_item_pointer_spacer\"><\/div>\n      \n    <\/div>\n  \n    <div class=\"ue_timeline_item_icon\">\n      <div class=\"ue_timeline_item_icon_line_offset\">\n      \t<div class=\"ue_timeline_item_icon_line_offset_mask ue_timeline_item_line_icon_holder\">\n          <div class=\"ue_timeline_item_line_floating_icon-offset ue_timeline_floating_icon\"><i class='fas fa-rocket'><\/i><\/div>\n        <\/div>\n      <\/div>\n      <div class=\"ue_timeline_item_icon_holder\">\n                                             <div class=\"ue_text_one\">1991<\/div>\n             <div class=\"ue_text_two\"><\/div>\n             <div class=\"ue_text_three\"><\/div>\n              <\/div>\n      \n      <div class=\"ue_timeline_item_icon_line\">\n      \t<div class=\"ue_timeline_item_icon_line_mask ue_timeline_item_line_icon_holder\">\n          <div class=\"ue_timeline_item_line_floating_icon ue_timeline_floating_icon\"><i class='fas fa-rocket'><\/i><\/div>\n        <\/div>\n      <\/div>\n      \n    <\/div>\n    <div class=\"ue_timeline_item_spacer\">\n            <div class=\"ue_timeline_item_img_wrapper\">\n                <img decoding=\"async\" class=\"uet_opposite_img\" src=\"https:\/\/www.leaf.ca\/wp-content\/uploads\/2025\/04\/Seaboyer-Timeline@2x-768x549.png\" alt=\"Seaboyer Timeline@2x\" title=\"Seaboyer Timeline@2x\">\n              <\/div>\n        \t<\/div>\n  <\/div>\n\n<div class=\"ue_timeline_item elementor-repeater-item-728b3dd \" id=\"uc_unlimited_timeline_elementor_587aae7_item10\">\n    <div class=\"ue_timeline_item_content\">\n      \n      <div class=\"ue_timeline_item_content_main\">\n        \n                                <img decoding=\"async\" class=\"ue_timeline_item_image\" src=\"\" >\n                          \n        <div class=\"ue_timeline_item_content_inside\">\n                <div class=\"ue_timeline_item_title\" >Reconnaissance de la protection juridique de l\u2019orientation sexuelle<\/div>                <div class=\"ue_timeline_item_text\"><p><span style=\"font-family: -apple-system, BlinkMacSystemFont, 'Segoe UI', Roboto, 'Helvetica Neue', Arial, 'Noto Sans', sans-serif, 'Apple Color Emoji', 'Segoe UI Emoji', 'Segoe UI Symbol', 'Noto Color Emoji';\">Un homme gai avait \u00e9t\u00e9 licenci\u00e9 de son emploi dans une universit\u00e9 en raison de son orientation sexuelle. Par son intervention dans l\u2019affaire <\/span><strong style=\"font-family: -apple-system, BlinkMacSystemFont, 'Segoe UI', Roboto, 'Helvetica Neue', Arial, 'Noto Sans', sans-serif, 'Apple Color Emoji', 'Segoe UI Emoji', 'Segoe UI Symbol', 'Noto Color Emoji';\"><em><a href=\"https:\/\/www.leaf.ca\/fr\/case_summary\/vriend-c-alberta-1998\/\">Vriend c. Alberta<\/a><\/em><\/strong><span style=\"font-family: -apple-system, BlinkMacSystemFont, 'Segoe UI', Roboto, 'Helvetica Neue', Arial, 'Noto Sans', sans-serif, 'Apple Color Emoji', 'Segoe UI Emoji', 'Segoe UI Symbol', 'Noto Color Emoji';\">, le FAEJ a mis en relief les effets discriminatoires de l\u2019exclusion de l\u2019orientation sexuelle de l\u2019<\/span><em style=\"font-family: -apple-system, BlinkMacSystemFont, 'Segoe UI', Roboto, 'Helvetica Neue', Arial, 'Noto Sans', sans-serif, 'Apple Color Emoji', 'Segoe UI Emoji', 'Segoe UI Symbol', 'Noto Color Emoji';\">Individual\u2019s Rights Protection Act<\/em><span style=\"font-family: -apple-system, BlinkMacSystemFont, 'Segoe UI', Roboto, 'Helvetica Neue', Arial, 'Noto Sans', sans-serif, 'Apple Color Emoji', 'Segoe UI Emoji', 'Segoe UI Symbol', 'Noto Color Emoji';\"> (IRPA) [<\/span><em style=\"font-family: -apple-system, BlinkMacSystemFont, 'Segoe UI', Roboto, 'Helvetica Neue', Arial, 'Noto Sans', sans-serif, 'Apple Color Emoji', 'Segoe UI Emoji', 'Segoe UI Symbol', 'Noto Color Emoji';\">Loi <\/em><span style=\"font-family: -apple-system, BlinkMacSystemFont, 'Segoe UI', Roboto, 'Helvetica Neue', Arial, 'Noto Sans', sans-serif, 'Apple Color Emoji', 'Segoe UI Emoji', 'Segoe UI Symbol', 'Noto Color Emoji';\">de l\u2019Alberta <\/span><em style=\"font-family: -apple-system, BlinkMacSystemFont, 'Segoe UI', Roboto, 'Helvetica Neue', Arial, 'Noto Sans', sans-serif, 'Apple Color Emoji', 'Segoe UI Emoji', 'Segoe UI Symbol', 'Noto Color Emoji';\">sur la protection des droits des individus<\/em><span style=\"font-family: -apple-system, BlinkMacSystemFont, 'Segoe UI', Roboto, 'Helvetica Neue', Arial, 'Noto Sans', sans-serif, 'Apple Color Emoji', 'Segoe UI Emoji', 'Segoe UI Symbol', 'Noto Color Emoji';\">].<\/span><\/p><p>La Cour supr\u00eame du Canada a conclu que cette exclusion dans la loi albertaine violait les droits \u00e0 l\u2019\u00e9galit\u00e9 et elle a ordonn\u00e9 que l\u2019orientation sexuelle soit reconnue comme un motif prot\u00e9g\u00e9 en vertu de l\u2019article\u00a015 de la <em>Charte canadienne<\/em>. Dans son jugement, la Cour a not\u00e9 que \u00ab\u00a0l\u2019exclusion de la protection de [l\u2019orientation sexuelle par] l\u2019<em>IRPA<\/em>\u00a0envoie \u00e0 tous les Albertains le message qu\u2019il est permis et, peut\u2011\u00eatre m\u00eame, acceptable d\u2019exercer une discrimination \u00e0 l\u2019\u00e9gard d\u2019une personne sur le fondement de son orientation sexuelle\u00a0\u00bb.<\/p><p><em>R\u00e9cemment, avec les actions l\u00e9gislatives de l\u2019Alberta pour violer les droits des jeunes trans et non binaires \u00e0 l\u2019\u00e9cole ainsi que dans les soins de sant\u00e9 et les sports, l\u2019histoire se r\u00e9p\u00e8te. Le FAEJ s\u2019engage \u00e0 lutter contre ces politiques discriminatoires en Alberta et \u00e0 travers le Canada, en solidarit\u00e9 avec les jeunes trans et les organismes de d\u00e9fense des droits des personnes trans.<\/em><\/p><\/div>\t\n      \t          \n        <\/div>\n              <\/div>\n      \n            <div class=\"ue_timeline_item_pointer\">\n        <div class=\"ue_timeline_item_pointer_inside\"><\/div>\n      <\/div>\n            \n      <div class=\"ue_timeline_item_pointer_spacer\"><\/div>\n      \n    <\/div>\n  \n    <div class=\"ue_timeline_item_icon\">\n      <div class=\"ue_timeline_item_icon_line_offset\">\n      \t<div class=\"ue_timeline_item_icon_line_offset_mask ue_timeline_item_line_icon_holder\">\n          <div class=\"ue_timeline_item_line_floating_icon-offset ue_timeline_floating_icon\"><i class='fas fa-rocket'><\/i><\/div>\n        <\/div>\n      <\/div>\n      <div class=\"ue_timeline_item_icon_holder\">\n                                             <div class=\"ue_text_one\">1998<\/div>\n             <div class=\"ue_text_two\"><\/div>\n             <div class=\"ue_text_three\"><\/div>\n              <\/div>\n      \n      <div class=\"ue_timeline_item_icon_line\">\n      \t<div class=\"ue_timeline_item_icon_line_mask ue_timeline_item_line_icon_holder\">\n          <div class=\"ue_timeline_item_line_floating_icon ue_timeline_floating_icon\"><i class='fas fa-rocket'><\/i><\/div>\n        <\/div>\n      <\/div>\n      \n    <\/div>\n    <div class=\"ue_timeline_item_spacer\">\n            <div class=\"ue_timeline_item_img_wrapper\">\n                <img decoding=\"async\" class=\"uet_opposite_img\" src=\"https:\/\/www.leaf.ca\/wp-content\/uploads\/2025\/04\/Vriend-Timeline-768x549.png\" alt=\"Vriend Timeline\" title=\"Vriend Timeline\">\n              <\/div>\n        \t<\/div>\n  <\/div>\n\n<div class=\"ue_timeline_item elementor-repeater-item-41e315a \" id=\"uc_unlimited_timeline_elementor_587aae7_item11\">\n    <div class=\"ue_timeline_item_content\">\n      \n      <div class=\"ue_timeline_item_content_main\">\n        \n                                <img decoding=\"async\" class=\"ue_timeline_item_image\" src=\"\" >\n                          \n        <div class=\"ue_timeline_item_content_inside\">\n                <div class=\"ue_timeline_item_title\" >Seul un \u00ab oui \u00bb veut dire \u00ab oui \u00bb en droit relatif \u00e0 l\u2019agression sexuelle<\/div>                <div class=\"ue_timeline_item_text\"><p>Existe-t-il un argument de d\u00e9fense fond\u00e9 sur un \u00ab\u00a0consentement tacite\u00a0\u00bb [c\u2019est-\u00e0-dire non\u00a0exprim\u00e9] dans le droit relatif aux agressions sexuelles? Intervenant conjointement dans l\u2019affaire <strong><em><a href=\"https:\/\/www.leaf.ca\/fr\/case_summary\/r-c-ewanchuk-1999\/\">R. c. Ewanchuk<\/a><\/em><\/strong>, le FAEJ et le DAWN [R\u00e9seau d\u2019action des femmes handicap\u00e9es du Canada] sont intervenus dans cette affaire pour dire que la reconnaissance d\u2019un consentement \u00ab\u00a0implicite\u00a0\u00bb porterait atteinte aux droits des femmes \u00e0 l\u2019\u00e9galit\u00e9, \u00e0 la s\u00e9curit\u00e9 et \u00e0 la justice. Nous avons soulign\u00e9 que l\u2019exigence d\u2019un consentement explicite et librement donn\u00e9 \u00e9tait n\u00e9cessaire pour garantir la dignit\u00e9 et l\u2019autonomie. La Cour supr\u00eame du Canada l\u2019a reconnu, en d\u00e9clarant clairement qu\u2019un agresseur sexuel ne peut pas se d\u00e9fendre en pr\u00e9tendant que l\u2019autre personne avait consenti tacitement \u00e0 l\u2019acte sexuel\u00a0: en droit canadien, seul un \u00ab\u00a0oui\u00a0\u00bb signifie \u00ab\u00a0oui\u00a0\u00bb!<\/p><p><em>Le FAEJ poursuit sa lutte pour les droits des personnes survivantes. De plus, Le FAEJ est conscient que le syst\u00e8me du droit criminel a longtemps \u00e9t\u00e9 un lieu de pr\u00e9judice pour les survivant\u00b7e\u00b7s de violences sexuelles, et que ces personnes devraient disposer de plusieurs avenues possibles pour obtenir justice et se r\u00e9tablir. C\u2019est pourquoi le projet du FAEJ nomm\u00e9 <strong><a href=\"https:\/\/www.leaf.ca\/fr\/project\/des-voies-vers-la-justice\/\">Des voies vers la justice<\/a><\/strong><\/em><em> appelle \u00e0 une plus grande accessibilit\u00e9 des programmes de justice r\u00e9paratrice et transformatrice pour les survivant\u00b7e\u00b7s de violences sexuelles.<\/em><\/p><\/div>\t\n      \t          \n        <\/div>\n              <\/div>\n      \n            <div class=\"ue_timeline_item_pointer\">\n        <div class=\"ue_timeline_item_pointer_inside\"><\/div>\n      <\/div>\n            \n      <div class=\"ue_timeline_item_pointer_spacer\"><\/div>\n      \n    <\/div>\n  \n    <div class=\"ue_timeline_item_icon\">\n      <div class=\"ue_timeline_item_icon_line_offset\">\n      \t<div class=\"ue_timeline_item_icon_line_offset_mask ue_timeline_item_line_icon_holder\">\n          <div class=\"ue_timeline_item_line_floating_icon-offset ue_timeline_floating_icon\"><i class='fas fa-rocket'><\/i><\/div>\n        <\/div>\n      <\/div>\n      <div class=\"ue_timeline_item_icon_holder\">\n                                             <div class=\"ue_text_one\">1999<\/div>\n             <div class=\"ue_text_two\"><\/div>\n             <div class=\"ue_text_three\"><\/div>\n              <\/div>\n      \n      <div class=\"ue_timeline_item_icon_line\">\n      \t<div class=\"ue_timeline_item_icon_line_mask ue_timeline_item_line_icon_holder\">\n          <div class=\"ue_timeline_item_line_floating_icon ue_timeline_floating_icon\"><i class='fas fa-rocket'><\/i><\/div>\n        <\/div>\n      <\/div>\n      \n    <\/div>\n    <div class=\"ue_timeline_item_spacer\">\n            <div class=\"ue_timeline_item_img_wrapper\">\n                <img decoding=\"async\" class=\"uet_opposite_img\" src=\"https:\/\/www.leaf.ca\/wp-content\/uploads\/2025\/04\/Ewanchuk-Timeline-768x549.png\" alt=\"Ewanchuk Timeline\" title=\"Ewanchuk Timeline\">\n              <\/div>\n        \t<\/div>\n  <\/div>\n\n<div class=\"ue_timeline_item elementor-repeater-item-ba37c11 \" id=\"uc_unlimited_timeline_elementor_587aae7_item12\">\n    <div class=\"ue_timeline_item_content\">\n      \n      <div class=\"ue_timeline_item_content_main\">\n        \n                                <img decoding=\"async\" class=\"ue_timeline_item_image\" src=\"\" >\n                          \n        <div class=\"ue_timeline_item_content_inside\">\n                <div class=\"ue_timeline_item_title\" >Fin des d\u00e9cennies de politiques anti-avortement \u00e0 l\u2019\u00cele-du-Prince-\u00c9douard<\/div>                <div class=\"ue_timeline_item_text\"><p>Peu apr\u00e8s la d\u00e9criminalisation de l\u2019avortement au Canada, l\u2019\u00cele-du-Prince-\u00c9douard a adopt\u00e9 une politique pour l\u2019interdire dans la province. Avec le soutien juridique du FAEJ, l\u2019organisme <strong><a href=\"https:\/\/www.leaf.ca\/fr\/case_summary\/abortion-access-now-pei-c-lpe\/\">Abortion Access Now PEI a contest\u00e9 cette politique<\/a><\/strong> vieille de plusieurs d\u00e9cennies. Il a fait valoir que le fait de restreindre l\u2019acc\u00e8s aux services d\u2019avortement violait le droit des femmes \u00e0 l\u2019\u00e9galit\u00e9 dans l\u2019acc\u00e8s aux soins de sant\u00e9, un droit garanti par la <em>Charte canadienne des droits et libert\u00e9s<\/em>, en plus de constituer une discrimination fond\u00e9e sur le genre et la grossesse, et de perp\u00e9tuer la stigmatisation de l\u2019autonomie reproductive des femmes et d\u2019y maintenir des obstacles \u2013 causant ainsi des pr\u00e9judices aux femmes. Trois mois apr\u00e8s l\u2019annonce de cette contestation judiciaire, le gouvernement de l\u2019\u00cele-du-Prince-\u00c9douard a annul\u00e9 sa politique anti-avortement.<\/p><p><em>Aujourd\u2019hui, nous assistons encore \u00e0 des attaques contre les droits sexuels et g\u00e9n\u00e9siques au Canada et dans le monde. Le FAEJ et Action Canada pour la sant\u00e9 et les droits sexuels ont lanc\u00e9 un <strong><a href=\"https:\/\/www.abortionaccesstracker.ca\/fr\">Tableau de bord de l\u2019acc\u00e8s \u00e0 l\u2019avortement<\/a><\/strong> pour illustrer la r\u00e9alit\u00e9 actuelle de l\u2019acc\u00e8s \u00e0 l\u2019avortement \u00e0 travers le pays pour les militant\u00b7e\u00b7s, les d\u00e9cideur\u00b7euse\u00b7s politiques et les journalistes qui travaillent \u00e0 prot\u00e9ger et \u00e0 renforcer l\u2019acc\u00e8s \u00e0 l\u2019avortement au Canada.<\/em><\/p><\/div>\t\n      \t          \n        <\/div>\n              <\/div>\n      \n            <div class=\"ue_timeline_item_pointer\">\n        <div class=\"ue_timeline_item_pointer_inside\"><\/div>\n      <\/div>\n            \n      <div class=\"ue_timeline_item_pointer_spacer\"><\/div>\n      \n    <\/div>\n  \n    <div class=\"ue_timeline_item_icon\">\n      <div class=\"ue_timeline_item_icon_line_offset\">\n      \t<div class=\"ue_timeline_item_icon_line_offset_mask ue_timeline_item_line_icon_holder\">\n          <div class=\"ue_timeline_item_line_floating_icon-offset ue_timeline_floating_icon\"><i class='fas fa-rocket'><\/i><\/div>\n        <\/div>\n      <\/div>\n      <div class=\"ue_timeline_item_icon_holder\">\n                                             <div class=\"ue_text_one\">2016<\/div>\n             <div class=\"ue_text_two\"><\/div>\n             <div class=\"ue_text_three\"><\/div>\n              <\/div>\n      \n      <div class=\"ue_timeline_item_icon_line\">\n      \t<div class=\"ue_timeline_item_icon_line_mask ue_timeline_item_line_icon_holder\">\n          <div class=\"ue_timeline_item_line_floating_icon ue_timeline_floating_icon\"><i class='fas fa-rocket'><\/i><\/div>\n        <\/div>\n      <\/div>\n      \n    <\/div>\n    <div class=\"ue_timeline_item_spacer\">\n            <div class=\"ue_timeline_item_img_wrapper\">\n                <img decoding=\"async\" class=\"uet_opposite_img\" src=\"https:\/\/www.leaf.ca\/wp-content\/uploads\/2025\/04\/AANPEI-Timeline-768x549.png\" alt=\"AANPEI Timeline\" title=\"AANPEI Timeline\">\n              <\/div>\n        \t<\/div>\n  <\/div>\n\n<div class=\"ue_timeline_item elementor-repeater-item-85152ef \" id=\"uc_unlimited_timeline_elementor_587aae7_item13\">\n    <div class=\"ue_timeline_item_content\">\n      \n      <div class=\"ue_timeline_item_content_main\">\n        \n                                <img decoding=\"async\" class=\"ue_timeline_item_image\" src=\"\" >\n                          \n        <div class=\"ue_timeline_item_content_inside\">\n                <div class=\"ue_timeline_item_title\" >Protection de la vie priv\u00e9e des femmes et de leur int\u00e9grit\u00e9 sexuelle dans les espaces publics<\/div>                <div class=\"ue_timeline_item_text\"><p>Que signifie \u00ab\u00a0voyeurisme\u00a0\u00bb au sens du <em>Code criminel<\/em>? Les \u00e9l\u00e8ves ont-ils\/elles une attente raisonnable concernant leur vie priv\u00e9e lorsqu\u2019ils\/elles sont \u00e0 l\u2019\u00e9cole? Dans l\u2019affaire <strong><em><a href=\"https:\/\/www.leaf.ca\/case_summary\/r-v-jarvis-2019\/\">R. c. Jarvis<\/a><\/em><\/strong>, le FAEJ a plaid\u00e9 pour que la Cour supr\u00eame du Canada interpr\u00e8te le voyeurisme comme une violation fond\u00e9e sur le genre, concernant l\u2019int\u00e9grit\u00e9 et l\u2019autonomie sexuelles, et pour qu\u2019elle \u00e9tablisse une d\u00e9finition contextuelle de la vie priv\u00e9e qui prot\u00e8ge l\u2019int\u00e9grit\u00e9 sexuelle des femmes dans tous les lieux. La Cour a finalement rejet\u00e9 une d\u00e9finition \u00e9troite de la vie priv\u00e9e en fonction du lieu, \u00e9vitant ainsi que les id\u00e9es traditionnellement genr\u00e9es concernant l\u2019espace public et la sph\u00e8re priv\u00e9e viennent effriter les protections que le Parlement avait l\u2019intention d\u2019assurer aux Canadiennes dans la vie r\u00e9elle.<\/p><p>Gr\u00e2ce \u00e0 ce jugement, les femmes et les filles canadiennes peuvent participer \u00e0 la vie publique avec la certitude que la loi les prot\u00e8ge contre les atteintes non\u00a0consensuelles \u00e0 leur int\u00e9grit\u00e9 et \u00e0 leur autonomie sexuelles.<\/p><p><em>Le travail du FAEJ pour lutter contre la violence sexuelle au moyen d\u2019images se poursuit aujourd\u2019hui par son <strong><a href=\"https:\/\/www.leaf.ca\/fr\/project\/tfv\/\">Projet sur la violence facilit\u00e9e par la technologie<\/a><\/strong><\/em><em>.<\/em><\/p><\/div>\t\n      \t          \n        <\/div>\n              <\/div>\n      \n            <div class=\"ue_timeline_item_pointer\">\n        <div class=\"ue_timeline_item_pointer_inside\"><\/div>\n      <\/div>\n            \n      <div class=\"ue_timeline_item_pointer_spacer\"><\/div>\n      \n    <\/div>\n  \n    <div class=\"ue_timeline_item_icon\">\n      <div class=\"ue_timeline_item_icon_line_offset\">\n      \t<div class=\"ue_timeline_item_icon_line_offset_mask ue_timeline_item_line_icon_holder\">\n          <div class=\"ue_timeline_item_line_floating_icon-offset ue_timeline_floating_icon\"><i class='fas fa-rocket'><\/i><\/div>\n        <\/div>\n      <\/div>\n      <div class=\"ue_timeline_item_icon_holder\">\n                                             <div class=\"ue_text_one\">2019<\/div>\n             <div class=\"ue_text_two\"><\/div>\n             <div class=\"ue_text_three\"><\/div>\n              <\/div>\n      \n      <div class=\"ue_timeline_item_icon_line\">\n      \t<div class=\"ue_timeline_item_icon_line_mask ue_timeline_item_line_icon_holder\">\n          <div class=\"ue_timeline_item_line_floating_icon ue_timeline_floating_icon\"><i class='fas fa-rocket'><\/i><\/div>\n        <\/div>\n      <\/div>\n      \n    <\/div>\n    <div class=\"ue_timeline_item_spacer\">\n            <div class=\"ue_timeline_item_img_wrapper\">\n                <img decoding=\"async\" class=\"uet_opposite_img\" src=\"https:\/\/www.leaf.ca\/wp-content\/uploads\/2025\/04\/Jarvis-Timeline-1024x732.png\" alt=\"Jarvis Timeline\" title=\"Jarvis Timeline\">\n              <\/div>\n        \t<\/div>\n  <\/div>\n\n<div class=\"ue_timeline_item elementor-repeater-item-530150a \" id=\"uc_unlimited_timeline_elementor_587aae7_item14\">\n    <div class=\"ue_timeline_item_content\">\n      \n      <div class=\"ue_timeline_item_content_main\">\n        \n                                <img decoding=\"async\" class=\"ue_timeline_item_image\" src=\"\" >\n                          \n        <div class=\"ue_timeline_item_content_inside\">\n                <div class=\"ue_timeline_item_title\" >Promouvoir l\u2019\u00e9galit\u00e9 d\u2019acc\u00e8s des femmes aux pensions<\/div>                <div class=\"ue_timeline_item_text\"><p>Les femmes agentes de la GRC qui avaient des responsabilit\u00e9s familiales \u00e9taient aux prises avec des in\u00e9galit\u00e9s disproportionn\u00e9es dans l\u2019acc\u00e8s \u00e0 leur r\u00e9gime de retraite. Dans l\u2019affaire <a href=\"https:\/\/www.leaf.ca\/fr\/case_summary\/fraser-c-canada-a-g\/\"><strong><em>Fraser c. Canada<\/em><\/strong><\/a>, le FAEJ a fait valoir qu\u2019en vertu de l\u2019article\u00a015 de la <em>Charte canadienne<\/em>, les tribunaux doivent tenir compte des perspectives des demandeur\u00b7euse\u00b7s et du contexte de leurs demandes; nous avons d\u00e9nonc\u00e9 le parti pris en faveur de l\u2019\u00ab\u00a0emploi de type masculin\u00a0\u00bb dans la conception du r\u00e9gime de retraite de la GRC.<\/p><p>La d\u00e9cision de la Cour supr\u00eame a confirm\u00e9 le droit des femmes \u00e0 des prestations de retraite \u00e9gales et a \u00e9galement fourni une feuille de route indispensable pour les affaires ult\u00e9rieures mettant en cause la discrimination syst\u00e9mique et la qu\u00eate d\u2019une \u00e9galit\u00e9 r\u00e9elle.<\/p><\/div>\t\n      \t          \n        <\/div>\n              <\/div>\n      \n            <div class=\"ue_timeline_item_pointer\">\n        <div class=\"ue_timeline_item_pointer_inside\"><\/div>\n      <\/div>\n            \n      <div class=\"ue_timeline_item_pointer_spacer\"><\/div>\n      \n    <\/div>\n  \n    <div class=\"ue_timeline_item_icon\">\n      <div class=\"ue_timeline_item_icon_line_offset\">\n      \t<div class=\"ue_timeline_item_icon_line_offset_mask ue_timeline_item_line_icon_holder\">\n          <div class=\"ue_timeline_item_line_floating_icon-offset ue_timeline_floating_icon\"><i class='fas fa-rocket'><\/i><\/div>\n        <\/div>\n      <\/div>\n      <div class=\"ue_timeline_item_icon_holder\">\n                                             <div class=\"ue_text_one\">2020<\/div>\n             <div class=\"ue_text_two\"><\/div>\n             <div class=\"ue_text_three\"><\/div>\n              <\/div>\n      \n      <div class=\"ue_timeline_item_icon_line\">\n      \t<div class=\"ue_timeline_item_icon_line_mask ue_timeline_item_line_icon_holder\">\n          <div class=\"ue_timeline_item_line_floating_icon ue_timeline_floating_icon\"><i class='fas fa-rocket'><\/i><\/div>\n        <\/div>\n      <\/div>\n      \n    <\/div>\n    <div class=\"ue_timeline_item_spacer\">\n            <div class=\"ue_timeline_item_img_wrapper\">\n                <img decoding=\"async\" class=\"uet_opposite_img\" src=\"https:\/\/www.leaf.ca\/wp-content\/uploads\/2025\/04\/Fraser-Timeline@2x-1024x732.png\" alt=\"Fraser Timeline@2x\" title=\"Fraser Timeline@2x\">\n              <\/div>\n        \t<\/div>\n  <\/div>\n\n<div class=\"ue_timeline_item elementor-repeater-item-bcec350 \" id=\"uc_unlimited_timeline_elementor_587aae7_item15\">\n    <div class=\"ue_timeline_item_content\">\n      \n      <div class=\"ue_timeline_item_content_main\">\n        \n                                <img decoding=\"async\" class=\"ue_timeline_item_image\" src=\"\" >\n                          \n        <div class=\"ue_timeline_item_content_inside\">\n                <div class=\"ue_timeline_item_title\" >Le FAEJ actualise son mandat pour \u00eatre plus inclusif du genre<\/div>                <div class=\"ue_timeline_item_text\"><p>Depuis <strong><a href=\"https:\/\/www.leaf.ca\/fr\/news\/leaf-faej-actualise-son-mandat-pour-refleter-une-vision-contemporaine-et-inclusive-de-legalite-des-genres\/\">cette annonce<\/a><\/strong>, le FAEJ a obtenu le statut d\u2019intervenant dans des contestations judiciaires concernant la discrimination \u00e0 l\u2019\u00e9gard des \u00e9tudiant\u00b7e\u00b7s trans, non binaires et de genres divers en Saskatchewan et au Nouveau-Brunswick.<\/p><\/div>\t\n      \t          \n        <\/div>\n              <\/div>\n      \n            <div class=\"ue_timeline_item_pointer\">\n        <div class=\"ue_timeline_item_pointer_inside\"><\/div>\n      <\/div>\n            \n      <div class=\"ue_timeline_item_pointer_spacer\"><\/div>\n      \n    <\/div>\n  \n    <div class=\"ue_timeline_item_icon\">\n      <div class=\"ue_timeline_item_icon_line_offset\">\n      \t<div class=\"ue_timeline_item_icon_line_offset_mask ue_timeline_item_line_icon_holder\">\n          <div class=\"ue_timeline_item_line_floating_icon-offset ue_timeline_floating_icon\"><i class='fas fa-rocket'><\/i><\/div>\n        <\/div>\n      <\/div>\n      <div class=\"ue_timeline_item_icon_holder\">\n                                             <div class=\"ue_text_one\">2022<\/div>\n             <div class=\"ue_text_two\"><\/div>\n             <div class=\"ue_text_three\"><\/div>\n              <\/div>\n      \n      <div class=\"ue_timeline_item_icon_line\">\n      \t<div class=\"ue_timeline_item_icon_line_mask ue_timeline_item_line_icon_holder\">\n          <div class=\"ue_timeline_item_line_floating_icon ue_timeline_floating_icon\"><i class='fas fa-rocket'><\/i><\/div>\n        <\/div>\n      <\/div>\n      \n    <\/div>\n    <div class=\"ue_timeline_item_spacer\">\n            <div class=\"ue_timeline_item_img_wrapper\">\n                <img decoding=\"async\" class=\"uet_opposite_img\" src=\"https:\/\/www.leaf.ca\/wp-content\/uploads\/2025\/04\/Trans-Rights-Timeline-1-768x549.png\" alt=\"Trans Rights Timeline\" title=\"Trans Rights Timeline\">\n              <\/div>\n        \t<\/div>\n  <\/div>\n\n<div class=\"ue_timeline_item elementor-repeater-item-a656893 \" id=\"uc_unlimited_timeline_elementor_587aae7_item16\">\n    <div class=\"ue_timeline_item_content\">\n      \n      <div class=\"ue_timeline_item_content_main\">\n        \n                                <img decoding=\"async\" class=\"ue_timeline_item_image\" src=\"\" >\n                          \n        <div class=\"ue_timeline_item_content_inside\">\n                <div class=\"ue_timeline_item_title\" >Le FAEJ adopte et publie un premier \u00e9nonc\u00e9 de position sur les lois canadiennes sur le travail du sexe<\/div>                <div class=\"ue_timeline_item_text\"><p>Dans une approche au travail du sexe fond\u00e9e sur les donn\u00e9es probantes et sur les droits humains, <strong><a href=\"https:\/\/www.leaf.ca\/fr\/news\/le-faej-propose-une-approche-fondee-sur-des-donnees-probantes-et-les-droits-de-la-personne-a-la-reforme-du-droit-sur-le-travail-du-sexe-au-canada%ef%bf%bc\/\">cette position<\/a> <\/strong>demande la d\u00e9criminalisation compl\u00e8te du travail du sexe effectu\u00e9 par des adultes.<\/p><p>Quelques mois apr\u00e8s l\u2019avoir publi\u00e9e, le FAEJ a agi en solidarit\u00e9 avec les travailleur\u00b7euse\u00b7s du sexe et les organismes de d\u00e9fense de leurs droits et int\u00e9r\u00eats, en intervenant dans <strong><a href=\"https:\/\/www.leaf.ca\/fr\/case_summary\/alliance-canadienne-pour-la-reforme-des-lois-sur-le-travail-du-sexe-v-canada-procureur-general\/\">une contestation en justice de la constitutionnalit\u00e9 des lois canadiennes relatives au travail du sexe<\/a><\/strong>, afin de mettre en \u00e9vidence les effets discriminatoires de ces lois sur les travailleur\u00b7euse\u00b7s du sexe.<\/p><\/div>\t\n      \t          \n        <\/div>\n              <\/div>\n      \n            <div class=\"ue_timeline_item_pointer\">\n        <div class=\"ue_timeline_item_pointer_inside\"><\/div>\n      <\/div>\n            \n      <div class=\"ue_timeline_item_pointer_spacer\"><\/div>\n      \n    <\/div>\n  \n    <div class=\"ue_timeline_item_icon\">\n      <div class=\"ue_timeline_item_icon_line_offset\">\n      \t<div class=\"ue_timeline_item_icon_line_offset_mask ue_timeline_item_line_icon_holder\">\n          <div class=\"ue_timeline_item_line_floating_icon-offset ue_timeline_floating_icon\"><i class='fas fa-rocket'><\/i><\/div>\n        <\/div>\n      <\/div>\n      <div class=\"ue_timeline_item_icon_holder\">\n                                             <div class=\"ue_text_one\">2022<\/div>\n             <div class=\"ue_text_two\"><\/div>\n             <div class=\"ue_text_three\"><\/div>\n              <\/div>\n      \n      <div class=\"ue_timeline_item_icon_line\">\n      \t<div class=\"ue_timeline_item_icon_line_mask ue_timeline_item_line_icon_holder\">\n          <div class=\"ue_timeline_item_line_floating_icon ue_timeline_floating_icon\"><i class='fas fa-rocket'><\/i><\/div>\n        <\/div>\n      <\/div>\n      \n    <\/div>\n    <div class=\"ue_timeline_item_spacer\">\n            <div class=\"ue_timeline_item_img_wrapper\">\n                <img decoding=\"async\" class=\"uet_opposite_img\" src=\"https:\/\/www.leaf.ca\/wp-content\/uploads\/2025\/04\/Sex-Work-Timeline-768x549.png\" alt=\"Sex Work Timeline\" title=\"Sex Work Timeline\">\n              <\/div>\n        \t<\/div>\n  <\/div>\n\n<div class=\"ue_timeline_item elementor-repeater-item-0988782 \" id=\"uc_unlimited_timeline_elementor_587aae7_item17\">\n    <div class=\"ue_timeline_item_content\">\n      \n      <div class=\"ue_timeline_item_content_main\">\n        \n                                <img decoding=\"async\" class=\"ue_timeline_item_image\" src=\"\" >\n                          \n        <div class=\"ue_timeline_item_content_inside\">\n                <div class=\"ue_timeline_item_title\" >R\u00e9pondre \u00e0 l\u2019incarc\u00e9ration massive de femmes autochtones<\/div>                <div class=\"ue_timeline_item_text\"><p>L\u2019affaire <strong><em><a href=\"https:\/\/www.leaf.ca\/fr\/case_summary\/r-c-sharma\/\">R. c. Sharma<\/a><\/em><\/strong> concernait l\u2019incarc\u00e9ration massive de femmes autochtones ainsi que l\u2019acc\u00e8s n\u00e9cessaire \u00e0 des moyens de rechange \u00e0 l\u2019incarc\u00e9ration, comme les peines avec sursis, une peine alternative purg\u00e9e dans la collectivit\u00e9 plut\u00f4t qu\u2019en d\u00e9tention. Devant la Cour supr\u00eame du Canada, le FAEJ a fait valoir que certaines dispositions du <em>Code criminel<\/em> \u00e9taient discriminatoires \u00e0 l\u2019\u00e9gard des femmes autochtones. Le FAEJ a \u00e9galement fait part de ces pr\u00e9occupations au Parlement dans un m\u00e9moire conjoint \u00e0 l\u2019appui de l\u2019adoption du Projet de loi\u00a0C-5.<\/p><p>La Cour a jug\u00e9 que les dispositions \u00e9taient constitutionnelles, mais le gouvernement f\u00e9d\u00e9ral les a ensuite abrog\u00e9es en adoptant le Projet de loi\u00a0C-5. En cons\u00e9quence, les peines avec sursis sont devenues une option que les juges de premi\u00e8re instance peuvent envisager pour condamner des personnes autochtones d\u00e9clar\u00e9es coupables d\u2019un nombre \u00e9largi d\u2019infractions. Il s\u2019agissait d\u2019une \u00e9tape importante pour r\u00e9pondre \u00e0 l\u2019incarc\u00e9ration massive de femmes autochtones.<\/p><\/div>\t\n      \t          \n        <\/div>\n              <\/div>\n      \n            <div class=\"ue_timeline_item_pointer\">\n        <div class=\"ue_timeline_item_pointer_inside\"><\/div>\n      <\/div>\n            \n      <div class=\"ue_timeline_item_pointer_spacer\"><\/div>\n      \n    <\/div>\n  \n    <div class=\"ue_timeline_item_icon\">\n      <div class=\"ue_timeline_item_icon_line_offset\">\n      \t<div class=\"ue_timeline_item_icon_line_offset_mask ue_timeline_item_line_icon_holder\">\n          <div class=\"ue_timeline_item_line_floating_icon-offset ue_timeline_floating_icon\"><i class='fas fa-rocket'><\/i><\/div>\n        <\/div>\n      <\/div>\n      <div class=\"ue_timeline_item_icon_holder\">\n                                             <div class=\"ue_text_one\">2022<\/div>\n             <div class=\"ue_text_two\"><\/div>\n             <div class=\"ue_text_three\"><\/div>\n              <\/div>\n      \n      <div class=\"ue_timeline_item_icon_line\">\n      \t<div class=\"ue_timeline_item_icon_line_mask ue_timeline_item_line_icon_holder\">\n          <div class=\"ue_timeline_item_line_floating_icon ue_timeline_floating_icon\"><i class='fas fa-rocket'><\/i><\/div>\n        <\/div>\n      <\/div>\n      \n    <\/div>\n    <div class=\"ue_timeline_item_spacer\">\n            <div class=\"ue_timeline_item_img_wrapper\">\n                <img decoding=\"async\" class=\"uet_opposite_img\" src=\"https:\/\/www.leaf.ca\/wp-content\/uploads\/2025\/04\/Sharma-768x549.png\" alt=\"Sharma\" title=\"Sharma\">\n              <\/div>\n        \t<\/div>\n  <\/div>\n\n<div class=\"ue_timeline_item elementor-repeater-item-446091a \" id=\"uc_unlimited_timeline_elementor_587aae7_item18\">\n    <div class=\"ue_timeline_item_content\">\n      \n      <div class=\"ue_timeline_item_content_main\">\n        \n                                <img decoding=\"async\" class=\"ue_timeline_item_image\" src=\"\" >\n                          \n        <div class=\"ue_timeline_item_content_inside\">\n                <div class=\"ue_timeline_item_title\" >Favoriser l\u2019acc\u00e8s \u00e0 la justice gr\u00e2ce \u00e0 l\u2019\u00e9ducation juridique<\/div>                <div class=\"ue_timeline_item_text\"><p>Le FAEJ a revitalis\u00e9 son <a href=\"https:\/\/www.leaf.ca\/fr\/overview-public-education\/\"><strong>Programme d'\u00e9ducation juridique<\/strong><\/a>. Nos ateliers informent des organismes et des \u00e9coles \u00e0 travers le pays.<\/p><p>Le bureau national et les sections r\u00e9gionales du FAEJ pr\u00e9sentent des ateliers nouveaux et actualis\u00e9s sur de nombreux sujets\u00a0: la violence facilit\u00e9e par la technologie, les droits en milieu de travail, l\u2019\u00e9quit\u00e9 salariale, le consentement, la justice reproductive, la suspension de casier judiciaire, etc.<\/p><\/div>\t\n      \t          \n        <\/div>\n              <\/div>\n      \n            <div class=\"ue_timeline_item_pointer\">\n        <div class=\"ue_timeline_item_pointer_inside\"><\/div>\n      <\/div>\n            \n      <div class=\"ue_timeline_item_pointer_spacer\"><\/div>\n      \n    <\/div>\n  \n    <div class=\"ue_timeline_item_icon\">\n      <div class=\"ue_timeline_item_icon_line_offset\">\n      \t<div class=\"ue_timeline_item_icon_line_offset_mask ue_timeline_item_line_icon_holder\">\n          <div class=\"ue_timeline_item_line_floating_icon-offset ue_timeline_floating_icon\"><i class='fas fa-rocket'><\/i><\/div>\n        <\/div>\n      <\/div>\n      <div class=\"ue_timeline_item_icon_holder\">\n                                             <div class=\"ue_text_one\">2023<\/div>\n             <div class=\"ue_text_two\"><\/div>\n             <div class=\"ue_text_three\"><\/div>\n              <\/div>\n      \n      <div class=\"ue_timeline_item_icon_line\">\n      \t<div class=\"ue_timeline_item_icon_line_mask ue_timeline_item_line_icon_holder\">\n          <div class=\"ue_timeline_item_line_floating_icon ue_timeline_floating_icon\"><i class='fas fa-rocket'><\/i><\/div>\n        <\/div>\n      <\/div>\n      \n    <\/div>\n    <div class=\"ue_timeline_item_spacer\">\n            <div class=\"ue_timeline_item_img_wrapper\">\n                <img decoding=\"async\" class=\"uet_opposite_img\" src=\"https:\/\/www.leaf.ca\/wp-content\/uploads\/2025\/04\/PLE-Timeline@2x-768x549.png\" alt=\"PLE Timeline@2x\" title=\"PLE Timeline@2x\">\n              <\/div>\n        \t<\/div>\n  <\/div>\n\n<div class=\"ue_timeline_item elementor-repeater-item-aa79134 \" id=\"uc_unlimited_timeline_elementor_587aae7_item19\">\n    <div class=\"ue_timeline_item_content\">\n      \n      <div class=\"ue_timeline_item_content_main\">\n        \n                                <img decoding=\"async\" class=\"ue_timeline_item_image\" src=\"\" >\n                          \n        <div class=\"ue_timeline_item_content_inside\">\n                <div class=\"ue_timeline_item_title\" >La lutte continue pour la justice de genre <\/div>                <div class=\"ue_timeline_item_text\"><p>Le mouvement du FAEJ continue \u00e0 travailler pour un avenir plus lumineux et plus juste.<\/p><p>Voici un aper\u00e7u de certains de nos efforts collectifs r\u00e9cents\u00a0:\u00a0<\/p><ul><li>Appuyer les syndicats et les employ\u00e9es du secteur public pour r\u00e9ussir \u00e0 <a href=\"https:\/\/www.leaf.ca\/fr\/case_summary\/ontario-english-catholic-teachers-association-et-al-v-his-majesty-the-king-in-right-of-ontario-et-al\/\"><strong>d\u00e9fendre le droit \u00e0 la n\u00e9gociation collective.<\/strong><\/a><\/li><li>S\u2019assurer que les personnes survivantes de violence sexuelle <a href=\"https:\/\/www.leaf.ca\/fr\/submission\/facilitating-survivors-choice-in-publication-bans\/\"><strong>ne risquent pas d\u2019\u00eatre criminalis\u00e9es si elles parlent de leurs exp\u00e9riences.<\/strong><\/a><\/li><li>Faire valoir la n\u00e9cessit\u00e9 de <a href=\"https:\/\/www.leaf.ca\/fr\/publication\/le-revenu-de-base-et-leconomie-des-soins\/\"><strong>solutions tangibles pour r\u00e9pondre \u00e0 la pauvret\u00e9 associ\u00e9e au handicap.<\/strong><\/a><\/li><li>Demander la cr\u00e9ation d\u2019un poste de\u00a0<a href=\"https:\/\/www.leaf.ca\/fr\/project\/projet-sur-la-responsabilisation\/\"><strong>commissaire f\u00e9d\u00e9ral\u00b7e \u00e0 la violence fond\u00e9e sur le genre (VFG)<\/strong><\/a>\u00a0afin de responsabiliser les gouvernements pour mettre fin \u00e0 l\u2019\u00e9pid\u00e9mie de VFG.<\/li><li>R\u00e9pondre \u00e0 l\u2019\u00e9mergence de pr\u00e9judices genr\u00e9s de l\u2019intelligence artificielle en demandant <a href=\"https:\/\/www.leaf.ca\/fr\/submission\/regulating-artificial-intelligence\/\"><strong>l\u2019adoption d\u2019une approche fond\u00e9e sur les droits humains et sur l\u2019\u00e9galit\u00e9, dans la r\u00e9glementation en mati\u00e8re d\u2019IA.<\/strong><\/a><\/li><\/ul><\/div>\t\n      \t          \n        <\/div>\n              <\/div>\n      \n            <div class=\"ue_timeline_item_pointer\">\n        <div class=\"ue_timeline_item_pointer_inside\"><\/div>\n      <\/div>\n            \n      <div class=\"ue_timeline_item_pointer_spacer\"><\/div>\n      \n    <\/div>\n  \n    <div class=\"ue_timeline_item_icon\">\n      <div class=\"ue_timeline_item_icon_line_offset\">\n      \t<div class=\"ue_timeline_item_icon_line_offset_mask ue_timeline_item_line_icon_holder\">\n          <div class=\"ue_timeline_item_line_floating_icon-offset ue_timeline_floating_icon\"><i class='fas fa-rocket'><\/i><\/div>\n        <\/div>\n      <\/div>\n      <div class=\"ue_timeline_item_icon_holder\">\n                                             <div class=\"ue_text_one\">2025<\/div>\n             <div class=\"ue_text_two\"><\/div>\n             <div class=\"ue_text_three\"><\/div>\n              <\/div>\n      \n      <div class=\"ue_timeline_item_icon_line\">\n      \t<div class=\"ue_timeline_item_icon_line_mask ue_timeline_item_line_icon_holder\">\n          <div class=\"ue_timeline_item_line_floating_icon ue_timeline_floating_icon\"><i class='fas fa-rocket'><\/i><\/div>\n        <\/div>\n      <\/div>\n      \n    <\/div>\n    <div class=\"ue_timeline_item_spacer\">\n            <div class=\"ue_timeline_item_img_wrapper\">\n                <img decoding=\"async\" class=\"uet_opposite_img\" src=\"https:\/\/www.leaf.ca\/wp-content\/uploads\/2025\/04\/Today-Timeline@2x-1-768x549.png\" alt=\"Today Timeline@2x\" title=\"Today Timeline@2x\">\n              <\/div>\n        \t<\/div>\n  <\/div>\n \n<\/div>\n<!-- end Unlimited Timeline -->\t\t\t\t<\/div>\n\t\t\t\t<\/div>\n\t\t\t\t\t<\/div>\n\t\t\t\t<\/div>\n\t\t<div class=\"has_ae_slider elementor-element elementor-element-305eb85 e-flex e-con-boxed ae-bg-gallery-type-default e-con e-parent\" data-id=\"305eb85\" data-element_type=\"container\" data-e-type=\"container\">\n\t\t\t\t\t<div class=\"e-con-inner\">\n\t\t\t\t<div class=\"elementor-element elementor-element-fa991bb elementor-widget elementor-widget-ucaddon_ue_scroll_to_top\" data-id=\"fa991bb\" data-element_type=\"widget\" data-e-type=\"widget\" data-widget_type=\"ucaddon_ue_scroll_to_top.default\">\n\t\t\t\t<div class=\"elementor-widget-container\">\n\t\t\t\t\t\n<!-- start Scroll To Top -->\n\n<style>\/* widget: Scroll To Top *\/\n\n#uc_ue_scroll_to_top_elementor_fa991bb.ue-scroll-to {\n    display:none;\n   z-index: 9999;\n  \n}\n#uc_ue_scroll_to_top_elementor_fa991bb .ue-scroll-to-cta {\n  cursor: pointer;\n  display: flex;\n  position: relative;\n  transition: all 400ms ease-in-out;\n  align-content:center;\n  justify-content:center;\n  flex-direction:column;\n  text-align:center;\n}\n#uc_ue_scroll_to_top_elementor_fa991bb .ue-scroll-to-cta .ue-scroll-to-icon {\n  line-height:1em;\n  margin:0 auto;\n}\n\n#uc_ue_scroll_to_top_elementor_fa991bb .ue-scroll-to-cta .ue-scroll-to-icon svg {\n  height:1em; \n  width:1em; \n}\n\n.ue-scroll-to-cta \n#uc_ue_scroll_to_top_elementor_fa991bb .ue-scroll-to-icon {\n  position: relative;\n}\n\n#uc_ue_scroll_to_top_elementor_fa991bb .ue-scroll-to-icon:hover {\n  cursor: pointer;\n}\n.ue-snap-v-middle{\n  top:50%;\n}\n.ue-scroll-to-text\n{\n  font-size:10px;\n}\n\n\t\n\t\t\n\t\n\t\n\t\n\t\n\t\n\t\n\n<\/style>\n\n<div id=\"uc_ue_scroll_to_top_elementor_fa991bb\" class=\"ue-scroll-to ue-snap-v-bottom ue-snap-h-right\">\n      <div class=\"ue-scroll-to-cta none\">\n          <div class=\"ue-scroll-to-icon\"><i class='fas fa-arrow-up'><\/i><\/div>\n          \t\n      <\/div>\n<\/div>\n<!-- end Scroll To Top -->\t\t\t\t<\/div>\n\t\t\t\t<\/div>\n\t\t\t\t\t<\/div>\n\t\t\t\t<\/div>\n\t\t<div class=\"has_ae_slider elementor-element elementor-element-0d5f9a4 e-flex e-con-boxed ae-bg-gallery-type-default e-con e-parent\" data-id=\"0d5f9a4\" data-element_type=\"container\" data-e-type=\"container\" data-settings=\"{&quot;background_background&quot;:&quot;classic&quot;}\">\n\t\t\t\t\t<div class=\"e-con-inner\">\n\t\t<div class=\"has_ae_slider elementor-element elementor-element-9188809 e-con-full e-flex ae-bg-gallery-type-default e-con e-child\" data-id=\"9188809\" data-element_type=\"container\" data-e-type=\"container\">\n\t\t\t\t<div class=\"elementor-element elementor-element-26a52d3 elementor-widget elementor-widget-image\" data-id=\"26a52d3\" data-element_type=\"widget\" data-e-type=\"widget\" data-widget_type=\"image.default\">\n\t\t\t\t<div class=\"elementor-widget-container\">\n\t\t\t\t\t\t\t\t\t\t\t\t\t\t\t<img fetchpriority=\"high\" decoding=\"async\" width=\"800\" height=\"572\" src=\"https:\/\/www.leaf.ca\/wp-content\/uploads\/2025\/04\/LEAF-Movement-Timeline@2x-1024x732.png\" class=\"attachment-large size-large wp-image-25080\" alt=\"\" srcset=\"https:\/\/www.leaf.ca\/wp-content\/uploads\/2025\/04\/LEAF-Movement-Timeline@2x-1024x732.png 1024w, https:\/\/www.leaf.ca\/wp-content\/uploads\/2025\/04\/LEAF-Movement-Timeline@2x-620x443.png 620w, https:\/\/www.leaf.ca\/wp-content\/uploads\/2025\/04\/LEAF-Movement-Timeline@2x-768x549.png 768w, https:\/\/www.leaf.ca\/wp-content\/uploads\/2025\/04\/LEAF-Movement-Timeline@2x.png 1400w\" sizes=\"(max-width: 800px) 100vw, 800px\" \/>\t\t\t\t\t\t\t\t\t\t\t\t\t\t\t<\/div>\n\t\t\t\t<\/div>\n\t\t\t\t<\/div>\n\t\t<div class=\"has_ae_slider elementor-element elementor-element-94143e1 e-con-full e-flex ae-bg-gallery-type-default e-con e-child\" data-id=\"94143e1\" data-element_type=\"container\" data-e-type=\"container\">\n\t\t\t\t<div class=\"elementor-element elementor-element-fabfbeb elementor-widget elementor-widget-text-editor\" data-id=\"fabfbeb\" data-element_type=\"widget\" data-e-type=\"widget\" data-widget_type=\"text-editor.default\">\n\t\t\t\t<div class=\"elementor-widget-container\">\n\t\t\t\t\t\t\t\t\t<h5>\u00c0 tout le mouvement du FAEJ : merci du r\u00f4le crucial que vous jouez pour rendre possibles ces victoires et ces grands moments.\u00a0<\/h5><p>Les victoires que nous avons remport\u00e9es et la communaut\u00e9 que nous avons b\u00e2tie ont un impact ind\u00e9l\u00e9bile sur la lutte pour l\u2019\u00e9galit\u00e9 des genres.<\/p><p>Ensemble, nous continuerons de faire progresser la cause des femmes, des filles et des personnes trans et non binaires partout au pays.<\/p><p>Pour appuyer notre plaidoyer f\u00e9ministe continu, envisagez de faire un don aujourd\u2019hui.<\/p>\t\t\t\t\t\t\t\t<\/div>\n\t\t\t\t<\/div>\n\t\t\t\t<div class=\"elementor-element elementor-element-05ef366 elementor-widget elementor-widget-html\" data-id=\"05ef366\" data-element_type=\"widget\" data-e-type=\"widget\" data-widget_type=\"html.default\">\n\t\t\t\t<div class=\"elementor-widget-container\">\n\t\t\t\t\t<div style=\"text-align:center\"> <a href=\"#XMTJXWNB\" style=\"display: none\"><\/a><\/div>\t\t\t\t<\/div>\n\t\t\t\t<\/div>\n\t\t\t\t<\/div>\n\t\t\t\t\t<\/div>\n\t\t\t\t<\/div>\n\t\t\t\t<\/div>\n\t\t","protected":false},"excerpt":{"rendered":"<p>NOTRE HISTOIRE \u00c0 l\u2019avant-plan du f\u00e9minisme : notre plaidoyer d\u2019hier \u00e0 aujourd\u2019hui En 1985, les fondatrices du\u00a0FAEJ\u00a0ont\u00a0r\u00e9alis\u00e9\u00a0que l\u2019inscription de la disposition\u00a0d\u2019\u00e9galit\u00e9 dans la\u00a0Charte\u00a0n\u2019\u00e9tait qu\u2019une premi\u00e8re \u00e9tape\u00a0vers\u00a0l\u2019\u00e9galit\u00e9\u00a0des genres.\u00a0L\u2019application, l\u2019interpr\u00e9tation et la d\u00e9fense des droits \u00e0 l\u2019\u00e9galit\u00e9\u00a0allaient n\u00e9cessiter\u00a0de continuels efforts\u00a0de plaidoyer. C\u2019est pr\u00e9cis\u00e9ment dans ce but que\u00a0le\u00a0FAEJ\u00a0a vu le jour, sous l\u2019impulsion de f\u00e9ministes profond\u00e9ment engag\u00e9es qui [&hellip;]<\/p>\n","protected":false},"author":101028,"featured_media":0,"parent":18670,"menu_order":0,"comment_status":"closed","ping_status":"closed","template":"elementor_header_footer","meta":{"_acf_changed":false,"footnotes":""},"class_list":["post-25098","page","type-page","status-publish","hentry"],"acf":[],"yoast_head":"<!-- This site is optimized with the Yoast SEO plugin v27.4 - https:\/\/yoast.com\/product\/yoast-seo-wordpress\/ -->\n<title>\u00c0 l\u2019avant-plan du f\u00e9minisme : notre plaidoyer d\u2019hier \u00e0 aujourd\u2019hui - LEAF<\/title>\n<meta name=\"robots\" content=\"index, follow, max-snippet:-1, max-image-preview:large, max-video-preview:-1\" \/>\n<link rel=\"canonical\" href=\"https:\/\/www.leaf.ca\/fr\/our-story\/historique-du-plaidoyer\/\" \/>\n<meta property=\"og:locale\" content=\"fr_FR\" \/>\n<meta property=\"og:type\" content=\"article\" \/>\n<meta property=\"og:title\" content=\"\u00c0 l\u2019avant-plan du f\u00e9minisme : notre plaidoyer d\u2019hier \u00e0 aujourd\u2019hui\" \/>\n<meta property=\"og:description\" content=\"Des moments-phares des 40 ans de lutte du FAEJ pour la justice de genre\" \/>\n<meta property=\"og:url\" content=\"https:\/\/www.leaf.ca\/fr\/our-story\/historique-du-plaidoyer\/\" \/>\n<meta property=\"og:site_name\" content=\"LEAF\" \/>\n<meta property=\"article:modified_time\" content=\"2026-04-24T16:48:14+00:00\" \/>\n<meta property=\"og:image\" content=\"https:\/\/www.leaf.ca\/wp-content\/uploads\/2025\/04\/FR-Timeline@2x.png\" \/>\n\t<meta property=\"og:image:width\" content=\"1400\" \/>\n\t<meta property=\"og:image:height\" content=\"1001\" \/>\n\t<meta property=\"og:image:type\" content=\"image\/png\" \/>\n<meta name=\"twitter:card\" content=\"summary_large_image\" \/>\n<meta name=\"twitter:label1\" content=\"Dur\u00e9e de lecture estim\u00e9e\" \/>\n\t<meta name=\"twitter:data1\" content=\"22 minutes\" \/>\n<script type=\"application\/ld+json\" class=\"yoast-schema-graph\">{\"@context\":\"https:\\\/\\\/schema.org\",\"@graph\":[{\"@type\":\"WebPage\",\"@id\":\"https:\\\/\\\/www.leaf.ca\\\/fr\\\/our-story\\\/historique-du-plaidoyer\\\/\",\"url\":\"https:\\\/\\\/www.leaf.ca\\\/fr\\\/our-story\\\/historique-du-plaidoyer\\\/\",\"name\":\"\u00c0 l\u2019avant-plan du f\u00e9minisme : notre plaidoyer d\u2019hier \u00e0 aujourd\u2019hui - LEAF\",\"isPartOf\":{\"@id\":\"https:\\\/\\\/www.leaf.ca\\\/fr\\\/#website\"},\"primaryImageOfPage\":{\"@id\":\"https:\\\/\\\/www.leaf.ca\\\/fr\\\/our-story\\\/historique-du-plaidoyer\\\/#primaryimage\"},\"image\":{\"@id\":\"https:\\\/\\\/www.leaf.ca\\\/fr\\\/our-story\\\/historique-du-plaidoyer\\\/#primaryimage\"},\"thumbnailUrl\":\"https:\\\/\\\/www.leaf.ca\\\/wp-content\\\/uploads\\\/2025\\\/04\\\/Bertrand-Timeline-1.png\",\"datePublished\":\"2025-04-09T16:34:37+00:00\",\"dateModified\":\"2026-04-24T16:48:14+00:00\",\"breadcrumb\":{\"@id\":\"https:\\\/\\\/www.leaf.ca\\\/fr\\\/our-story\\\/historique-du-plaidoyer\\\/#breadcrumb\"},\"inLanguage\":\"fr-FR\",\"potentialAction\":[{\"@type\":\"ReadAction\",\"target\":[\"https:\\\/\\\/www.leaf.ca\\\/fr\\\/our-story\\\/historique-du-plaidoyer\\\/\"]}]},{\"@type\":\"ImageObject\",\"inLanguage\":\"fr-FR\",\"@id\":\"https:\\\/\\\/www.leaf.ca\\\/fr\\\/our-story\\\/historique-du-plaidoyer\\\/#primaryimage\",\"url\":\"https:\\\/\\\/www.leaf.ca\\\/wp-content\\\/uploads\\\/2025\\\/04\\\/Bertrand-Timeline-1.png\",\"contentUrl\":\"https:\\\/\\\/www.leaf.ca\\\/wp-content\\\/uploads\\\/2025\\\/04\\\/Bertrand-Timeline-1.png\"},{\"@type\":\"BreadcrumbList\",\"@id\":\"https:\\\/\\\/www.leaf.ca\\\/fr\\\/our-story\\\/historique-du-plaidoyer\\\/#breadcrumb\",\"itemListElement\":[{\"@type\":\"ListItem\",\"position\":1,\"name\":\"Home\",\"item\":\"https:\\\/\\\/www.leaf.ca\\\/fr\\\/\"},{\"@type\":\"ListItem\",\"position\":2,\"name\":\"Notre Histoire\",\"item\":\"https:\\\/\\\/www.leaf.ca\\\/fr\\\/our-story\\\/\"},{\"@type\":\"ListItem\",\"position\":3,\"name\":\"\u00c0 l\u2019avant-plan du f\u00e9minisme : notre plaidoyer d\u2019hier \u00e0 aujourd\u2019hui\"}]},{\"@type\":\"WebSite\",\"@id\":\"https:\\\/\\\/www.leaf.ca\\\/fr\\\/#website\",\"url\":\"https:\\\/\\\/www.leaf.ca\\\/fr\\\/\",\"name\":\"LEAF\",\"description\":\"Women&#039;s Legal Education and Action Fund\",\"publisher\":{\"@id\":\"https:\\\/\\\/www.leaf.ca\\\/fr\\\/#organization\"},\"potentialAction\":[{\"@type\":\"SearchAction\",\"target\":{\"@type\":\"EntryPoint\",\"urlTemplate\":\"https:\\\/\\\/www.leaf.ca\\\/fr\\\/?s={search_term_string}\"},\"query-input\":{\"@type\":\"PropertyValueSpecification\",\"valueRequired\":true,\"valueName\":\"search_term_string\"}}],\"inLanguage\":\"fr-FR\"},{\"@type\":\"Organization\",\"@id\":\"https:\\\/\\\/www.leaf.ca\\\/fr\\\/#organization\",\"name\":\"LEAF\",\"url\":\"https:\\\/\\\/www.leaf.ca\\\/fr\\\/\",\"logo\":{\"@type\":\"ImageObject\",\"inLanguage\":\"fr-FR\",\"@id\":\"https:\\\/\\\/www.leaf.ca\\\/fr\\\/#\\\/schema\\\/logo\\\/image\\\/\",\"url\":\"https:\\\/\\\/www.leaf.ca\\\/wp-content\\\/uploads\\\/2020\\\/09\\\/LEAF_FAEJ_hz_names_colour_rgb.svg\",\"contentUrl\":\"https:\\\/\\\/www.leaf.ca\\\/wp-content\\\/uploads\\\/2020\\\/09\\\/LEAF_FAEJ_hz_names_colour_rgb.svg\",\"width\":612,\"height\":110,\"caption\":\"LEAF\"},\"image\":{\"@id\":\"https:\\\/\\\/www.leaf.ca\\\/fr\\\/#\\\/schema\\\/logo\\\/image\\\/\"}}]}<\/script>\n<!-- \/ Yoast SEO plugin. -->","yoast_head_json":{"title":"\u00c0 l\u2019avant-plan du f\u00e9minisme : notre plaidoyer d\u2019hier \u00e0 aujourd\u2019hui - LEAF","robots":{"index":"index","follow":"follow","max-snippet":"max-snippet:-1","max-image-preview":"max-image-preview:large","max-video-preview":"max-video-preview:-1"},"canonical":"https:\/\/www.leaf.ca\/fr\/our-story\/historique-du-plaidoyer\/","og_locale":"fr_FR","og_type":"article","og_title":"\u00c0 l\u2019avant-plan du f\u00e9minisme : notre plaidoyer d\u2019hier \u00e0 aujourd\u2019hui","og_description":"Des moments-phares des 40 ans de lutte du FAEJ pour la justice de genre","og_url":"https:\/\/www.leaf.ca\/fr\/our-story\/historique-du-plaidoyer\/","og_site_name":"LEAF","article_modified_time":"2026-04-24T16:48:14+00:00","og_image":[{"width":1400,"height":1001,"url":"https:\/\/www.leaf.ca\/wp-content\/uploads\/2025\/04\/FR-Timeline@2x.png","type":"image\/png"}],"twitter_card":"summary_large_image","twitter_misc":{"Dur\u00e9e de lecture estim\u00e9e":"22 minutes"},"schema":{"@context":"https:\/\/schema.org","@graph":[{"@type":"WebPage","@id":"https:\/\/www.leaf.ca\/fr\/our-story\/historique-du-plaidoyer\/","url":"https:\/\/www.leaf.ca\/fr\/our-story\/historique-du-plaidoyer\/","name":"\u00c0 l\u2019avant-plan du f\u00e9minisme : notre plaidoyer d\u2019hier \u00e0 aujourd\u2019hui - LEAF","isPartOf":{"@id":"https:\/\/www.leaf.ca\/fr\/#website"},"primaryImageOfPage":{"@id":"https:\/\/www.leaf.ca\/fr\/our-story\/historique-du-plaidoyer\/#primaryimage"},"image":{"@id":"https:\/\/www.leaf.ca\/fr\/our-story\/historique-du-plaidoyer\/#primaryimage"},"thumbnailUrl":"https:\/\/www.leaf.ca\/wp-content\/uploads\/2025\/04\/Bertrand-Timeline-1.png","datePublished":"2025-04-09T16:34:37+00:00","dateModified":"2026-04-24T16:48:14+00:00","breadcrumb":{"@id":"https:\/\/www.leaf.ca\/fr\/our-story\/historique-du-plaidoyer\/#breadcrumb"},"inLanguage":"fr-FR","potentialAction":[{"@type":"ReadAction","target":["https:\/\/www.leaf.ca\/fr\/our-story\/historique-du-plaidoyer\/"]}]},{"@type":"ImageObject","inLanguage":"fr-FR","@id":"https:\/\/www.leaf.ca\/fr\/our-story\/historique-du-plaidoyer\/#primaryimage","url":"https:\/\/www.leaf.ca\/wp-content\/uploads\/2025\/04\/Bertrand-Timeline-1.png","contentUrl":"https:\/\/www.leaf.ca\/wp-content\/uploads\/2025\/04\/Bertrand-Timeline-1.png"},{"@type":"BreadcrumbList","@id":"https:\/\/www.leaf.ca\/fr\/our-story\/historique-du-plaidoyer\/#breadcrumb","itemListElement":[{"@type":"ListItem","position":1,"name":"Home","item":"https:\/\/www.leaf.ca\/fr\/"},{"@type":"ListItem","position":2,"name":"Notre Histoire","item":"https:\/\/www.leaf.ca\/fr\/our-story\/"},{"@type":"ListItem","position":3,"name":"\u00c0 l\u2019avant-plan du f\u00e9minisme : notre plaidoyer d\u2019hier \u00e0 aujourd\u2019hui"}]},{"@type":"WebSite","@id":"https:\/\/www.leaf.ca\/fr\/#website","url":"https:\/\/www.leaf.ca\/fr\/","name":"LEAF","description":"Women&#039;s Legal Education and Action Fund","publisher":{"@id":"https:\/\/www.leaf.ca\/fr\/#organization"},"potentialAction":[{"@type":"SearchAction","target":{"@type":"EntryPoint","urlTemplate":"https:\/\/www.leaf.ca\/fr\/?s={search_term_string}"},"query-input":{"@type":"PropertyValueSpecification","valueRequired":true,"valueName":"search_term_string"}}],"inLanguage":"fr-FR"},{"@type":"Organization","@id":"https:\/\/www.leaf.ca\/fr\/#organization","name":"LEAF","url":"https:\/\/www.leaf.ca\/fr\/","logo":{"@type":"ImageObject","inLanguage":"fr-FR","@id":"https:\/\/www.leaf.ca\/fr\/#\/schema\/logo\/image\/","url":"https:\/\/www.leaf.ca\/wp-content\/uploads\/2020\/09\/LEAF_FAEJ_hz_names_colour_rgb.svg","contentUrl":"https:\/\/www.leaf.ca\/wp-content\/uploads\/2020\/09\/LEAF_FAEJ_hz_names_colour_rgb.svg","width":612,"height":110,"caption":"LEAF"},"image":{"@id":"https:\/\/www.leaf.ca\/fr\/#\/schema\/logo\/image\/"}}]}},"_links":{"self":[{"href":"https:\/\/www.leaf.ca\/fr\/wp-json\/wp\/v2\/pages\/25098","targetHints":{"allow":["GET"]}}],"collection":[{"href":"https:\/\/www.leaf.ca\/fr\/wp-json\/wp\/v2\/pages"}],"about":[{"href":"https:\/\/www.leaf.ca\/fr\/wp-json\/wp\/v2\/types\/page"}],"author":[{"embeddable":true,"href":"https:\/\/www.leaf.ca\/fr\/wp-json\/wp\/v2\/users\/101028"}],"replies":[{"embeddable":true,"href":"https:\/\/www.leaf.ca\/fr\/wp-json\/wp\/v2\/comments?post=25098"}],"version-history":[{"count":24,"href":"https:\/\/www.leaf.ca\/fr\/wp-json\/wp\/v2\/pages\/25098\/revisions"}],"predecessor-version":[{"id":27271,"href":"https:\/\/www.leaf.ca\/fr\/wp-json\/wp\/v2\/pages\/25098\/revisions\/27271"}],"up":[{"embeddable":true,"href":"https:\/\/www.leaf.ca\/fr\/wp-json\/wp\/v2\/pages\/18670"}],"wp:attachment":[{"href":"https:\/\/www.leaf.ca\/fr\/wp-json\/wp\/v2\/media?parent=25098"}],"curies":[{"name":"wp","href":"https:\/\/api.w.org\/{rel}","templated":true}]}}