{"id":11400,"date":"2019-07-12T16:46:18","date_gmt":"2019-07-12T20:46:18","guid":{"rendered":"https:\/\/www.leaf.ca\/?p=11400"},"modified":"2019-07-19T11:13:02","modified_gmt":"2019-07-19T15:13:02","slug":"leaf-urges-world-health-organization-to-reconsider-inclusion-of-parental-alienation-in-revised-international-classification-of-diseases","status":"publish","type":"submission","link":"https:\/\/www.leaf.ca\/fr\/submission\/leaf-urges-world-health-organization-to-reconsider-inclusion-of-parental-alienation-in-revised-international-classification-of-diseases\/","title":{"rendered":"LEAF urges World Health Organization to reconsider inclusion of \u201cparental alienation\u201d in revised International Classification of Diseases"},"content":{"rendered":"<p><img fetchpriority=\"high\" decoding=\"async\" class=\"alignnone size-full wp-image-11425\" src=\"https:\/\/www.leaf.ca\/wp-content\/uploads\/2019\/07\/Collective-Memo-to-WHO-from-LEAF-5.png\" alt=\"\" width=\"560\" height=\"150\"><\/p>\n<p>The Women\u2019s Legal Education and Action Fund (LEAF) has joined a number of concerned feminists and children\u2019s rights advocates, including the <em>F\u00e9d\u00e9ration des femmes du Qu\u00e9bec,<\/em> the National Association of Women and the Law (NAWL), and Luke\u2019s Place, in calling on the World Health Organization (WHO) to not include \u201cparental alienation\u201d as a \u201ccaregiver-child relationship problem\u201d in the <em>International Classification of Diseases 11<sup>th<\/sup> Revision <\/em>(ICD-11).&nbsp;<\/p>\n<p>There is no official definition of \u201cparental alienation\u201d, but it is generally understood to mean that a child\u2019s fear or rejection of one parent comes from negative influencing by the other parent. Including \u201cparental alienation\u201d in the ICD-11 raises serious concerns about women\u2019s safety and child development as it is frequently used in court to deny credible claims of abuse.&nbsp; &nbsp;&nbsp;<\/p>\n<p>For example, claims of \u201cparental alienation\u201d discount other, well-documented causes of parent-child conflict such as family violence and parental neglect. Researchers in the United States and Canada have found that alienation claims are leading courts to discount evidence of paternal abuse of women and children, remove children from parents (primarily mothers) who seek to protect them, and place children with abusive parents\u2014even in cases where judges acknowledge family violence and abuse. Women and children are silenced as lawyers, mediators, evaluators, and judges fail to investigate claims of abuse and concerns for safety in favour of punishing them for resisting contact.&nbsp;&nbsp;<\/p>\n<ul>\n<li>Read the <a href=\"http:\/\/www.learningtoendabuse.ca\/collective-memo-of-concern-to-WHO-about-parental-alienation.html\">full document and references<\/a>&nbsp;<\/li>\n<\/ul>\n<hr>\n<p><em>The <strong>Women\u2019s Legal Education and Action Fund (LEAF)<\/strong> works to advance the substantive equality rights of women and girls through litigation, law reform, and public education. Since 1985, we have intervened in landmark cases that have advanced equality in Canada\u2014helping to prevent violence, eliminate discrimination in the workplace, provide better maternity benefits, ensure a right to pay equity, and allow access to reproductive freedoms.<\/em><\/p>\n<hr>\n<h3>For inquiries, please contact:<\/h3>\n<p>Susan Boyd<br \/>\nCo-Chair, Law Program Committee<br \/>\nboyd@allard.ubc.ca<\/p>\n<p>&nbsp;<\/p>\n","protected":false},"featured_media":0,"template":"","meta":{"_acf_changed":false},"categories":[182,25,4],"tags":[117,115,122,100],"class_list":["post-11400","submission","type-submission","status-publish","hentry","category-children","category-featured","category-whats-new","tag-feminist","tag-justice","tag-leaf-national","tag-women"],"acf":[],"yoast_head":"<!-- This site is optimized with the Yoast SEO plugin v27.4 - https:\/\/yoast.com\/product\/yoast-seo-wordpress\/ -->\n<title>LEAF urges World Health Organization to reconsider inclusion of \u201cparental alienation\u201d in revised International Classification of Diseases - LEAF<\/title>\n<meta name=\"robots\" content=\"index, follow, max-snippet:-1, max-image-preview:large, max-video-preview:-1\" \/>\n<link rel=\"canonical\" href=\"https:\/\/www.leaf.ca\/fr\/submission\/leaf-urges-world-health-organization-to-reconsider-inclusion-of-parental-alienation-in-revised-international-classification-of-diseases\/\" \/>\n<meta property=\"og:locale\" content=\"fr_FR\" \/>\n<meta property=\"og:type\" content=\"article\" \/>\n<meta property=\"og:title\" content=\"LEAF urges World Health Organization to reconsider inclusion of \u201cparental alienation\u201d in revised International Classification of Diseases - LEAF\" \/>\n<meta property=\"og:description\" content=\"The Women\u2019s Legal Education and Action Fund (LEAF) has joined a number of concerned feminists and children\u2019s rights advocates, including the F\u00e9d\u00e9ration des femmes du Qu\u00e9bec, the National Association of Women and the Law (NAWL), and Luke\u2019s Place, in calling on the World Health Organization (WHO) to not include \u201cparental alienation\u201d as a \u201ccaregiver-child relationship [&hellip;]\" \/>\n<meta property=\"og:url\" content=\"https:\/\/www.leaf.ca\/fr\/submission\/leaf-urges-world-health-organization-to-reconsider-inclusion-of-parental-alienation-in-revised-international-classification-of-diseases\/\" \/>\n<meta property=\"og:site_name\" content=\"LEAF\" \/>\n<meta property=\"article:modified_time\" content=\"2019-07-19T15:13:02+00:00\" \/>\n<meta property=\"og:image\" content=\"https:\/\/www.leaf.ca\/wp-content\/uploads\/2019\/07\/Collective-Memo-to-WHO-from-LEAF-5.png\" \/>\n<meta name=\"twitter:card\" content=\"summary_large_image\" \/>\n<meta name=\"twitter:label1\" content=\"Dur\u00e9e de lecture estim\u00e9e\" \/>\n\t<meta name=\"twitter:data1\" content=\"2 minutes\" \/>\n<script type=\"application\/ld+json\" class=\"yoast-schema-graph\">{\"@context\":\"https:\\\/\\\/schema.org\",\"@graph\":[{\"@type\":\"WebPage\",\"@id\":\"https:\\\/\\\/www.leaf.ca\\\/fr\\\/submission\\\/leaf-urges-world-health-organization-to-reconsider-inclusion-of-parental-alienation-in-revised-international-classification-of-diseases\\\/\",\"url\":\"https:\\\/\\\/www.leaf.ca\\\/fr\\\/submission\\\/leaf-urges-world-health-organization-to-reconsider-inclusion-of-parental-alienation-in-revised-international-classification-of-diseases\\\/\",\"name\":\"LEAF urges World Health Organization to reconsider inclusion of \u201cparental alienation\u201d in revised International Classification of Diseases - LEAF\",\"isPartOf\":{\"@id\":\"https:\\\/\\\/www.leaf.ca\\\/fr\\\/#website\"},\"primaryImageOfPage\":{\"@id\":\"https:\\\/\\\/www.leaf.ca\\\/fr\\\/submission\\\/leaf-urges-world-health-organization-to-reconsider-inclusion-of-parental-alienation-in-revised-international-classification-of-diseases\\\/#primaryimage\"},\"image\":{\"@id\":\"https:\\\/\\\/www.leaf.ca\\\/fr\\\/submission\\\/leaf-urges-world-health-organization-to-reconsider-inclusion-of-parental-alienation-in-revised-international-classification-of-diseases\\\/#primaryimage\"},\"thumbnailUrl\":\"https:\\\/\\\/www.leaf.ca\\\/wp-content\\\/uploads\\\/2019\\\/07\\\/Collective-Memo-to-WHO-from-LEAF-5.png\",\"datePublished\":\"2019-07-12T20:46:18+00:00\",\"dateModified\":\"2019-07-19T15:13:02+00:00\",\"breadcrumb\":{\"@id\":\"https:\\\/\\\/www.leaf.ca\\\/fr\\\/submission\\\/leaf-urges-world-health-organization-to-reconsider-inclusion-of-parental-alienation-in-revised-international-classification-of-diseases\\\/#breadcrumb\"},\"inLanguage\":\"fr-FR\",\"potentialAction\":[{\"@type\":\"ReadAction\",\"target\":[\"https:\\\/\\\/www.leaf.ca\\\/fr\\\/submission\\\/leaf-urges-world-health-organization-to-reconsider-inclusion-of-parental-alienation-in-revised-international-classification-of-diseases\\\/\"]}]},{\"@type\":\"ImageObject\",\"inLanguage\":\"fr-FR\",\"@id\":\"https:\\\/\\\/www.leaf.ca\\\/fr\\\/submission\\\/leaf-urges-world-health-organization-to-reconsider-inclusion-of-parental-alienation-in-revised-international-classification-of-diseases\\\/#primaryimage\",\"url\":\"https:\\\/\\\/www.leaf.ca\\\/wp-content\\\/uploads\\\/2019\\\/07\\\/Collective-Memo-to-WHO-from-LEAF-5.png\",\"contentUrl\":\"https:\\\/\\\/www.leaf.ca\\\/wp-content\\\/uploads\\\/2019\\\/07\\\/Collective-Memo-to-WHO-from-LEAF-5.png\"},{\"@type\":\"BreadcrumbList\",\"@id\":\"https:\\\/\\\/www.leaf.ca\\\/fr\\\/submission\\\/leaf-urges-world-health-organization-to-reconsider-inclusion-of-parental-alienation-in-revised-international-classification-of-diseases\\\/#breadcrumb\",\"itemListElement\":[{\"@type\":\"ListItem\",\"position\":1,\"name\":\"Home\",\"item\":\"https:\\\/\\\/www.leaf.ca\\\/fr\\\/\"},{\"@type\":\"ListItem\",\"position\":2,\"name\":\"Soumissions\",\"item\":\"https:\\\/\\\/www.leaf.ca\\\/fr\\\/submission\\\/\"},{\"@type\":\"ListItem\",\"position\":3,\"name\":\"LEAF urges World Health Organization to reconsider inclusion of \u201cparental alienation\u201d in revised International Classification of Diseases\"}]},{\"@type\":\"WebSite\",\"@id\":\"https:\\\/\\\/www.leaf.ca\\\/fr\\\/#website\",\"url\":\"https:\\\/\\\/www.leaf.ca\\\/fr\\\/\",\"name\":\"LEAF\",\"description\":\"Women&#039;s Legal Education and Action Fund\",\"publisher\":{\"@id\":\"https:\\\/\\\/www.leaf.ca\\\/fr\\\/#organization\"},\"potentialAction\":[{\"@type\":\"SearchAction\",\"target\":{\"@type\":\"EntryPoint\",\"urlTemplate\":\"https:\\\/\\\/www.leaf.ca\\\/fr\\\/?s={search_term_string}\"},\"query-input\":{\"@type\":\"PropertyValueSpecification\",\"valueRequired\":true,\"valueName\":\"search_term_string\"}}],\"inLanguage\":\"fr-FR\"},{\"@type\":\"Organization\",\"@id\":\"https:\\\/\\\/www.leaf.ca\\\/fr\\\/#organization\",\"name\":\"LEAF\",\"url\":\"https:\\\/\\\/www.leaf.ca\\\/fr\\\/\",\"logo\":{\"@type\":\"ImageObject\",\"inLanguage\":\"fr-FR\",\"@id\":\"https:\\\/\\\/www.leaf.ca\\\/fr\\\/#\\\/schema\\\/logo\\\/image\\\/\",\"url\":\"https:\\\/\\\/www.leaf.ca\\\/wp-content\\\/uploads\\\/2020\\\/09\\\/LEAF_FAEJ_hz_names_colour_rgb.svg\",\"contentUrl\":\"https:\\\/\\\/www.leaf.ca\\\/wp-content\\\/uploads\\\/2020\\\/09\\\/LEAF_FAEJ_hz_names_colour_rgb.svg\",\"width\":612,\"height\":110,\"caption\":\"LEAF\"},\"image\":{\"@id\":\"https:\\\/\\\/www.leaf.ca\\\/fr\\\/#\\\/schema\\\/logo\\\/image\\\/\"}}]}<\/script>\n<!-- \/ Yoast SEO plugin. -->","yoast_head_json":{"title":"LEAF urges World Health Organization to reconsider inclusion of \u201cparental alienation\u201d in revised International Classification of Diseases - LEAF","robots":{"index":"index","follow":"follow","max-snippet":"max-snippet:-1","max-image-preview":"max-image-preview:large","max-video-preview":"max-video-preview:-1"},"canonical":"https:\/\/www.leaf.ca\/fr\/submission\/leaf-urges-world-health-organization-to-reconsider-inclusion-of-parental-alienation-in-revised-international-classification-of-diseases\/","og_locale":"fr_FR","og_type":"article","og_title":"LEAF urges World Health Organization to reconsider inclusion of \u201cparental alienation\u201d in revised International Classification of Diseases - LEAF","og_description":"The Women\u2019s Legal Education and Action Fund (LEAF) has joined a number of concerned feminists and children\u2019s rights advocates, including the F\u00e9d\u00e9ration des femmes du Qu\u00e9bec, the National Association of Women and the Law (NAWL), and Luke\u2019s Place, in calling on the World Health Organization (WHO) to not include \u201cparental alienation\u201d as a \u201ccaregiver-child relationship [&hellip;]","og_url":"https:\/\/www.leaf.ca\/fr\/submission\/leaf-urges-world-health-organization-to-reconsider-inclusion-of-parental-alienation-in-revised-international-classification-of-diseases\/","og_site_name":"LEAF","article_modified_time":"2019-07-19T15:13:02+00:00","og_image":[{"url":"https:\/\/www.leaf.ca\/wp-content\/uploads\/2019\/07\/Collective-Memo-to-WHO-from-LEAF-5.png","type":"","width":"","height":""}],"twitter_card":"summary_large_image","twitter_misc":{"Dur\u00e9e de lecture estim\u00e9e":"2 minutes"},"schema":{"@context":"https:\/\/schema.org","@graph":[{"@type":"WebPage","@id":"https:\/\/www.leaf.ca\/fr\/submission\/leaf-urges-world-health-organization-to-reconsider-inclusion-of-parental-alienation-in-revised-international-classification-of-diseases\/","url":"https:\/\/www.leaf.ca\/fr\/submission\/leaf-urges-world-health-organization-to-reconsider-inclusion-of-parental-alienation-in-revised-international-classification-of-diseases\/","name":"LEAF urges World Health Organization to reconsider inclusion of \u201cparental alienation\u201d in revised International Classification of Diseases - LEAF","isPartOf":{"@id":"https:\/\/www.leaf.ca\/fr\/#website"},"primaryImageOfPage":{"@id":"https:\/\/www.leaf.ca\/fr\/submission\/leaf-urges-world-health-organization-to-reconsider-inclusion-of-parental-alienation-in-revised-international-classification-of-diseases\/#primaryimage"},"image":{"@id":"https:\/\/www.leaf.ca\/fr\/submission\/leaf-urges-world-health-organization-to-reconsider-inclusion-of-parental-alienation-in-revised-international-classification-of-diseases\/#primaryimage"},"thumbnailUrl":"https:\/\/www.leaf.ca\/wp-content\/uploads\/2019\/07\/Collective-Memo-to-WHO-from-LEAF-5.png","datePublished":"2019-07-12T20:46:18+00:00","dateModified":"2019-07-19T15:13:02+00:00","breadcrumb":{"@id":"https:\/\/www.leaf.ca\/fr\/submission\/leaf-urges-world-health-organization-to-reconsider-inclusion-of-parental-alienation-in-revised-international-classification-of-diseases\/#breadcrumb"},"inLanguage":"fr-FR","potentialAction":[{"@type":"ReadAction","target":["https:\/\/www.leaf.ca\/fr\/submission\/leaf-urges-world-health-organization-to-reconsider-inclusion-of-parental-alienation-in-revised-international-classification-of-diseases\/"]}]},{"@type":"ImageObject","inLanguage":"fr-FR","@id":"https:\/\/www.leaf.ca\/fr\/submission\/leaf-urges-world-health-organization-to-reconsider-inclusion-of-parental-alienation-in-revised-international-classification-of-diseases\/#primaryimage","url":"https:\/\/www.leaf.ca\/wp-content\/uploads\/2019\/07\/Collective-Memo-to-WHO-from-LEAF-5.png","contentUrl":"https:\/\/www.leaf.ca\/wp-content\/uploads\/2019\/07\/Collective-Memo-to-WHO-from-LEAF-5.png"},{"@type":"BreadcrumbList","@id":"https:\/\/www.leaf.ca\/fr\/submission\/leaf-urges-world-health-organization-to-reconsider-inclusion-of-parental-alienation-in-revised-international-classification-of-diseases\/#breadcrumb","itemListElement":[{"@type":"ListItem","position":1,"name":"Home","item":"https:\/\/www.leaf.ca\/fr\/"},{"@type":"ListItem","position":2,"name":"Soumissions","item":"https:\/\/www.leaf.ca\/fr\/submission\/"},{"@type":"ListItem","position":3,"name":"LEAF urges World Health Organization to reconsider inclusion of \u201cparental alienation\u201d in revised International Classification of Diseases"}]},{"@type":"WebSite","@id":"https:\/\/www.leaf.ca\/fr\/#website","url":"https:\/\/www.leaf.ca\/fr\/","name":"LEAF","description":"Women&#039;s Legal Education and Action Fund","publisher":{"@id":"https:\/\/www.leaf.ca\/fr\/#organization"},"potentialAction":[{"@type":"SearchAction","target":{"@type":"EntryPoint","urlTemplate":"https:\/\/www.leaf.ca\/fr\/?s={search_term_string}"},"query-input":{"@type":"PropertyValueSpecification","valueRequired":true,"valueName":"search_term_string"}}],"inLanguage":"fr-FR"},{"@type":"Organization","@id":"https:\/\/www.leaf.ca\/fr\/#organization","name":"LEAF","url":"https:\/\/www.leaf.ca\/fr\/","logo":{"@type":"ImageObject","inLanguage":"fr-FR","@id":"https:\/\/www.leaf.ca\/fr\/#\/schema\/logo\/image\/","url":"https:\/\/www.leaf.ca\/wp-content\/uploads\/2020\/09\/LEAF_FAEJ_hz_names_colour_rgb.svg","contentUrl":"https:\/\/www.leaf.ca\/wp-content\/uploads\/2020\/09\/LEAF_FAEJ_hz_names_colour_rgb.svg","width":612,"height":110,"caption":"LEAF"},"image":{"@id":"https:\/\/www.leaf.ca\/fr\/#\/schema\/logo\/image\/"}}]}},"_links":{"self":[{"href":"https:\/\/www.leaf.ca\/fr\/wp-json\/wp\/v2\/submission\/11400","targetHints":{"allow":["GET"]}}],"collection":[{"href":"https:\/\/www.leaf.ca\/fr\/wp-json\/wp\/v2\/submission"}],"about":[{"href":"https:\/\/www.leaf.ca\/fr\/wp-json\/wp\/v2\/types\/submission"}],"wp:attachment":[{"href":"https:\/\/www.leaf.ca\/fr\/wp-json\/wp\/v2\/media?parent=11400"}],"wp:term":[{"taxonomy":"category","embeddable":true,"href":"https:\/\/www.leaf.ca\/fr\/wp-json\/wp\/v2\/categories?post=11400"},{"taxonomy":"post_tag","embeddable":true,"href":"https:\/\/www.leaf.ca\/fr\/wp-json\/wp\/v2\/tags?post=11400"}],"curies":[{"name":"wp","href":"https:\/\/api.w.org\/{rel}","templated":true}]}}