{"id":25246,"date":"2025-04-25T09:50:36","date_gmt":"2025-04-25T13:50:36","guid":{"rendered":"https:\/\/www.leaf.ca\/?post_type=submission&#038;p=25246"},"modified":"2025-04-25T09:50:37","modified_gmt":"2025-04-25T13:50:37","slug":"assurer-lacces-a-lassurance-emploi-aux-femmes-qui-perdent-leur-emploi-en-cours-de-conge-parental","status":"publish","type":"submission","link":"https:\/\/www.leaf.ca\/fr\/submission\/assurer-lacces-a-lassurance-emploi-aux-femmes-qui-perdent-leur-emploi-en-cours-de-conge-parental\/","title":{"rendered":"Assurer l&rsquo;acc\u00e8s \u00e0 l&rsquo;assurance-emploi aux femmes qui perdent leur emploi en cours de cong\u00e9 parental"},"content":{"rendered":"\n<p>Dans un contexte de turbulences \u00e9conomiques et d&rsquo;incertitude, le Mouvement Action-Ch\u00f4mage (MAC) de Montr\u00e9al, le Fonds d\u2019action et d\u2019\u00e9ducation juridique pour les femmes (LEAF) et l&rsquo;Association nationale Femmes et Droit (ANFD \/ NAWL), ont envoy\u00e9 au nouveau premier ministre Mark Carney, ainsi qu\u2019aux chefs des partis d\u2019opposition, leurs demandes concernant l\u2019acc\u00e8s \u00e0 l\u2019assurance-ch\u00f4mage pour les m\u00e8res ayant perdu leur emploi pendant ou peu de temps apr\u00e8s leur cong\u00e9 de maternit\u00e9.<\/p>\n\n\n\n<p>Dans le contexte de guerre tarifaire, nous croyons qu\u2019il est primordial que cet enjeu soit pris en consid\u00e9ration dans l\u2019annonce de mesures pour prot\u00e9ger les travailleuses canadiennes. <\/p>\n\n\n\n<p>Nous allons continuer de talonner tous les parti politiques pour qu\u2019ils prennent un engagement ferme pour mettre fin \u00e0 la discrimination envers les femmes en mati\u00e8re d\u2019assurance-ch\u00f4mage.&nbsp;<\/p>\n\n\n\n<p>Lire nos principales revendications\u00a0: <\/p>\n\n\n\n<div data-wp-interactive=\"core\/file\" class=\"wp-block-file\"><object data-wp-bind--hidden=\"!state.hasPdfPreview\" hidden class=\"wp-block-file__embed\" data=\"https:\/\/www.leaf.ca\/wp-content\/uploads\/2025\/04\/Note-dinformation-Assurer-lacces-a-lassurance-emploi-aux-femmes-qui-perdent-leur-emploi-en-cours-de-conge-parental.pdf\" type=\"application\/pdf\" style=\"width:100%;height:600px\" aria-label=\"Contenu embarqu\u00e9 Note d\u2019information - Assurer l\u2019acce\u0300s a\u0300 l\u2019assurance-emploi aux femmes qui perdent leur emploi en cours de conge\u0301 parental.\"><\/object><a id=\"wp-block-file--media-40df7a25-0b8c-435d-b948-9946d1b1058d\" href=\"https:\/\/www.leaf.ca\/wp-content\/uploads\/2025\/04\/Note-dinformation-Assurer-lacces-a-lassurance-emploi-aux-femmes-qui-perdent-leur-emploi-en-cours-de-conge-parental.pdf\">Note d\u2019information &#8211; Assurer l\u2019acce\u0300s a\u0300 l\u2019assurance-emploi aux femmes qui perdent leur emploi en cours de conge\u0301 parental<\/a><a href=\"https:\/\/www.leaf.ca\/wp-content\/uploads\/2025\/04\/Note-dinformation-Assurer-lacces-a-lassurance-emploi-aux-femmes-qui-perdent-leur-emploi-en-cours-de-conge-parental.pdf\" class=\"wp-block-file__button wp-element-button\" download aria-describedby=\"wp-block-file--media-40df7a25-0b8c-435d-b948-9946d1b1058d\">Download<\/a><\/div>\n\n\n\n<p><\/p>\n","protected":false},"featured_media":0,"template":"","meta":{"_acf_changed":false},"categories":[],"tags":[],"class_list":["post-25246","submission","type-submission","status-publish","hentry"],"acf":[],"yoast_head":"<!-- This site is optimized with the Yoast SEO plugin v27.4 - https:\/\/yoast.com\/product\/yoast-seo-wordpress\/ -->\n<title>Assurer l&#039;acc\u00e8s \u00e0 l&#039;assurance-emploi aux femmes qui perdent leur emploi en cours de cong\u00e9 parental - LEAF<\/title>\n<meta name=\"robots\" content=\"index, follow, max-snippet:-1, max-image-preview:large, max-video-preview:-1\" \/>\n<link rel=\"canonical\" href=\"https:\/\/www.leaf.ca\/fr\/submission\/assurer-lacces-a-lassurance-emploi-aux-femmes-qui-perdent-leur-emploi-en-cours-de-conge-parental\/\" \/>\n<meta property=\"og:locale\" content=\"fr_FR\" \/>\n<meta property=\"og:type\" content=\"article\" \/>\n<meta property=\"og:title\" content=\"Assurer l&#039;acc\u00e8s \u00e0 l&#039;assurance-emploi aux femmes qui perdent leur emploi en cours de cong\u00e9 parental\" \/>\n<meta property=\"og:description\" content=\"Dans un contexte de turbulences \u00e9conomiques et d&rsquo;incertitude, le Mouvement Action-Ch\u00f4mage (MAC) de Montr\u00e9al, le Fonds d\u2019action et d\u2019\u00e9ducation juridique pour les femmes (LEAF) et l&rsquo;Association nationale Femmes et Droit (ANFD \/ NAWL), ont envoy\u00e9 au nouveau premier ministre Mark Carney, ainsi qu\u2019aux chefs des partis d\u2019opposition, leurs demandes concernant l\u2019acc\u00e8s \u00e0 l\u2019assurance-ch\u00f4mage pour les [&hellip;]\" \/>\n<meta property=\"og:url\" content=\"https:\/\/www.leaf.ca\/fr\/submission\/assurer-lacces-a-lassurance-emploi-aux-femmes-qui-perdent-leur-emploi-en-cours-de-conge-parental\/\" \/>\n<meta property=\"og:site_name\" content=\"LEAF\" \/>\n<meta property=\"article:modified_time\" content=\"2025-04-25T13:50:37+00:00\" \/>\n<meta property=\"og:image\" content=\"https:\/\/www.leaf.ca\/wp-content\/uploads\/2025\/04\/iStock-1053073608-2.jpg\" \/>\n\t<meta property=\"og:image:width\" content=\"1254\" \/>\n\t<meta property=\"og:image:height\" content=\"836\" \/>\n\t<meta property=\"og:image:type\" content=\"image\/jpeg\" \/>\n<meta name=\"twitter:card\" content=\"summary_large_image\" \/>\n<meta name=\"twitter:title\" content=\"Assurer l&#039;acc\u00e8s \u00e0 l&#039;assurance-emploi aux femmes qui perdent leur emploi en cours de cong\u00e9 parental\" \/>\n<meta name=\"twitter:image\" content=\"https:\/\/www.leaf.ca\/wp-content\/uploads\/2025\/04\/iStock-1053073608-2.jpg\" \/>\n<meta name=\"twitter:label1\" content=\"Dur\u00e9e de lecture estim\u00e9e\" \/>\n\t<meta name=\"twitter:data1\" content=\"1 minute\" \/>\n<script type=\"application\/ld+json\" class=\"yoast-schema-graph\">{\"@context\":\"https:\\\/\\\/schema.org\",\"@graph\":[{\"@type\":\"WebPage\",\"@id\":\"https:\\\/\\\/www.leaf.ca\\\/fr\\\/submission\\\/assurer-lacces-a-lassurance-emploi-aux-femmes-qui-perdent-leur-emploi-en-cours-de-conge-parental\\\/\",\"url\":\"https:\\\/\\\/www.leaf.ca\\\/fr\\\/submission\\\/assurer-lacces-a-lassurance-emploi-aux-femmes-qui-perdent-leur-emploi-en-cours-de-conge-parental\\\/\",\"name\":\"Assurer l'acc\u00e8s \u00e0 l'assurance-emploi aux femmes qui perdent leur emploi en cours de cong\u00e9 parental - LEAF\",\"isPartOf\":{\"@id\":\"https:\\\/\\\/www.leaf.ca\\\/fr\\\/#website\"},\"datePublished\":\"2025-04-25T13:50:36+00:00\",\"dateModified\":\"2025-04-25T13:50:37+00:00\",\"breadcrumb\":{\"@id\":\"https:\\\/\\\/www.leaf.ca\\\/fr\\\/submission\\\/assurer-lacces-a-lassurance-emploi-aux-femmes-qui-perdent-leur-emploi-en-cours-de-conge-parental\\\/#breadcrumb\"},\"inLanguage\":\"fr-FR\",\"potentialAction\":[{\"@type\":\"ReadAction\",\"target\":[\"https:\\\/\\\/www.leaf.ca\\\/fr\\\/submission\\\/assurer-lacces-a-lassurance-emploi-aux-femmes-qui-perdent-leur-emploi-en-cours-de-conge-parental\\\/\"]}]},{\"@type\":\"BreadcrumbList\",\"@id\":\"https:\\\/\\\/www.leaf.ca\\\/fr\\\/submission\\\/assurer-lacces-a-lassurance-emploi-aux-femmes-qui-perdent-leur-emploi-en-cours-de-conge-parental\\\/#breadcrumb\",\"itemListElement\":[{\"@type\":\"ListItem\",\"position\":1,\"name\":\"Home\",\"item\":\"https:\\\/\\\/www.leaf.ca\\\/fr\\\/\"},{\"@type\":\"ListItem\",\"position\":2,\"name\":\"Soumissions\",\"item\":\"https:\\\/\\\/www.leaf.ca\\\/fr\\\/submission\\\/\"},{\"@type\":\"ListItem\",\"position\":3,\"name\":\"Assurer l&#8217;acc\u00e8s \u00e0 l&#8217;assurance-emploi aux femmes qui perdent leur emploi en cours de cong\u00e9 parental\"}]},{\"@type\":\"WebSite\",\"@id\":\"https:\\\/\\\/www.leaf.ca\\\/fr\\\/#website\",\"url\":\"https:\\\/\\\/www.leaf.ca\\\/fr\\\/\",\"name\":\"LEAF\",\"description\":\"Women&#039;s Legal Education and Action Fund\",\"publisher\":{\"@id\":\"https:\\\/\\\/www.leaf.ca\\\/fr\\\/#organization\"},\"potentialAction\":[{\"@type\":\"SearchAction\",\"target\":{\"@type\":\"EntryPoint\",\"urlTemplate\":\"https:\\\/\\\/www.leaf.ca\\\/fr\\\/?s={search_term_string}\"},\"query-input\":{\"@type\":\"PropertyValueSpecification\",\"valueRequired\":true,\"valueName\":\"search_term_string\"}}],\"inLanguage\":\"fr-FR\"},{\"@type\":\"Organization\",\"@id\":\"https:\\\/\\\/www.leaf.ca\\\/fr\\\/#organization\",\"name\":\"LEAF\",\"url\":\"https:\\\/\\\/www.leaf.ca\\\/fr\\\/\",\"logo\":{\"@type\":\"ImageObject\",\"inLanguage\":\"fr-FR\",\"@id\":\"https:\\\/\\\/www.leaf.ca\\\/fr\\\/#\\\/schema\\\/logo\\\/image\\\/\",\"url\":\"https:\\\/\\\/www.leaf.ca\\\/wp-content\\\/uploads\\\/2020\\\/09\\\/LEAF_FAEJ_hz_names_colour_rgb.svg\",\"contentUrl\":\"https:\\\/\\\/www.leaf.ca\\\/wp-content\\\/uploads\\\/2020\\\/09\\\/LEAF_FAEJ_hz_names_colour_rgb.svg\",\"width\":612,\"height\":110,\"caption\":\"LEAF\"},\"image\":{\"@id\":\"https:\\\/\\\/www.leaf.ca\\\/fr\\\/#\\\/schema\\\/logo\\\/image\\\/\"}}]}<\/script>\n<!-- \/ Yoast SEO plugin. -->","yoast_head_json":{"title":"Assurer l'acc\u00e8s \u00e0 l'assurance-emploi aux femmes qui perdent leur emploi en cours de cong\u00e9 parental - LEAF","robots":{"index":"index","follow":"follow","max-snippet":"max-snippet:-1","max-image-preview":"max-image-preview:large","max-video-preview":"max-video-preview:-1"},"canonical":"https:\/\/www.leaf.ca\/fr\/submission\/assurer-lacces-a-lassurance-emploi-aux-femmes-qui-perdent-leur-emploi-en-cours-de-conge-parental\/","og_locale":"fr_FR","og_type":"article","og_title":"Assurer l'acc\u00e8s \u00e0 l'assurance-emploi aux femmes qui perdent leur emploi en cours de cong\u00e9 parental","og_description":"Dans un contexte de turbulences \u00e9conomiques et d&rsquo;incertitude, le Mouvement Action-Ch\u00f4mage (MAC) de Montr\u00e9al, le Fonds d\u2019action et d\u2019\u00e9ducation juridique pour les femmes (LEAF) et l&rsquo;Association nationale Femmes et Droit (ANFD \/ NAWL), ont envoy\u00e9 au nouveau premier ministre Mark Carney, ainsi qu\u2019aux chefs des partis d\u2019opposition, leurs demandes concernant l\u2019acc\u00e8s \u00e0 l\u2019assurance-ch\u00f4mage pour les [&hellip;]","og_url":"https:\/\/www.leaf.ca\/fr\/submission\/assurer-lacces-a-lassurance-emploi-aux-femmes-qui-perdent-leur-emploi-en-cours-de-conge-parental\/","og_site_name":"LEAF","article_modified_time":"2025-04-25T13:50:37+00:00","og_image":[{"width":1254,"height":836,"url":"https:\/\/www.leaf.ca\/wp-content\/uploads\/2025\/04\/iStock-1053073608-2.jpg","type":"image\/jpeg"}],"twitter_card":"summary_large_image","twitter_title":"Assurer l'acc\u00e8s \u00e0 l'assurance-emploi aux femmes qui perdent leur emploi en cours de cong\u00e9 parental","twitter_image":"https:\/\/www.leaf.ca\/wp-content\/uploads\/2025\/04\/iStock-1053073608-2.jpg","twitter_misc":{"Dur\u00e9e de lecture estim\u00e9e":"1 minute"},"schema":{"@context":"https:\/\/schema.org","@graph":[{"@type":"WebPage","@id":"https:\/\/www.leaf.ca\/fr\/submission\/assurer-lacces-a-lassurance-emploi-aux-femmes-qui-perdent-leur-emploi-en-cours-de-conge-parental\/","url":"https:\/\/www.leaf.ca\/fr\/submission\/assurer-lacces-a-lassurance-emploi-aux-femmes-qui-perdent-leur-emploi-en-cours-de-conge-parental\/","name":"Assurer l'acc\u00e8s \u00e0 l'assurance-emploi aux femmes qui perdent leur emploi en cours de cong\u00e9 parental - LEAF","isPartOf":{"@id":"https:\/\/www.leaf.ca\/fr\/#website"},"datePublished":"2025-04-25T13:50:36+00:00","dateModified":"2025-04-25T13:50:37+00:00","breadcrumb":{"@id":"https:\/\/www.leaf.ca\/fr\/submission\/assurer-lacces-a-lassurance-emploi-aux-femmes-qui-perdent-leur-emploi-en-cours-de-conge-parental\/#breadcrumb"},"inLanguage":"fr-FR","potentialAction":[{"@type":"ReadAction","target":["https:\/\/www.leaf.ca\/fr\/submission\/assurer-lacces-a-lassurance-emploi-aux-femmes-qui-perdent-leur-emploi-en-cours-de-conge-parental\/"]}]},{"@type":"BreadcrumbList","@id":"https:\/\/www.leaf.ca\/fr\/submission\/assurer-lacces-a-lassurance-emploi-aux-femmes-qui-perdent-leur-emploi-en-cours-de-conge-parental\/#breadcrumb","itemListElement":[{"@type":"ListItem","position":1,"name":"Home","item":"https:\/\/www.leaf.ca\/fr\/"},{"@type":"ListItem","position":2,"name":"Soumissions","item":"https:\/\/www.leaf.ca\/fr\/submission\/"},{"@type":"ListItem","position":3,"name":"Assurer l&#8217;acc\u00e8s \u00e0 l&#8217;assurance-emploi aux femmes qui perdent leur emploi en cours de cong\u00e9 parental"}]},{"@type":"WebSite","@id":"https:\/\/www.leaf.ca\/fr\/#website","url":"https:\/\/www.leaf.ca\/fr\/","name":"LEAF","description":"Women&#039;s Legal Education and Action Fund","publisher":{"@id":"https:\/\/www.leaf.ca\/fr\/#organization"},"potentialAction":[{"@type":"SearchAction","target":{"@type":"EntryPoint","urlTemplate":"https:\/\/www.leaf.ca\/fr\/?s={search_term_string}"},"query-input":{"@type":"PropertyValueSpecification","valueRequired":true,"valueName":"search_term_string"}}],"inLanguage":"fr-FR"},{"@type":"Organization","@id":"https:\/\/www.leaf.ca\/fr\/#organization","name":"LEAF","url":"https:\/\/www.leaf.ca\/fr\/","logo":{"@type":"ImageObject","inLanguage":"fr-FR","@id":"https:\/\/www.leaf.ca\/fr\/#\/schema\/logo\/image\/","url":"https:\/\/www.leaf.ca\/wp-content\/uploads\/2020\/09\/LEAF_FAEJ_hz_names_colour_rgb.svg","contentUrl":"https:\/\/www.leaf.ca\/wp-content\/uploads\/2020\/09\/LEAF_FAEJ_hz_names_colour_rgb.svg","width":612,"height":110,"caption":"LEAF"},"image":{"@id":"https:\/\/www.leaf.ca\/fr\/#\/schema\/logo\/image\/"}}]}},"_links":{"self":[{"href":"https:\/\/www.leaf.ca\/fr\/wp-json\/wp\/v2\/submission\/25246","targetHints":{"allow":["GET"]}}],"collection":[{"href":"https:\/\/www.leaf.ca\/fr\/wp-json\/wp\/v2\/submission"}],"about":[{"href":"https:\/\/www.leaf.ca\/fr\/wp-json\/wp\/v2\/types\/submission"}],"wp:attachment":[{"href":"https:\/\/www.leaf.ca\/fr\/wp-json\/wp\/v2\/media?parent=25246"}],"wp:term":[{"taxonomy":"category","embeddable":true,"href":"https:\/\/www.leaf.ca\/fr\/wp-json\/wp\/v2\/categories?post=25246"},{"taxonomy":"post_tag","embeddable":true,"href":"https:\/\/www.leaf.ca\/fr\/wp-json\/wp\/v2\/tags?post=25246"}],"curies":[{"name":"wp","href":"https:\/\/api.w.org\/{rel}","templated":true}]}}