{"id":25253,"date":"2025-04-30T10:46:45","date_gmt":"2025-04-30T14:46:45","guid":{"rendered":"https:\/\/www.leaf.ca\/?post_type=submission&#038;p=25253"},"modified":"2025-04-30T10:46:47","modified_gmt":"2025-04-30T14:46:47","slug":"le-projet-de-loi-94-ou-comment-priver-des-femmes-de-leurs-droits","status":"publish","type":"submission","link":"https:\/\/www.leaf.ca\/fr\/submission\/le-projet-de-loi-94-ou-comment-priver-des-femmes-de-leurs-droits\/","title":{"rendered":"Le projet de loi 94 ou comment priver des femmes de leurs droits"},"content":{"rendered":"\n<p><strong>Lettre ouverte au ministre de l\u2019\u00c9ducation, Bernard Drainville<\/strong><\/p>\n\n\n\n<p>Nous, groupes f\u00e9ministes de tous horizons, d\u00e9non\u00e7ons avec force l\u2019interdiction du port de signes religieux dans le r\u00e9seau de l\u2019\u00e9ducation propos\u00e9e par le projet de loi 94 du ministre de l\u2019\u00c9ducation, Bernard Drainville. Cette nouvelle loi \u00e9largirait la port\u00e9e de mesures discriminatoires introduites par la loi&nbsp;21, qui proscrit d\u00e9j\u00e0 aux figures d\u2019autorit\u00e9 et aux personnes enseignant dans le r\u00e9seau public de porter des signes religieux visibles. D\u00e9sormais, cette interdiction s\u2019\u00e9tendrait aux \u00e9tudiants, aux parents, \u00e0 l\u2019ensemble du personnel scolaire et aux personnes travaillant dans le cadre d\u2019ententes avec les \u00e9tablissements scolaires. Cela, alors m\u00eame que la constitutionnalit\u00e9 de telles mesures est actuellement contest\u00e9e devant la Cour supr\u00eame du Canada.<\/p>\n\n\n\n<p>Le gouvernement pr\u00e9tend agir au nom de l\u2019\u00e9galit\u00e9 entre les femmes et les hommes pour justifier son projet de loi. Nous nous y opposons fermement justement parce que nous d\u00e9fendons les droits de toutes les femmes \u00e0 l\u2019\u00e9galit\u00e9, \u00e0 la s\u00e9curit\u00e9, \u00e0 l\u2019autonomie et au travail. Pour les femmes pratiquant diverses religions, c\u2019est l\u2019ensemble de ces droits qui seront \u00e0 nouveau fragilis\u00e9s, tout comme ils le furent avec l\u2019adoption de la loi 21. La Cour sup\u00e9rieure du Qu\u00e9bec a d\u2019ailleurs reconnu l\u2019effet disproportionn\u00e9 de cette loi sur les femmes musulmanes.<\/p>\n\n\n\n<p>La loi 21 adopt\u00e9e en 2019 a eu de multiples cons\u00e9quences n\u00e9gatives directes et indirectes, frappant principalement les femmes qu\u00e9b\u00e9coises musulmanes portant le voile, surtout dans le milieu de l\u2019\u00e9ducation, mais affectant m\u00eame celles ne le portant pas. Comme le t\u00e9moignent plusieurs femmes, l\u2019interdiction du port de signes religieux a des impacts d\u00e9sastreux sur leur parcours professionnel, les limite dans leurs choix de carri\u00e8re et porte atteinte \u00e0 leur s\u00e9curit\u00e9 \u00e9conomique. \u00c0 cela s\u2019ajoute une augmentation des violences psychologiques et physiques \u00e0 leur endroit. Ces femmes, bien souvent racis\u00e9es, relatent vivre plus de harc\u00e8lement au travail et \u00eatre davantage les cibles d\u2019intimidation et d\u2019insultes dans l\u2019espace public ou sur les r\u00e9seaux sociaux. Elles doivent constamment faire preuve de strat\u00e9gies et d\u2019hypervigilance pour faire face \u00e0 l\u2019exclusion, la discrimination et la haine l\u00e9gitim\u00e9es par cette loi.<\/p>\n\n\n\n<p>Tous ces contrecoups ont amen\u00e9 les femmes musulmanes \u00e0 se sentir \u00e9cart\u00e9es de la vie publique et exclues de la soci\u00e9t\u00e9 qu\u00e9b\u00e9coise. Selon une \u00e9tude de Metropolis, 64&nbsp;% d\u2019entre elles ont vu leur volont\u00e9 de participer \u00e0 la vie sociale et politique diminuer depuis l\u2019adoption de la loi 21. Au lieu de favoriser l\u2019inclusion et l\u2019harmonie sociale, qui sont les objectifs d\u00e9clar\u00e9s de nos dirigeants politiques, cette loi a eu pr\u00e9cis\u00e9ment l\u2019effet inverse.<\/p>\n\n\n\n<p>Sachant toutes ces r\u00e9percussions, comment le ministre Drainville ose-t-il d\u00e9poser le projet de loi 94?&nbsp; Plut\u00f4t que de remettre en question la loi 21, il redouble d\u2019ardeur. Il propose d\u2019\u00e9tendre l\u2019ins\u00e9curit\u00e9 aux femmes portant le voile et travaillant notamment au service de garde, \u00e0 la caf\u00e9t\u00e9ria, comme conseill\u00e8res p\u00e9dagogiques, comme psychologues ou s\u2019impliquant comme parents b\u00e9n\u00e9voles; des r\u00f4les essentiels \u00e0 notre r\u00e9seau d\u2019\u00e9ducation publique. Jusqu\u2019o\u00f9 ce gouvernement ira-t-il? O\u00f9 ces femmes ont-elles encore le droit d\u2019exister, de travailler et de s\u2019\u00e9panouir?<\/p>\n\n\n\n<p>De surcro\u00eet, la Ligue des droits et libert\u00e9s nous alerte que le projet de loi 94 fera fi de 38 articles de la Charte qu\u00e9b\u00e9coise des droits et libert\u00e9s de la personne, dont pr\u00e9cis\u00e9ment le droit \u00e0 l\u2019\u00e9galit\u00e9! En tant que groupes f\u00e9ministes, nous refusons une telle vision s\u00e9lective de l\u2019\u00e9galit\u00e9 qui nie ce droit \u00e0 certaines cat\u00e9gories de femmes. Le f\u00e9minisme que nous d\u00e9fendons est un f\u00e9minisme de l\u2019autonomie, du respect et de la dignit\u00e9. Il est intersectionnel, antiraciste et solidaire.<\/p>\n\n\n\n<p>Notre constat est clair : le projet de loi 94 du ministre Drainville \u00e9tend la port\u00e9e de mesures discriminatoires ayant un impact disproportionn\u00e9 sur les femmes et, pour ce faire, contourne la Charte, un levier juridique qui a historiquement permis aux femmes d\u2019am\u00e9liorer leurs conditions de vie et le respect de leurs droits. C\u2019est pourquoi il est hautement contradictoire d\u2019affirmer que ce projet est motiv\u00e9 par l\u2019\u00e9galit\u00e9 entre les femmes et les hommes. \u00c0 cet \u00e9gard, nous d\u00e9plorons que les groupes f\u00e9ministes critiques de la loi 21 et du projet de loi 94 n\u2019aient pas \u00e9t\u00e9 invit\u00e9s en commissions parlementaires.<\/p>\n\n\n\n<p>Les femmes musulmanes d\u00e9cident de porter le voile pour de multiples raisons et adh\u00e8rent fortement aux valeurs touchant l\u2019\u00e9galit\u00e9 des genres. Nous, groupes f\u00e9ministes, soutenons leur autonomie et rejetons toute imposition de porter ou de retirer le voile. Au nom de l\u2019\u00e9galit\u00e9, nous demandons au ministre Drainville de retirer le projet de loi 94 et d\u2019abroger la loi 21, d\u2019engager un v\u00e9ritable dialogue avec les organisations musulmanes et f\u00e9ministes et de garantir l\u2019acc\u00e8s \u00e0 l\u2019\u00e9cole sans condition religieuse.<\/p>\n\n\n\n<h2 class=\"wp-block-heading\">SIGN\u00c9E PAR<\/h2>\n\n\n\n<p>Audrey Gosselin Pellerin, organisatrice f\u00e9ministe politique<br>R\u00e9seau des Tables r\u00e9gionales de groupes de femmes du Qu\u00e9bec<\/p>\n\n\n\n<p>Sara Arsenault, responsable des dossiers politiques<br>F\u00e9d\u00e9ration des femmes du Qu\u00e9bec<\/p>\n\n\n\n<p>Stephan Reichhold, directeur g\u00e9n\u00e9ral<br>Table de concertation des organismes au service des personnes r\u00e9fugi\u00e9es et immigrantes<\/p>\n\n\n\n<p><strong>Et 17 autres groupes signataires :<\/strong><\/p>\n\n\n\n<p>F\u00e9d\u00e9ration des maisons d\u2019h\u00e9bergement pour femmes<br>L\u2019R des centres de femmes du Qu\u00e9bec<br>Conseil d\u2019intervention pour l\u2019acc\u00e8s des femmes au travail (CIAFT)<br>L\u2019Observatoire pour la justice migrante<br>DTMF \u2013 Association pour les droits des travailleur\u2022ses de maison et de ferme<br>R\u00e9seau qu\u00e9b\u00e9cois d\u2019action pour la sant\u00e9 des femmes (RQASF)<br>Regroupement Naissances Respect\u00e9es<br>Le conseil canadien des femmes musulmanes<br>YWCA<br>F\u00e9d\u00e9ration du Qu\u00e9bec pour le planning des naissances (FQPN)<br>L\u2019Association canadienne contre la violence sexuelle<br>DAWN Canada<br>Co-Savoir<br>Regroupement qu\u00e9b\u00e9cois des CALACS<br>Fonds d\u2019action et d\u2019\u00e9ducation juridique pour les femmes (FAEJ)<br>Association qu\u00e9b\u00e9coise des organismes de coop\u00e9ration internationale (AQOCI)<br>Relais-femmes<\/p>\n","protected":false},"featured_media":0,"template":"","meta":{"_acf_changed":false},"categories":[],"tags":[],"class_list":["post-25253","submission","type-submission","status-publish","hentry"],"acf":[],"yoast_head":"<!-- This site is optimized with the Yoast SEO plugin v27.4 - https:\/\/yoast.com\/product\/yoast-seo-wordpress\/ -->\n<title>Le projet de loi 94 ou comment priver des femmes de leurs droits - LEAF<\/title>\n<meta name=\"robots\" content=\"index, follow, max-snippet:-1, max-image-preview:large, max-video-preview:-1\" \/>\n<link rel=\"canonical\" href=\"https:\/\/www.leaf.ca\/fr\/submission\/le-projet-de-loi-94-ou-comment-priver-des-femmes-de-leurs-droits\/\" \/>\n<meta property=\"og:locale\" content=\"fr_FR\" \/>\n<meta property=\"og:type\" content=\"article\" \/>\n<meta property=\"og:title\" content=\"Le projet de loi 94 ou comment priver des femmes de leurs droits\" \/>\n<meta property=\"og:description\" content=\"Lettre ouverte au ministre de l&#039;\u00c9ducation du Qu\u00e9bec, Bernard Drainville, sur le projet d&#039;\u00e9largissement de l&#039;interdiction des signes religieux\" \/>\n<meta property=\"og:url\" content=\"https:\/\/www.leaf.ca\/fr\/submission\/le-projet-de-loi-94-ou-comment-priver-des-femmes-de-leurs-droits\/\" \/>\n<meta property=\"og:site_name\" content=\"LEAF\" \/>\n<meta property=\"article:modified_time\" content=\"2025-04-30T14:46:47+00:00\" \/>\n<meta property=\"og:image\" content=\"https:\/\/www.leaf.ca\/wp-content\/uploads\/2025\/04\/iStock-1126024407.jpg\" \/>\n\t<meta property=\"og:image:width\" content=\"1254\" \/>\n\t<meta property=\"og:image:height\" content=\"836\" \/>\n\t<meta property=\"og:image:type\" content=\"image\/jpeg\" \/>\n<meta name=\"twitter:card\" content=\"summary_large_image\" \/>\n<meta name=\"twitter:label1\" content=\"Dur\u00e9e de lecture estim\u00e9e\" \/>\n\t<meta name=\"twitter:data1\" content=\"4 minutes\" \/>\n<script type=\"application\/ld+json\" class=\"yoast-schema-graph\">{\"@context\":\"https:\\\/\\\/schema.org\",\"@graph\":[{\"@type\":\"WebPage\",\"@id\":\"https:\\\/\\\/www.leaf.ca\\\/fr\\\/submission\\\/le-projet-de-loi-94-ou-comment-priver-des-femmes-de-leurs-droits\\\/\",\"url\":\"https:\\\/\\\/www.leaf.ca\\\/fr\\\/submission\\\/le-projet-de-loi-94-ou-comment-priver-des-femmes-de-leurs-droits\\\/\",\"name\":\"Le projet de loi 94 ou comment priver des femmes de leurs droits - LEAF\",\"isPartOf\":{\"@id\":\"https:\\\/\\\/www.leaf.ca\\\/fr\\\/#website\"},\"datePublished\":\"2025-04-30T14:46:45+00:00\",\"dateModified\":\"2025-04-30T14:46:47+00:00\",\"breadcrumb\":{\"@id\":\"https:\\\/\\\/www.leaf.ca\\\/fr\\\/submission\\\/le-projet-de-loi-94-ou-comment-priver-des-femmes-de-leurs-droits\\\/#breadcrumb\"},\"inLanguage\":\"fr-FR\",\"potentialAction\":[{\"@type\":\"ReadAction\",\"target\":[\"https:\\\/\\\/www.leaf.ca\\\/fr\\\/submission\\\/le-projet-de-loi-94-ou-comment-priver-des-femmes-de-leurs-droits\\\/\"]}]},{\"@type\":\"BreadcrumbList\",\"@id\":\"https:\\\/\\\/www.leaf.ca\\\/fr\\\/submission\\\/le-projet-de-loi-94-ou-comment-priver-des-femmes-de-leurs-droits\\\/#breadcrumb\",\"itemListElement\":[{\"@type\":\"ListItem\",\"position\":1,\"name\":\"Home\",\"item\":\"https:\\\/\\\/www.leaf.ca\\\/fr\\\/\"},{\"@type\":\"ListItem\",\"position\":2,\"name\":\"Soumissions\",\"item\":\"https:\\\/\\\/www.leaf.ca\\\/fr\\\/submission\\\/\"},{\"@type\":\"ListItem\",\"position\":3,\"name\":\"Le projet de loi 94 ou comment priver des femmes de leurs droits\"}]},{\"@type\":\"WebSite\",\"@id\":\"https:\\\/\\\/www.leaf.ca\\\/fr\\\/#website\",\"url\":\"https:\\\/\\\/www.leaf.ca\\\/fr\\\/\",\"name\":\"LEAF\",\"description\":\"Women&#039;s Legal Education and Action Fund\",\"publisher\":{\"@id\":\"https:\\\/\\\/www.leaf.ca\\\/fr\\\/#organization\"},\"potentialAction\":[{\"@type\":\"SearchAction\",\"target\":{\"@type\":\"EntryPoint\",\"urlTemplate\":\"https:\\\/\\\/www.leaf.ca\\\/fr\\\/?s={search_term_string}\"},\"query-input\":{\"@type\":\"PropertyValueSpecification\",\"valueRequired\":true,\"valueName\":\"search_term_string\"}}],\"inLanguage\":\"fr-FR\"},{\"@type\":\"Organization\",\"@id\":\"https:\\\/\\\/www.leaf.ca\\\/fr\\\/#organization\",\"name\":\"LEAF\",\"url\":\"https:\\\/\\\/www.leaf.ca\\\/fr\\\/\",\"logo\":{\"@type\":\"ImageObject\",\"inLanguage\":\"fr-FR\",\"@id\":\"https:\\\/\\\/www.leaf.ca\\\/fr\\\/#\\\/schema\\\/logo\\\/image\\\/\",\"url\":\"https:\\\/\\\/www.leaf.ca\\\/wp-content\\\/uploads\\\/2020\\\/09\\\/LEAF_FAEJ_hz_names_colour_rgb.svg\",\"contentUrl\":\"https:\\\/\\\/www.leaf.ca\\\/wp-content\\\/uploads\\\/2020\\\/09\\\/LEAF_FAEJ_hz_names_colour_rgb.svg\",\"width\":612,\"height\":110,\"caption\":\"LEAF\"},\"image\":{\"@id\":\"https:\\\/\\\/www.leaf.ca\\\/fr\\\/#\\\/schema\\\/logo\\\/image\\\/\"}}]}<\/script>\n<!-- \/ Yoast SEO plugin. -->","yoast_head_json":{"title":"Le projet de loi 94 ou comment priver des femmes de leurs droits - LEAF","robots":{"index":"index","follow":"follow","max-snippet":"max-snippet:-1","max-image-preview":"max-image-preview:large","max-video-preview":"max-video-preview:-1"},"canonical":"https:\/\/www.leaf.ca\/fr\/submission\/le-projet-de-loi-94-ou-comment-priver-des-femmes-de-leurs-droits\/","og_locale":"fr_FR","og_type":"article","og_title":"Le projet de loi 94 ou comment priver des femmes de leurs droits","og_description":"Lettre ouverte au ministre de l'\u00c9ducation du Qu\u00e9bec, Bernard Drainville, sur le projet d'\u00e9largissement de l'interdiction des signes religieux","og_url":"https:\/\/www.leaf.ca\/fr\/submission\/le-projet-de-loi-94-ou-comment-priver-des-femmes-de-leurs-droits\/","og_site_name":"LEAF","article_modified_time":"2025-04-30T14:46:47+00:00","og_image":[{"width":1254,"height":836,"url":"https:\/\/www.leaf.ca\/wp-content\/uploads\/2025\/04\/iStock-1126024407.jpg","type":"image\/jpeg"}],"twitter_card":"summary_large_image","twitter_misc":{"Dur\u00e9e de lecture estim\u00e9e":"4 minutes"},"schema":{"@context":"https:\/\/schema.org","@graph":[{"@type":"WebPage","@id":"https:\/\/www.leaf.ca\/fr\/submission\/le-projet-de-loi-94-ou-comment-priver-des-femmes-de-leurs-droits\/","url":"https:\/\/www.leaf.ca\/fr\/submission\/le-projet-de-loi-94-ou-comment-priver-des-femmes-de-leurs-droits\/","name":"Le projet de loi 94 ou comment priver des femmes de leurs droits - LEAF","isPartOf":{"@id":"https:\/\/www.leaf.ca\/fr\/#website"},"datePublished":"2025-04-30T14:46:45+00:00","dateModified":"2025-04-30T14:46:47+00:00","breadcrumb":{"@id":"https:\/\/www.leaf.ca\/fr\/submission\/le-projet-de-loi-94-ou-comment-priver-des-femmes-de-leurs-droits\/#breadcrumb"},"inLanguage":"fr-FR","potentialAction":[{"@type":"ReadAction","target":["https:\/\/www.leaf.ca\/fr\/submission\/le-projet-de-loi-94-ou-comment-priver-des-femmes-de-leurs-droits\/"]}]},{"@type":"BreadcrumbList","@id":"https:\/\/www.leaf.ca\/fr\/submission\/le-projet-de-loi-94-ou-comment-priver-des-femmes-de-leurs-droits\/#breadcrumb","itemListElement":[{"@type":"ListItem","position":1,"name":"Home","item":"https:\/\/www.leaf.ca\/fr\/"},{"@type":"ListItem","position":2,"name":"Soumissions","item":"https:\/\/www.leaf.ca\/fr\/submission\/"},{"@type":"ListItem","position":3,"name":"Le projet de loi 94 ou comment priver des femmes de leurs droits"}]},{"@type":"WebSite","@id":"https:\/\/www.leaf.ca\/fr\/#website","url":"https:\/\/www.leaf.ca\/fr\/","name":"LEAF","description":"Women&#039;s Legal Education and Action Fund","publisher":{"@id":"https:\/\/www.leaf.ca\/fr\/#organization"},"potentialAction":[{"@type":"SearchAction","target":{"@type":"EntryPoint","urlTemplate":"https:\/\/www.leaf.ca\/fr\/?s={search_term_string}"},"query-input":{"@type":"PropertyValueSpecification","valueRequired":true,"valueName":"search_term_string"}}],"inLanguage":"fr-FR"},{"@type":"Organization","@id":"https:\/\/www.leaf.ca\/fr\/#organization","name":"LEAF","url":"https:\/\/www.leaf.ca\/fr\/","logo":{"@type":"ImageObject","inLanguage":"fr-FR","@id":"https:\/\/www.leaf.ca\/fr\/#\/schema\/logo\/image\/","url":"https:\/\/www.leaf.ca\/wp-content\/uploads\/2020\/09\/LEAF_FAEJ_hz_names_colour_rgb.svg","contentUrl":"https:\/\/www.leaf.ca\/wp-content\/uploads\/2020\/09\/LEAF_FAEJ_hz_names_colour_rgb.svg","width":612,"height":110,"caption":"LEAF"},"image":{"@id":"https:\/\/www.leaf.ca\/fr\/#\/schema\/logo\/image\/"}}]}},"_links":{"self":[{"href":"https:\/\/www.leaf.ca\/fr\/wp-json\/wp\/v2\/submission\/25253","targetHints":{"allow":["GET"]}}],"collection":[{"href":"https:\/\/www.leaf.ca\/fr\/wp-json\/wp\/v2\/submission"}],"about":[{"href":"https:\/\/www.leaf.ca\/fr\/wp-json\/wp\/v2\/types\/submission"}],"wp:attachment":[{"href":"https:\/\/www.leaf.ca\/fr\/wp-json\/wp\/v2\/media?parent=25253"}],"wp:term":[{"taxonomy":"category","embeddable":true,"href":"https:\/\/www.leaf.ca\/fr\/wp-json\/wp\/v2\/categories?post=25253"},{"taxonomy":"post_tag","embeddable":true,"href":"https:\/\/www.leaf.ca\/fr\/wp-json\/wp\/v2\/tags?post=25253"}],"curies":[{"name":"wp","href":"https:\/\/api.w.org\/{rel}","templated":true}]}}